{"id":13294,"date":"2017-02-15T21:50:06","date_gmt":"2017-02-15T20:50:06","guid":{"rendered":"http:\/\/www.hermann.rwth-aachen.de\/studentenwohnheim\/?page_id=13294"},"modified":"2023-11-03T18:40:54","modified_gmt":"2023-11-03T17:40:54","slug":"faq","status":"publish","type":"page","link":"https:\/\/www.hermann.rwth-aachen.de\/studentenwohnheim\/faq\/","title":{"rendered":"FAQ"},"content":{"rendered":"<p><div class=\"fusion-fullwidth fullwidth-box fusion-builder-row-1 nonhundred-percent-fullwidth non-hundred-percent-height-scrolling\" style=\"background-color: #ffffff;background-position: left top;background-repeat: no-repeat;padding-top:20px;padding-right:0px;padding-bottom:20px;padding-left:0px;margin-bottom: 0px;margin-top: 0px;border-width: 0px 0px 0px 0px;border-color:#25292b;border-style:solid;\" ><div class=\"fusion-builder-row fusion-row\"><div class=\"fusion-layout-column fusion_builder_column fusion-builder-column-0 fusion_builder_column_1_3 1_3 fusion-one-third fusion-column-first\" style=\"width:30.6666%; margin-right: 4%;margin-top:0px;margin-bottom:20px;\"><div class=\"fusion-column-wrapper fusion-flex-column-wrapper-legacy\" style=\"background-position:left top;background-repeat:no-repeat;-webkit-background-size:cover;-moz-background-size:cover;-o-background-size:cover;background-size:cover;padding: 0px 0px 0px 0px;\"><style type=\"text\/css\"><\/style><div class=\"fusion-title title fusion-title-1 sep-underline sep-solid fusion-title-text fusion-title-size-one\" style=\"border-bottom-color:#3e3e3e;margin-top:0px;margin-right:0px;margin-bottom:30px;margin-left:0px;\"><h1 class=\"title-heading-left fusion-responsive-typography-calculated\" style=\"margin:0;--fontSize:36;line-height:1.28;\">Noch Fragen?<\/h1><\/div><div class=\"fusion-clearfix\"><\/div><\/div><\/div><div class=\"fusion-layout-column fusion_builder_column fusion-builder-column-1 fusion_builder_column_2_3 2_3 fusion-two-third fusion-column-last\" style=\"width:65.3333%;margin-top:0px;margin-bottom:20px;\"><div class=\"fusion-column-wrapper fusion-flex-column-wrapper-legacy\" style=\"background-position:left top;background-repeat:no-repeat;-webkit-background-size:cover;-moz-background-size:cover;-o-background-size:cover;background-size:cover;padding: 0px 0px 0px 0px;\"><div class=\"fusion-text fusion-text-1\"><p>Hier beantworten wir f\u00fcr dich die am meisten gestellten Fragen. Sollte deine Frage nicht dabei sein und auch nicht auf der restlichen Website beantwortet werden, z\u00f6gere nicht auf die Sprechblase unten rechts zu klicken und unseren HermannBot zu befragen. Alternativ erreichst du uns auch per Nachricht \u00fcber <a href=\"https:\/\/www.facebook.com\/wohnheim.aachen\/?tag=faqstart\" target=\"_blank\" rel=\"noopener noreferrer\">facebook<\/a> und <a href=\"https:\/\/www.instagram.com\/h15wohnheim\/?tag=faqstart\" target=\"_blank\" rel=\"noopener noreferrer\">Instagram<\/a>.<\/p>\n<p>Sobald du alle Fragen gekl\u00e4rt hast, dich <a href=\"https:\/\/www.hermann.rwth-aachen.de\/studentenwohnheim\/wohnen\/\">\u00fcber unser Wohnheim<\/a> und <a href=\"https:\/\/www.hermann.rwth-aachen.de\/studentenwohnheim\/leben\/\">unseren Wohnheimalltag <\/a>informiert hast, starte mit deiner <a href=\"https:\/\/www.hermann.rwth-aachen.de\/studentenwohnheim\/bewerbung\/\">Bewerbung<\/a>.<\/p>\n<\/div><div class=\"fusion-clearfix\"><\/div><\/div><\/div><\/div><\/div><div class=\"fusion-fullwidth fullwidth-box fusion-builder-row-2 nonhundred-percent-fullwidth non-hundred-percent-height-scrolling\" style=\"background-color: #ffffff;background-position: center center;background-repeat: no-repeat;padding-top:20px;padding-right:0px;padding-bottom:20px;padding-left:0px;margin-bottom: 0px;margin-top: 0px;border-width: 0px 0px 0px 0px;border-color:#25292b;border-style:solid;\" ><div class=\"fusion-builder-row fusion-row\"><div class=\"fusion-layout-column fusion_builder_column fusion-builder-column-2 fusion_builder_column_1_1 1_1 fusion-one-full fusion-column-first fusion-column-last\" style=\"margin-top:0px;margin-bottom:20px;\"><div class=\"fusion-column-wrapper fusion-flex-column-wrapper-legacy\" style=\"background-position:left top;background-repeat:no-repeat;-webkit-background-size:cover;-moz-background-size:cover;-o-background-size:cover;background-size:cover;background-color:#ffffff;padding: 0px 0px 0px 0px;\"><style type=\"text\/css\">.fusion-accordian #accordian-1 .panel-title a .fa-fusion-box:before{ font-size: 13px;}.fusion-accordian #accordian-1 .panel-title a .fa-fusion-box{ color: #ffffff;}.fusion-accordian #accordian-1 .panel-title a{font-size:15px;}.fusion-accordian #accordian-1 .fa-fusion-box { background-color: #333333;border-color: #333333;}.fusion-accordian #accordian-1 .panel-title a:hover,.fusion-accordian #accordian-1 .panel-title a.hover { color: #e55437;}.fusion-faq-shortcode .fusion-accordian #accordian-1 .fusion-toggle-boxed-mode:hover .panel-title a { color: #e55437;}.fusion-accordian #accordian-1 .panel-title .active .fa-fusion-box,.fusion-accordian #accordian-1 .panel-title a:hover .fa-fusion-box,.fusion-accordian #accordian-1 .panel-title a.hover .fa-fusion-box { background-color: #e55437!important;border-color: #e55437!important;}<\/style><div class=\"fusion-faq-shortcode\"><ul class=\"fusion-filters clearfix\"><li class=\"fusion-filter fusion-filter-all fusion-active\"><a data-filter=\"*\" href=\"#\">Alle<\/a><\/li><li class=\"fusion-filter fusion-hidden\"><a data-filter=\".allgemeines\" href=\"#\">Allgemeines<\/a><\/li><li class=\"fusion-filter fusion-hidden\"><a data-filter=\".bewerbung\" href=\"#\">Bewerbung<\/a><\/li><li class=\"fusion-filter fusion-hidden\"><a data-filter=\".verwaltung\" href=\"#\">Verwaltung<\/a><\/li><li class=\"fusion-filter fusion-hidden\"><a data-filter=\".zimmer\" href=\"#\">Zimmer<\/a><\/li><\/ul><div class=\"fusion-faqs-wrapper\"><div class=\"accordian fusion-accordian\"><div class=\"panel-group \" id=\"accordian-1\"><div class=\"fusion-panel panel-default fusion-faq-post fusion-faq-post-13667 allgemeines bewerbung verwaltung zimmer \"><span class=\"entry-title rich-snippet-hidden\">Was ist der HermannBot?<\/span><span class=\"vcard rich-snippet-hidden\"><span class=\"fn\"><a href=\"https:\/\/www.hermann.rwth-aachen.de\/studentenwohnheim\/author\/felix-3\/\" title=\"Beitr\u00e4ge von Felix Kuhn\" rel=\"author\">Felix Kuhn<\/a><\/span><\/span><span class=\"updated rich-snippet-hidden\">2020-06-11T10:13:01+02:00<\/span><div class=\"panel-heading\"><h4 class=\"panel-title toggle\"><a data-toggle=\"collapse\" class=\"collapsed\" data-parent=\"#accordian-1\" data-target=\"#collapse-1-13667\" href=\"#collapse-1-13667\"><div class=\"fusion-toggle-icon-wrapper\"><div class=\"fusion-toggle-icon-wrapper-main\"><div class=\"fusion-toggle-icon-wrapper-sub\"><i class=\"fa-fusion-box\" aria-hidden=\"true\"><\/i><\/div><\/div><\/div><div class=\"fusion-toggle-heading\">Was ist der HermannBot?<\/div><\/a><\/h4><\/div><div id=\"collapse-1-13667\" class=\"panel-collapse collapse\"><div class=\"panel-body toggle-content post-content\"><div class=\"fusion-fullwidth fullwidth-box fusion-builder-row-2-1 nonhundred-percent-fullwidth non-hundred-percent-height-scrolling\" style=\"background-color: #ffffff;background-position: center center;background-repeat: no-repeat;padding-top:0px;padding-right:0px;padding-bottom:0px;padding-left:0px;margin-bottom: 0px;margin-top: 0px;border-width: 0px 0px 0px 0px;border-color:#25292b;border-style:solid;\" ><div class=\"fusion-builder-row fusion-row\"><div class=\"fusion-layout-column fusion_builder_column fusion-builder-column-3 fusion_builder_column_1_1 1_1 fusion-one-full fusion-column-first fusion-column-last\" style=\"margin-top:0px;margin-bottom:20px;\"><div class=\"fusion-column-wrapper fusion-flex-column-wrapper-legacy\" style=\"background-position:left top;background-repeat:no-repeat;-webkit-background-size:cover;-moz-background-size:cover;-o-background-size:cover;background-size:cover;background-color:#ffffff;padding: 0px 0px 0px 0px;\"><div class=\"fusion-text fusion-text-2\"><p>Unser HermannBot hilft dir bei allen Fragen rund ums Wohnheim &#8211; probiere es doch gleich mal aus. Einfach auf die Sprechblase unten rechts klicken! Der HermannBot ist ein Chatbot der mit jeder Frage von dir lernt. Sollte er eine relevante Frage mal nicht beantworten k\u00f6nnen, so hat er sp\u00e4testens nach 48 Stunden eine Antwort f\u00fcr dich.<\/p>\n<\/div><div class=\"fusion-clearfix\"><\/div><\/div><\/div><\/div><\/div>\n<\/div><\/div><\/div><div class=\"fusion-panel panel-default fusion-faq-post fusion-faq-post-12970 allgemeines verwaltung \"><span class=\"entry-title rich-snippet-hidden\">Was ist das HermannWiki und der HermannShop?<\/span><span class=\"vcard rich-snippet-hidden\"><span class=\"fn\"><a href=\"https:\/\/www.hermann.rwth-aachen.de\/studentenwohnheim\/author\/felix-3\/\" title=\"Beitr\u00e4ge von Felix Kuhn\" rel=\"author\">Felix Kuhn<\/a><\/span><\/span><span class=\"updated rich-snippet-hidden\">2016-08-25T13:28:05+02:00<\/span><div class=\"panel-heading\"><h4 class=\"panel-title toggle\"><a data-toggle=\"collapse\" class=\"collapsed\" data-parent=\"#accordian-1\" data-target=\"#collapse-1-12970\" href=\"#collapse-1-12970\"><div class=\"fusion-toggle-icon-wrapper\"><div class=\"fusion-toggle-icon-wrapper-main\"><div class=\"fusion-toggle-icon-wrapper-sub\"><i class=\"fa-fusion-box\" aria-hidden=\"true\"><\/i><\/div><\/div><\/div><div class=\"fusion-toggle-heading\">Was ist das HermannWiki und der HermannShop?<\/div><\/a><\/h4><\/div><div id=\"collapse-1-12970\" class=\"panel-collapse collapse\"><div class=\"panel-body toggle-content post-content\"><p>Das <a href=\"https:\/\/www.hermann.rwth-aachen.de\/studentenwohnheim\/intern\/?tag=faq\" target=\"_blank\">HermannWiki<\/a> unterst\u00fctzt dich beim Einzug. Dort findest du alle Ansprechpartner, Regeln und Tipps f\u00fcr deinen Start bei uns in der Hermannstra\u00dfe. Frage deinen Etagensprecher nach dem Passwort.<\/p>\n<p>\u00dcber unseren <a href=\"https:\/\/erweiterungen.gooding.de\/app\/shop\/studentenwerk-der-katholischen-hochschulgemeinde-aachen-e-v-50507\/category\/beliebteste-shops\/v\/faq\" target=\"_blank\">HermannShop<\/a> kann JEDER bei allen Onlineshops ganz normal und bequem einkaufen. Wenn du den Shop \u00fcber unseren <a href=\"https:\/\/erweiterungen.gooding.de\/app\/shop\/studentenwerk-der-katholischen-hochschulgemeinde-aachen-e-v-50507\/category\/beliebteste-shops\/v\/faq\" target=\"_blank\">HermannShop<\/a> aufrufst, anschlie\u00dfend Artikel in den Warenkorb legst und kaufst, erhalten wir eine Provision, von der wir wichtige Anschaffungen t\u00e4tigen und unser Soziales Projekt unterst\u00fctzen.<\/p>\n<\/div><\/div><\/div><div class=\"fusion-panel panel-default fusion-faq-post fusion-faq-post-12547 allgemeines \"><span class=\"entry-title rich-snippet-hidden\">Mit welchen Verkehrsmittel kann ich anreisen?<\/span><span class=\"vcard rich-snippet-hidden\"><span class=\"fn\"><a href=\"https:\/\/www.hermann.rwth-aachen.de\/studentenwohnheim\/author\/felix-3\/\" title=\"Beitr\u00e4ge von Felix Kuhn\" rel=\"author\">Felix Kuhn<\/a><\/span><\/span><span class=\"updated rich-snippet-hidden\">2023-12-20T13:43:27+01:00<\/span><div class=\"panel-heading\"><h4 class=\"panel-title toggle\"><a data-toggle=\"collapse\" class=\"collapsed\" data-parent=\"#accordian-1\" data-target=\"#collapse-1-12547\" href=\"#collapse-1-12547\"><div class=\"fusion-toggle-icon-wrapper\"><div class=\"fusion-toggle-icon-wrapper-main\"><div class=\"fusion-toggle-icon-wrapper-sub\"><i class=\"fa-fusion-box\" aria-hidden=\"true\"><\/i><\/div><\/div><\/div><div class=\"fusion-toggle-heading\">Mit welchen Verkehrsmittel kann ich anreisen?<\/div><\/a><\/h4><\/div><div id=\"collapse-1-12547\" class=\"panel-collapse collapse\"><div class=\"panel-body toggle-content post-content\"><div class=\"fusion-fullwidth fullwidth-box fusion-builder-row-2-2 fusion-flex-container nonhundred-percent-fullwidth non-hundred-percent-height-scrolling\" style=\"background-color: #25292b;background-position: center center;background-repeat: no-repeat;border-width: 0px 0px 0px 0px;border-color:#25292b;border-style:solid;\" ><div class=\"fusion-builder-row fusion-row fusion-flex-align-items-flex-start\" style=\"width:104% !important;max-width:104% !important;margin-left: calc(-4% \/ 2 );margin-right: calc(-4% \/ 2 );\"><div class=\"fusion-layout-column fusion_builder_column fusion-builder-column-4 fusion_builder_column_1_1 1_1 fusion-flex-column\"><div class=\"fusion-column-wrapper fusion-flex-justify-content-flex-start fusion-content-layout-column\" style=\"background-position:left top;background-repeat:no-repeat;-webkit-background-size:cover;-moz-background-size:cover;-o-background-size:cover;background-size:cover;background-color:#ffffff;padding: 0px 0px 0px 0px;\"><div class=\"fusion-text fusion-text-3\" style=\"color:#333333;\"><p style=\"color: #000000;\">Die Anreise zu unserem Studentenwohnheim ist mit vielen Verkehrsmitteln m\u00f6glich.<\/p>\n<p><span style=\"color: #000000;\">Auto:<\/span><br \/>\n<span style=\"color: #000000;\"><br \/>\nDie Parkpl\u00e4tze in der N\u00e4he des Wohnheims sind sehr begehrt. Kurzfristiges Parken ist nur mit einem kostenpflichtigen Parkschein m\u00f6glich. Die Adresse f\u00fcr dein Navigationsger\u00e4t lautet: Hermannstra\u00dfe 15, 52062 Aachen<\/span><\/p>\n<p><span style=\"color: #000000;\">Bahn:<\/span><br \/>\n<span style=\"color: #000000;\"><br \/>\nDie n\u00e4chsten Bahnh\u00f6fe sind der <\/span><strong style=\"color: #000000;\">Westbahnhof Aachen<\/strong><span style=\"color: #000000;\"> (15 Minuten Fu\u00dfweg) sowie der <\/span><strong style=\"color: #000000;\">Hauptbahnhof Aachen<\/strong><span style=\"color: #000000;\"> (10 Minuten Busfahrt).<\/span><\/p>\n<p><span style=\"color: #000000;\">Bus:<\/span><br \/>\n<span style=\"color: #000000;\"><br \/>\nDie n\u00e4chsten Bushaltestellen sind <\/span><strong style=\"color: #000000;\">Ehrenmal (Lousberg)<\/strong><span style=\"color: #000000;\"> und <\/span><strong style=\"color: #000000;\">Driescher G\u00e4sschen<\/strong><span style=\"color: #000000;\">, die beide in 3 Gehminuten vom Wohnheim zu erreichen sind.<\/span><\/p>\n<p><span style=\"color: #000000;\">Flugzeug:<\/span><br \/>\n<span style=\"color: #000000;\"><br \/>\nAu\u00dferdem ist die Anreise <\/span><a style=\"color: #000000;\" title=\"Anreiseinformationen Aachen\" href=\"http:\/\/www.rwth-aachen.de\/go\/id\/bppk\" target=\"_blank\" rel=\"noopener\">von umliegenden Flugh\u00e4fen<\/a><span style=\"color: #000000;\"> m\u00f6glich.<\/span><\/p>\n<\/div><\/div><style type=\"text\/css\">.fusion-body .fusion-builder-column-4{width:100% !important;margin-top : 0px;margin-bottom : 0px;}.fusion-builder-column-4 > .fusion-column-wrapper {padding-top : 0px !important;padding-right : 0px !important;margin-right : 1.92%;padding-bottom : 0px !important;padding-left : 0px !important;margin-left : 1.92%;}@media only screen and (max-width:1024px) {.fusion-body .fusion-builder-column-4{width:100% !important;order : 0;}.fusion-builder-column-4 > .fusion-column-wrapper {margin-right : 1.92%;margin-left : 1.92%;}}@media only screen and (max-width:640px) {.fusion-body .fusion-builder-column-4{width:100% !important;order : 0;}.fusion-builder-column-4 > .fusion-column-wrapper {margin-right : 1.92%;margin-left : 1.92%;}}<\/style><\/div><\/div><style type=\"text\/css\">.fusion-body .fusion-flex-container.fusion-builder-row-2-2{ padding-top : 0px;margin-top : 0px;padding-right : 0px;padding-bottom : 0px;margin-bottom : 0px;padding-left : 0px;}<\/style><\/div>\n<\/div><\/div><\/div><div class=\"fusion-panel panel-default fusion-faq-post fusion-faq-post-12580 zimmer \"><span class=\"entry-title rich-snippet-hidden\">Haben die Zimmer einen Telefonanschluss?<\/span><span class=\"vcard rich-snippet-hidden\"><span class=\"fn\"><a href=\"https:\/\/www.hermann.rwth-aachen.de\/studentenwohnheim\/author\/felix-3\/\" title=\"Beitr\u00e4ge von Felix Kuhn\" rel=\"author\">Felix Kuhn<\/a><\/span><\/span><span class=\"updated rich-snippet-hidden\">2016-04-27T15:49:28+02:00<\/span><div class=\"panel-heading\"><h4 class=\"panel-title toggle\"><a data-toggle=\"collapse\" class=\"collapsed\" data-parent=\"#accordian-1\" data-target=\"#collapse-1-12580\" href=\"#collapse-1-12580\"><div class=\"fusion-toggle-icon-wrapper\"><div class=\"fusion-toggle-icon-wrapper-main\"><div class=\"fusion-toggle-icon-wrapper-sub\"><i class=\"fa-fusion-box\" aria-hidden=\"true\"><\/i><\/div><\/div><\/div><div class=\"fusion-toggle-heading\">Haben die Zimmer einen Telefonanschluss?<\/div><\/a><\/h4><\/div><div id=\"collapse-1-12580\" class=\"panel-collapse collapse\"><div class=\"panel-body toggle-content post-content\"><p>Es gibt derzeit keine Zimmer, in denen es einen Festnetzanschluss gibt.<\/p>\n<\/div><\/div><\/div><div class=\"fusion-panel panel-default fusion-faq-post fusion-faq-post-12380 allgemeines \"><span class=\"entry-title rich-snippet-hidden\">Darf mein Besuch bei mir \u00fcbernachten?<\/span><span class=\"vcard rich-snippet-hidden\"><span class=\"fn\"><a href=\"https:\/\/www.hermann.rwth-aachen.de\/studentenwohnheim\/author\/felix-3\/\" title=\"Beitr\u00e4ge von Felix Kuhn\" rel=\"author\">Felix Kuhn<\/a><\/span><\/span><span class=\"updated rich-snippet-hidden\">2016-04-14T18:12:04+02:00<\/span><div class=\"panel-heading\"><h4 class=\"panel-title toggle\"><a data-toggle=\"collapse\" class=\"collapsed\" data-parent=\"#accordian-1\" data-target=\"#collapse-1-12380\" href=\"#collapse-1-12380\"><div class=\"fusion-toggle-icon-wrapper\"><div class=\"fusion-toggle-icon-wrapper-main\"><div class=\"fusion-toggle-icon-wrapper-sub\"><i class=\"fa-fusion-box\" aria-hidden=\"true\"><\/i><\/div><\/div><\/div><div class=\"fusion-toggle-heading\">Darf mein Besuch bei mir \u00fcbernachten?<\/div><\/a><\/h4><\/div><div id=\"collapse-1-12380\" class=\"panel-collapse collapse\"><div class=\"panel-body toggle-content post-content\"><p>Ja! Solange es keine Einw\u00e4nde seitens deiner Mitbewohner gibt, ist dies kein Problem.<\/p>\n<\/div><\/div><\/div><div class=\"fusion-panel panel-default fusion-faq-post fusion-faq-post-12378 allgemeines \"><span class=\"entry-title rich-snippet-hidden\">D\u00fcrfen nur RWTH-Studenten bei euch wohnen?<\/span><span class=\"vcard rich-snippet-hidden\"><span class=\"fn\"><a href=\"https:\/\/www.hermann.rwth-aachen.de\/studentenwohnheim\/author\/felix-3\/\" title=\"Beitr\u00e4ge von Felix Kuhn\" rel=\"author\">Felix Kuhn<\/a><\/span><\/span><span class=\"updated rich-snippet-hidden\">2016-04-14T16:39:33+02:00<\/span><div class=\"panel-heading\"><h4 class=\"panel-title toggle\"><a data-toggle=\"collapse\" class=\"collapsed\" data-parent=\"#accordian-1\" data-target=\"#collapse-1-12378\" href=\"#collapse-1-12378\"><div class=\"fusion-toggle-icon-wrapper\"><div class=\"fusion-toggle-icon-wrapper-main\"><div class=\"fusion-toggle-icon-wrapper-sub\"><i class=\"fa-fusion-box\" aria-hidden=\"true\"><\/i><\/div><\/div><\/div><div class=\"fusion-toggle-heading\">D\u00fcrfen nur RWTH-Studenten bei euch wohnen?<\/div><\/a><\/h4><\/div><div id=\"collapse-1-12378\" class=\"panel-collapse collapse\"><div class=\"panel-body toggle-content post-content\"><p>Nein, bei uns d\u00fcrfen Studierende von allen Aachener Hochschulen wohnen.<\/p>\n<\/div><\/div><\/div><div class=\"fusion-panel panel-default fusion-faq-post fusion-faq-post-13540 allgemeines zimmer \"><span class=\"entry-title rich-snippet-hidden\">Darf ich in meinem Zimmer rauchen?<\/span><span class=\"vcard rich-snippet-hidden\"><span class=\"fn\"><a href=\"https:\/\/www.hermann.rwth-aachen.de\/studentenwohnheim\/author\/felix-3\/\" title=\"Beitr\u00e4ge von Felix Kuhn\" rel=\"author\">Felix Kuhn<\/a><\/span><\/span><span class=\"updated rich-snippet-hidden\">2020-04-17T15:24:28+02:00<\/span><div class=\"panel-heading\"><h4 class=\"panel-title toggle\"><a data-toggle=\"collapse\" class=\"collapsed\" data-parent=\"#accordian-1\" data-target=\"#collapse-1-13540\" href=\"#collapse-1-13540\"><div class=\"fusion-toggle-icon-wrapper\"><div class=\"fusion-toggle-icon-wrapper-main\"><div class=\"fusion-toggle-icon-wrapper-sub\"><i class=\"fa-fusion-box\" aria-hidden=\"true\"><\/i><\/div><\/div><\/div><div class=\"fusion-toggle-heading\">Darf ich in meinem Zimmer rauchen?<\/div><\/a><\/h4><\/div><div id=\"collapse-1-13540\" class=\"panel-collapse collapse\"><div class=\"panel-body toggle-content post-content\"><div class=\"fusion-fullwidth fullwidth-box fusion-builder-row-2-3 nonhundred-percent-fullwidth non-hundred-percent-height-scrolling\" style=\"background-color: #ffffff;background-position: center center;background-repeat: no-repeat;padding-top:0px;padding-right:0px;padding-bottom:0px;padding-left:0px;margin-bottom: 0px;margin-top: 0px;border-width: 0px 0px 0px 0px;border-color:#25292b;border-style:solid;\" ><div class=\"fusion-builder-row fusion-row\"><div class=\"fusion-layout-column fusion_builder_column fusion-builder-column-5 fusion_builder_column_1_1 1_1 fusion-one-full fusion-column-first fusion-column-last\" style=\"margin-top:0px;margin-bottom:0px;\"><div class=\"fusion-column-wrapper fusion-flex-column-wrapper-legacy\" style=\"background-position:left top;background-repeat:no-repeat;-webkit-background-size:cover;-moz-background-size:cover;-o-background-size:cover;background-size:cover;background-color:#ffffff;padding: 0px 0px 0px 0px;\"><div class=\"fusion-text fusion-text-4\"><p>Nein, rauchen ist in den Zimmern strengstens untersagt. Das schlie\u00dft auch das Rauchen &#8222;bei offenem Fenster&#8220; ein!<\/p>\n<\/div><div class=\"fusion-clearfix\"><\/div><\/div><\/div><\/div><\/div>\n<\/div><\/div><\/div><div class=\"fusion-panel panel-default fusion-faq-post fusion-faq-post-12376 allgemeines \"><span class=\"entry-title rich-snippet-hidden\">Gibt es bei euch Sperrzeiten?<\/span><span class=\"vcard rich-snippet-hidden\"><span class=\"fn\"><a href=\"https:\/\/www.hermann.rwth-aachen.de\/studentenwohnheim\/author\/felix-3\/\" title=\"Beitr\u00e4ge von Felix Kuhn\" rel=\"author\">Felix Kuhn<\/a><\/span><\/span><span class=\"updated rich-snippet-hidden\">2016-04-12T18:06:02+02:00<\/span><div class=\"panel-heading\"><h4 class=\"panel-title toggle\"><a data-toggle=\"collapse\" class=\"collapsed\" data-parent=\"#accordian-1\" data-target=\"#collapse-1-12376\" href=\"#collapse-1-12376\"><div class=\"fusion-toggle-icon-wrapper\"><div class=\"fusion-toggle-icon-wrapper-main\"><div class=\"fusion-toggle-icon-wrapper-sub\"><i class=\"fa-fusion-box\" aria-hidden=\"true\"><\/i><\/div><\/div><\/div><div class=\"fusion-toggle-heading\">Gibt es bei euch Sperrzeiten?<\/div><\/a><\/h4><\/div><div id=\"collapse-1-12376\" class=\"panel-collapse collapse\"><div class=\"panel-body toggle-content post-content\"><p>Nein, so etwas gibt es bei uns nicht.<\/p>\n<\/div><\/div><\/div><div class=\"fusion-panel panel-default fusion-faq-post fusion-faq-post-12374 zimmer \"><span class=\"entry-title rich-snippet-hidden\">Sind die Appartements mit einer K\u00fcche ausgestattet?<\/span><span class=\"vcard rich-snippet-hidden\"><span class=\"fn\"><a href=\"https:\/\/www.hermann.rwth-aachen.de\/studentenwohnheim\/author\/felix-3\/\" title=\"Beitr\u00e4ge von Felix Kuhn\" rel=\"author\">Felix Kuhn<\/a><\/span><\/span><span class=\"updated rich-snippet-hidden\">2016-04-25T17:03:12+02:00<\/span><div class=\"panel-heading\"><h4 class=\"panel-title toggle\"><a data-toggle=\"collapse\" class=\"collapsed\" data-parent=\"#accordian-1\" data-target=\"#collapse-1-12374\" href=\"#collapse-1-12374\"><div class=\"fusion-toggle-icon-wrapper\"><div class=\"fusion-toggle-icon-wrapper-main\"><div class=\"fusion-toggle-icon-wrapper-sub\"><i class=\"fa-fusion-box\" aria-hidden=\"true\"><\/i><\/div><\/div><\/div><div class=\"fusion-toggle-heading\">Sind die Appartements mit einer K\u00fcche ausgestattet?<\/div><\/a><\/h4><\/div><div id=\"collapse-1-12374\" class=\"panel-collapse collapse\"><div class=\"panel-body toggle-content post-content\"><p>Im Hinterlieger haben die Appartements eine gro\u00dfe und moderne Gemeinschaftsk\u00fcche. Die beiden Appartements im Neubau haben jeweils beide eine eigene K\u00fcche.<\/p>\n<\/div><\/div><\/div><div class=\"fusion-panel panel-default fusion-faq-post fusion-faq-post-12250 zimmer \"><span class=\"entry-title rich-snippet-hidden\">Sind Haustiere erlaubt?<\/span><span class=\"vcard rich-snippet-hidden\"><span class=\"fn\"><a href=\"https:\/\/www.hermann.rwth-aachen.de\/studentenwohnheim\/author\/felix-3\/\" title=\"Beitr\u00e4ge von Felix Kuhn\" rel=\"author\">Felix Kuhn<\/a><\/span><\/span><span class=\"updated rich-snippet-hidden\">2016-04-10T14:39:40+02:00<\/span><div class=\"panel-heading\"><h4 class=\"panel-title toggle\"><a data-toggle=\"collapse\" class=\"collapsed\" data-parent=\"#accordian-1\" data-target=\"#collapse-1-12250\" href=\"#collapse-1-12250\"><div class=\"fusion-toggle-icon-wrapper\"><div class=\"fusion-toggle-icon-wrapper-main\"><div class=\"fusion-toggle-icon-wrapper-sub\"><i class=\"fa-fusion-box\" aria-hidden=\"true\"><\/i><\/div><\/div><\/div><div class=\"fusion-toggle-heading\">Sind Haustiere erlaubt?<\/div><\/a><\/h4><\/div><div id=\"collapse-1-12250\" class=\"panel-collapse collapse\"><div class=\"panel-body toggle-content post-content\"><p>Nein, Haustiere sind nicht erlaubt!<\/p>\n<\/div><\/div><\/div><div class=\"fusion-panel panel-default fusion-faq-post fusion-faq-post-12244 allgemeines bewerbung \"><span class=\"entry-title rich-snippet-hidden\">Was ist der Bewerberabend?<\/span><span class=\"vcard rich-snippet-hidden\"><span class=\"fn\"><a href=\"https:\/\/www.hermann.rwth-aachen.de\/studentenwohnheim\/author\/felix-3\/\" title=\"Beitr\u00e4ge von Felix Kuhn\" rel=\"author\">Felix Kuhn<\/a><\/span><\/span><span class=\"updated rich-snippet-hidden\">2016-05-04T15:45:31+02:00<\/span><div class=\"panel-heading\"><h4 class=\"panel-title toggle\"><a data-toggle=\"collapse\" class=\"collapsed\" data-parent=\"#accordian-1\" data-target=\"#collapse-1-12244\" href=\"#collapse-1-12244\"><div class=\"fusion-toggle-icon-wrapper\"><div class=\"fusion-toggle-icon-wrapper-main\"><div class=\"fusion-toggle-icon-wrapper-sub\"><i class=\"fa-fusion-box\" aria-hidden=\"true\"><\/i><\/div><\/div><\/div><div class=\"fusion-toggle-heading\">Was ist der Bewerberabend?<\/div><\/a><\/h4><\/div><div id=\"collapse-1-12244\" class=\"panel-collapse collapse\"><div class=\"panel-body toggle-content post-content\"><p>Eine Etage veranstaltet einen Bewerberabend, wenn auf der jeweiligen Etage ein Zimmer frei geworden ist. Gemeinsam mit wenigen anderen Bewerbern m\u00f6chte dich die Etage bei einer Kleinigkeit zu essen und zu trinken kennenlernen.<br \/>\nDie Einladung erh\u00e4ltst du per Mail oder am Telefon vom jeweiligen Etagensprecher.<\/p>\n<\/div><\/div><\/div><div class=\"fusion-panel panel-default fusion-faq-post fusion-faq-post-12240 allgemeines \"><span class=\"entry-title rich-snippet-hidden\">Kann ich mein Auto an eurem Studentenwohnheim parken?<\/span><span class=\"vcard rich-snippet-hidden\"><span class=\"fn\"><a href=\"https:\/\/www.hermann.rwth-aachen.de\/studentenwohnheim\/author\/felix-3\/\" title=\"Beitr\u00e4ge von Felix Kuhn\" rel=\"author\">Felix Kuhn<\/a><\/span><\/span><span class=\"updated rich-snippet-hidden\">2023-11-03T18:09:08+01:00<\/span><div class=\"panel-heading\"><h4 class=\"panel-title toggle\"><a data-toggle=\"collapse\" class=\"collapsed\" data-parent=\"#accordian-1\" data-target=\"#collapse-1-12240\" href=\"#collapse-1-12240\"><div class=\"fusion-toggle-icon-wrapper\"><div class=\"fusion-toggle-icon-wrapper-main\"><div class=\"fusion-toggle-icon-wrapper-sub\"><i class=\"fa-fusion-box\" aria-hidden=\"true\"><\/i><\/div><\/div><\/div><div class=\"fusion-toggle-heading\">Kann ich mein Auto an eurem Studentenwohnheim parken?<\/div><\/a><\/h4><\/div><div id=\"collapse-1-12240\" class=\"panel-collapse collapse\"><div class=\"panel-body toggle-content post-content\"><div class=\"fusion-fullwidth fullwidth-box fusion-builder-row-2-4 nonhundred-percent-fullwidth non-hundred-percent-height-scrolling\" style=\"background-color: #ffffff;background-position: center center;background-repeat: no-repeat;padding-top:0px;padding-right:0px;padding-bottom:0px;padding-left:0px;margin-bottom: 0px;margin-top: 0px;border-width: 0px 0px 0px 0px;border-color:#25292b;border-style:solid;\" ><div class=\"fusion-builder-row fusion-row\"><div class=\"fusion-layout-column fusion_builder_column fusion-builder-column-6 fusion_builder_column_1_1 1_1 fusion-one-full fusion-column-first fusion-column-last\" style=\"margin-top:0px;margin-bottom:0px;\"><div class=\"fusion-column-wrapper fusion-flex-column-wrapper-legacy\" style=\"background-position:left top;background-repeat:no-repeat;-webkit-background-size:cover;-moz-background-size:cover;-o-background-size:cover;background-size:cover;padding: 0px 0px 0px 0px;\"><div class=\"fusion-text fusion-text-5\"><p>Die Parkpl\u00e4tze in Aachen sind sehr begehrt. F\u00fcr dauerhaftes Parken ben\u00f6tigst du einen Anwohnerparkausweis. Direkt vor dem Wohnheim gibt es jedoch kurzzeitige, kostenpflichtige Parkpl\u00e4tze. Auch in allen umliegenden Stra\u00dfen ist ein kostenpflichtiges Parkticket n\u00f6tig &#8211; nicht vergessen!<\/p>\n<\/div><div class=\"fusion-clearfix\"><\/div><\/div><\/div><\/div><\/div>\n<\/div><\/div><\/div><div class=\"fusion-panel panel-default fusion-faq-post fusion-faq-post-12238 zimmer \"><span class=\"entry-title rich-snippet-hidden\">Sind meine pers\u00f6nlichen Sachen im Studentenwohnheim versichert?<\/span><span class=\"vcard rich-snippet-hidden\"><span class=\"fn\"><a href=\"https:\/\/www.hermann.rwth-aachen.de\/studentenwohnheim\/author\/felix-3\/\" title=\"Beitr\u00e4ge von Felix Kuhn\" rel=\"author\">Felix Kuhn<\/a><\/span><\/span><span class=\"updated rich-snippet-hidden\">2016-04-10T13:30:01+02:00<\/span><div class=\"panel-heading\"><h4 class=\"panel-title toggle\"><a data-toggle=\"collapse\" class=\"collapsed\" data-parent=\"#accordian-1\" data-target=\"#collapse-1-12238\" href=\"#collapse-1-12238\"><div class=\"fusion-toggle-icon-wrapper\"><div class=\"fusion-toggle-icon-wrapper-main\"><div class=\"fusion-toggle-icon-wrapper-sub\"><i class=\"fa-fusion-box\" aria-hidden=\"true\"><\/i><\/div><\/div><\/div><div class=\"fusion-toggle-heading\">Sind meine pers\u00f6nlichen Sachen im Studentenwohnheim versichert?<\/div><\/a><\/h4><\/div><div id=\"collapse-1-12238\" class=\"panel-collapse collapse\"><div class=\"panel-body toggle-content post-content\"><p>F\u00fcr deine pers\u00f6nlichen Sachen im Zimmer schlie\u00dfe bitte eine eigene Versicherung ab.<\/p>\n<\/div><\/div><\/div><div class=\"fusion-panel panel-default fusion-faq-post fusion-faq-post-12236 allgemeines \"><span class=\"entry-title rich-snippet-hidden\">Wer reinigt die Gemeinschaftsr\u00e4ume?<\/span><span class=\"vcard rich-snippet-hidden\"><span class=\"fn\"><a href=\"https:\/\/www.hermann.rwth-aachen.de\/studentenwohnheim\/author\/felix-3\/\" title=\"Beitr\u00e4ge von Felix Kuhn\" rel=\"author\">Felix Kuhn<\/a><\/span><\/span><span class=\"updated rich-snippet-hidden\">2017-02-13T23:24:40+01:00<\/span><div class=\"panel-heading\"><h4 class=\"panel-title toggle\"><a data-toggle=\"collapse\" class=\"collapsed\" data-parent=\"#accordian-1\" data-target=\"#collapse-1-12236\" href=\"#collapse-1-12236\"><div class=\"fusion-toggle-icon-wrapper\"><div class=\"fusion-toggle-icon-wrapper-main\"><div class=\"fusion-toggle-icon-wrapper-sub\"><i class=\"fa-fusion-box\" aria-hidden=\"true\"><\/i><\/div><\/div><\/div><div class=\"fusion-toggle-heading\">Wer reinigt die Gemeinschaftsr\u00e4ume?<\/div><\/a><\/h4><\/div><div id=\"collapse-1-12236\" class=\"panel-collapse collapse\"><div class=\"panel-body toggle-content post-content\"><p>Die <a href=\"https:\/\/www.hermann.rwth-aachen.de\/studentenwohnheim\/wohnen\/#gemeinschaft\">Gemeinschaftsr\u00e4ume<\/a>, K\u00fcchen und alle Flure werden durch nettes Reinigungspersonal t\u00e4glich gereinigt. F\u00fcr die Sauberkeit in deinem Zimmer bist du selbst verantwortlich.<\/p>\n<\/div><\/div><\/div><div class=\"fusion-panel panel-default fusion-faq-post fusion-faq-post-12234 allgemeines \"><span class=\"entry-title rich-snippet-hidden\">Entstehen zus\u00e4tzlich zur Miete weitere Kosten?<\/span><span class=\"vcard rich-snippet-hidden\"><span class=\"fn\"><a href=\"https:\/\/www.hermann.rwth-aachen.de\/studentenwohnheim\/author\/felix-3\/\" title=\"Beitr\u00e4ge von Felix Kuhn\" rel=\"author\">Felix Kuhn<\/a><\/span><\/span><span class=\"updated rich-snippet-hidden\">2023-12-20T13:45:47+01:00<\/span><div class=\"panel-heading\"><h4 class=\"panel-title toggle\"><a data-toggle=\"collapse\" class=\"collapsed\" data-parent=\"#accordian-1\" data-target=\"#collapse-1-12234\" href=\"#collapse-1-12234\"><div class=\"fusion-toggle-icon-wrapper\"><div class=\"fusion-toggle-icon-wrapper-main\"><div class=\"fusion-toggle-icon-wrapper-sub\"><i class=\"fa-fusion-box\" aria-hidden=\"true\"><\/i><\/div><\/div><\/div><div class=\"fusion-toggle-heading\">Entstehen zus\u00e4tzlich zur Miete weitere Kosten?<\/div><\/a><\/h4><\/div><div id=\"collapse-1-12234\" class=\"panel-collapse collapse\"><div class=\"panel-body toggle-content post-content\"><div class=\"fusion-fullwidth fullwidth-box fusion-builder-row-2-5 fusion-flex-container nonhundred-percent-fullwidth non-hundred-percent-height-scrolling\" style=\"background-color: #25292b;background-position: center center;background-repeat: no-repeat;border-width: 0px 0px 0px 0px;border-color:#25292b;border-style:solid;\" ><div class=\"fusion-builder-row fusion-row fusion-flex-align-items-flex-start\" style=\"width:104% !important;max-width:104% !important;margin-left: calc(-4% \/ 2 );margin-right: calc(-4% \/ 2 );\"><div class=\"fusion-layout-column fusion_builder_column fusion-builder-column-7 fusion_builder_column_1_1 1_1 fusion-flex-column\"><div class=\"fusion-column-wrapper fusion-flex-justify-content-flex-start fusion-content-layout-column\" style=\"background-position:left top;background-repeat:no-repeat;-webkit-background-size:cover;-moz-background-size:cover;-o-background-size:cover;background-size:cover;padding: 0px 0px 0px 0px;\"><div class=\"fusion-text fusion-text-6\"><p>Bei den angegebenen Mieten handelt es sich um Warmmieten. Zus\u00e4tzlich zur Miete musst du einen etagenabh\u00e4ngigen Semesterbeitrag bezahlen.<br \/>\nNeben diesen festen Kosten gibt es eine Reihe variabler Kosten, die von deinem pers\u00f6nlichen Nutzungsverhalten abh\u00e4ngen:<\/p>\n<p>1. Wasch- und Trocknerkosten &#8211; ca. 25 Cent pro W\u00e4sche<br \/>\n2. Getr\u00e4nkekosten &#8211; Getr\u00e4nke zum Selbstkostenpreis gibt es in jedem Etagengetr\u00e4nkeschrank<br \/>\n3. Druckerkosten &#8211; eine Seite kostet ca. 1 Cent<\/p>\n<\/div><\/div><style type=\"text\/css\">.fusion-body .fusion-builder-column-7{width:100% !important;margin-top : 0px;margin-bottom : 0px;}.fusion-builder-column-7 > .fusion-column-wrapper {padding-top : 0px !important;padding-right : 0px !important;margin-right : 1.92%;padding-bottom : 0px !important;padding-left : 0px !important;margin-left : 1.92%;}@media only screen and (max-width:1024px) {.fusion-body .fusion-builder-column-7{width:100% !important;}.fusion-builder-column-7 > .fusion-column-wrapper {margin-right : 1.92%;margin-left : 1.92%;}}@media only screen and (max-width:640px) {.fusion-body .fusion-builder-column-7{width:100% !important;}.fusion-builder-column-7 > .fusion-column-wrapper {margin-right : 1.92%;margin-left : 1.92%;}}<\/style><\/div><\/div><style type=\"text\/css\">.fusion-body .fusion-flex-container.fusion-builder-row-2-5{ padding-top : 0px;margin-top : 0px;padding-right : 0px;padding-bottom : 0px;margin-bottom : 0px;padding-left : 0px;}<\/style><\/div>\n<\/div><\/div><\/div><div class=\"fusion-panel panel-default fusion-faq-post fusion-faq-post-12232 allgemeines verwaltung \"><span class=\"entry-title rich-snippet-hidden\">Kann der Mietvertrag gek\u00fcndigt werden?<\/span><span class=\"vcard rich-snippet-hidden\"><span class=\"fn\"><a href=\"https:\/\/www.hermann.rwth-aachen.de\/studentenwohnheim\/author\/felix-3\/\" title=\"Beitr\u00e4ge von Felix Kuhn\" rel=\"author\">Felix Kuhn<\/a><\/span><\/span><span class=\"updated rich-snippet-hidden\">2016-04-10T13:22:54+02:00<\/span><div class=\"panel-heading\"><h4 class=\"panel-title toggle\"><a data-toggle=\"collapse\" class=\"collapsed\" data-parent=\"#accordian-1\" data-target=\"#collapse-1-12232\" href=\"#collapse-1-12232\"><div class=\"fusion-toggle-icon-wrapper\"><div class=\"fusion-toggle-icon-wrapper-main\"><div class=\"fusion-toggle-icon-wrapper-sub\"><i class=\"fa-fusion-box\" aria-hidden=\"true\"><\/i><\/div><\/div><\/div><div class=\"fusion-toggle-heading\">Kann der Mietvertrag gek\u00fcndigt werden?<\/div><\/a><\/h4><\/div><div id=\"collapse-1-12232\" class=\"panel-collapse collapse\"><div class=\"panel-body toggle-content post-content\"><p>Du kannst mit einer K\u00fcndigungsfrist von 2 Monaten das Zimmer k\u00fcndigen. Bei Verst\u00f6\u00dfen gegen die Heimordnung oder Heimsatzung kann dir auch vom Studentenwerk der KHG gek\u00fcndigt werden.<\/p>\n<\/div><\/div><\/div><div class=\"fusion-panel panel-default fusion-faq-post fusion-faq-post-12229 bewerbung zimmer \"><span class=\"entry-title rich-snippet-hidden\">Ich m\u00f6chte mit meinem Freund\/ meiner Freundin in eurem Studentenwohnheim wohnen. Was m\u00fcssen wir tun?<\/span><span class=\"vcard rich-snippet-hidden\"><span class=\"fn\"><a href=\"https:\/\/www.hermann.rwth-aachen.de\/studentenwohnheim\/author\/felix-3\/\" title=\"Beitr\u00e4ge von Felix Kuhn\" rel=\"author\">Felix Kuhn<\/a><\/span><\/span><span class=\"updated rich-snippet-hidden\">2016-04-30T11:39:56+02:00<\/span><div class=\"panel-heading\"><h4 class=\"panel-title toggle\"><a data-toggle=\"collapse\" class=\"collapsed\" data-parent=\"#accordian-1\" data-target=\"#collapse-1-12229\" href=\"#collapse-1-12229\"><div class=\"fusion-toggle-icon-wrapper\"><div class=\"fusion-toggle-icon-wrapper-main\"><div class=\"fusion-toggle-icon-wrapper-sub\"><i class=\"fa-fusion-box\" aria-hidden=\"true\"><\/i><\/div><\/div><\/div><div class=\"fusion-toggle-heading\">Ich m\u00f6chte mit meinem Freund\/ meiner Freundin in eurem Studentenwohnheim wohnen. Was m\u00fcssen wir tun?<\/div><\/a><\/h4><\/div><div id=\"collapse-1-12229\" class=\"panel-collapse collapse\"><div class=\"panel-body toggle-content post-content\"><p>Wir haben mehrere <a href=\"https:\/\/www.hermann.rwth-aachen.de\/studentenwohnheim\/wohnen\/#zimmer\">Appartements<\/a>, die f\u00fcr euch in Frage kommen. Schreibt beide eine <a href=\"https:\/\/www.hermann.rwth-aachen.de\/studentenwohnheim\/bewerbung\/\">Bewerbung<\/a>, f\u00fcllt beide das Bewerbungsformular aus und sendet die Unterlagen gemeinsam an die Bewerbungsadresse.<\/p>\n<\/div><\/div><\/div><div class=\"fusion-panel panel-default fusion-faq-post fusion-faq-post-12224 bewerbung zimmer \"><span class=\"entry-title rich-snippet-hidden\">Kann ich mir die Zimmer anschauen?<\/span><span class=\"vcard rich-snippet-hidden\"><span class=\"fn\"><a href=\"https:\/\/www.hermann.rwth-aachen.de\/studentenwohnheim\/author\/felix-3\/\" title=\"Beitr\u00e4ge von Felix Kuhn\" rel=\"author\">Felix Kuhn<\/a><\/span><\/span><span class=\"updated rich-snippet-hidden\">2023-12-20T13:46:35+01:00<\/span><div class=\"panel-heading\"><h4 class=\"panel-title toggle\"><a data-toggle=\"collapse\" class=\"collapsed\" data-parent=\"#accordian-1\" data-target=\"#collapse-1-12224\" href=\"#collapse-1-12224\"><div class=\"fusion-toggle-icon-wrapper\"><div class=\"fusion-toggle-icon-wrapper-main\"><div class=\"fusion-toggle-icon-wrapper-sub\"><i class=\"fa-fusion-box\" aria-hidden=\"true\"><\/i><\/div><\/div><\/div><div class=\"fusion-toggle-heading\">Kann ich mir die Zimmer anschauen?<\/div><\/a><\/h4><\/div><div id=\"collapse-1-12224\" class=\"panel-collapse collapse\"><div class=\"panel-body toggle-content post-content\"><div class=\"fusion-fullwidth fullwidth-box fusion-builder-row-2-6 nonhundred-percent-fullwidth non-hundred-percent-height-scrolling\" style=\"background-color: #ffffff;background-position: center center;background-repeat: no-repeat;padding-top:0px;padding-right:0px;padding-bottom:0px;padding-left:0px;margin-bottom: 0px;margin-top: 0px;border-width: 0px 0px 0px 0px;border-color:#25292b;border-style:solid;\" ><div class=\"fusion-builder-row fusion-row\"><div class=\"fusion-layout-column fusion_builder_column fusion-builder-column-8 fusion_builder_column_1_1 1_1 fusion-one-full fusion-column-first fusion-column-last\" style=\"margin-top:0px;margin-bottom:0px;\"><div class=\"fusion-column-wrapper fusion-flex-column-wrapper-legacy\" style=\"background-position:left top;background-repeat:no-repeat;-webkit-background-size:cover;-moz-background-size:cover;-o-background-size:cover;background-size:cover;padding: 0px 0px 0px 0px;\"><div class=\"fusion-text fusion-text-7\"><p>Einen offiziellen Besichtigungstermin gibt es nicht. Beim Bewerberabend zeigen wir dir unser Studentenwohnheim und auch das <a href=\"https:\/\/www.hermann.rwth-aachen.de\/studentenwohnheim\/wohnen\/#zimmer\">Zimmer<\/a>. Wenn du dennoch schon vorher das Studentenwohnheim &#8222;live und in Farbe&#8220; kennenlernen willst, zeigt dir ein Bewohner gerne das Wohnheim. Damit auch jemand da ist, schreibe uns bitte vorher eine Anfrage \u00fcber <a href=\"https:\/\/www.instagram.com\/h15wohnheim\/?hl=de\">Instagram<\/a>\u00a0oder das <a href=\"https:\/\/www.hermann.rwth-aachen.de\/studentenwohnheim\/kontakt\/\">Kontaktformular.<\/a><\/p>\n<\/div><div class=\"fusion-clearfix\"><\/div><\/div><\/div><\/div><\/div>\n<\/div><\/div><\/div><div class=\"fusion-panel panel-default fusion-faq-post fusion-faq-post-12222 allgemeines \"><span class=\"entry-title rich-snippet-hidden\">Muss ich katholisch sein, um bei euch zu wohnen?<\/span><span class=\"vcard rich-snippet-hidden\"><span class=\"fn\"><a href=\"https:\/\/www.hermann.rwth-aachen.de\/studentenwohnheim\/author\/felix-3\/\" title=\"Beitr\u00e4ge von Felix Kuhn\" rel=\"author\">Felix Kuhn<\/a><\/span><\/span><span class=\"updated rich-snippet-hidden\">2016-04-10T16:40:49+02:00<\/span><div class=\"panel-heading\"><h4 class=\"panel-title toggle\"><a data-toggle=\"collapse\" class=\"collapsed\" data-parent=\"#accordian-1\" data-target=\"#collapse-1-12222\" href=\"#collapse-1-12222\"><div class=\"fusion-toggle-icon-wrapper\"><div class=\"fusion-toggle-icon-wrapper-main\"><div class=\"fusion-toggle-icon-wrapper-sub\"><i class=\"fa-fusion-box\" aria-hidden=\"true\"><\/i><\/div><\/div><\/div><div class=\"fusion-toggle-heading\">Muss ich katholisch sein, um bei euch zu wohnen?<\/div><\/a><\/h4><\/div><div id=\"collapse-1-12222\" class=\"panel-collapse collapse\"><div class=\"panel-body toggle-content post-content\"><p>Nein! Deine Konfession ist nicht entscheidungsrelevant.<\/p>\n<\/div><\/div><\/div><div class=\"fusion-panel panel-default fusion-faq-post fusion-faq-post-12220 allgemeines \"><span class=\"entry-title rich-snippet-hidden\">Gibt es eine Mietzeitbeschr\u00e4nkung?<\/span><span class=\"vcard rich-snippet-hidden\"><span class=\"fn\"><a href=\"https:\/\/www.hermann.rwth-aachen.de\/studentenwohnheim\/author\/felix-3\/\" title=\"Beitr\u00e4ge von Felix Kuhn\" rel=\"author\">Felix Kuhn<\/a><\/span><\/span><span class=\"updated rich-snippet-hidden\">2023-12-20T13:47:22+01:00<\/span><div class=\"panel-heading\"><h4 class=\"panel-title toggle\"><a data-toggle=\"collapse\" class=\"collapsed\" data-parent=\"#accordian-1\" data-target=\"#collapse-1-12220\" href=\"#collapse-1-12220\"><div class=\"fusion-toggle-icon-wrapper\"><div class=\"fusion-toggle-icon-wrapper-main\"><div class=\"fusion-toggle-icon-wrapper-sub\"><i class=\"fa-fusion-box\" aria-hidden=\"true\"><\/i><\/div><\/div><\/div><div class=\"fusion-toggle-heading\">Gibt es eine Mietzeitbeschr\u00e4nkung?<\/div><\/a><\/h4><\/div><div id=\"collapse-1-12220\" class=\"panel-collapse collapse\"><div class=\"panel-body toggle-content post-content\"><div class=\"fusion-fullwidth fullwidth-box fusion-builder-row-2-7 fusion-flex-container nonhundred-percent-fullwidth non-hundred-percent-height-scrolling\" style=\"background-color: #25292b;background-position: center center;background-repeat: no-repeat;border-width: 0px 0px 0px 0px;border-color:#25292b;border-style:solid;\" ><div class=\"fusion-builder-row fusion-row fusion-flex-align-items-flex-start\" style=\"width:104% !important;max-width:104% !important;margin-left: calc(-4% \/ 2 );margin-right: calc(-4% \/ 2 );\"><div class=\"fusion-layout-column fusion_builder_column fusion-builder-column-9 fusion_builder_column_1_1 1_1 fusion-flex-column\"><div class=\"fusion-column-wrapper fusion-flex-justify-content-flex-start fusion-content-layout-column\" style=\"background-position:left top;background-repeat:no-repeat;-webkit-background-size:cover;-moz-background-size:cover;-o-background-size:cover;background-size:cover;background-color:#ffffff;padding: 0px 0px 0px 0px;\"><div class=\"fusion-text fusion-text-8\" style=\"color:#333333;\"><p>Ja!<span style=\"color: #000000;\"> Bei uns kannst du f\u00fcr die geplante Regelstudienzeit deines Studiums wohnen. Falls du bereits studierst, wird dies in der Mietdauer entsprechend verrechnet.<\/span><\/p>\n<\/div><\/div><style type=\"text\/css\">.fusion-body .fusion-builder-column-9{width:100% !important;margin-top : 0px;margin-bottom : 0px;}.fusion-builder-column-9 > .fusion-column-wrapper {padding-top : 0px !important;padding-right : 0px !important;margin-right : 1.92%;padding-bottom : 0px !important;padding-left : 0px !important;margin-left : 1.92%;}@media only screen and (max-width:1024px) {.fusion-body .fusion-builder-column-9{width:100% !important;}.fusion-builder-column-9 > .fusion-column-wrapper {margin-right : 1.92%;margin-left : 1.92%;}}@media only screen and (max-width:640px) {.fusion-body .fusion-builder-column-9{width:100% !important;}.fusion-builder-column-9 > .fusion-column-wrapper {margin-right : 1.92%;margin-left : 1.92%;}}<\/style><\/div><\/div><style type=\"text\/css\">.fusion-body .fusion-flex-container.fusion-builder-row-2-7{ padding-top : 0px;margin-top : 0px;padding-right : 0px;padding-bottom : 0px;margin-bottom : 0px;padding-left : 0px;}<\/style><\/div>\n<\/div><\/div><\/div><div class=\"fusion-panel panel-default fusion-faq-post fusion-faq-post-12218 bewerbung \"><span class=\"entry-title rich-snippet-hidden\">Wie weit im Voraus vergebt ihr die Zimmer?<\/span><span class=\"vcard rich-snippet-hidden\"><span class=\"fn\"><a href=\"https:\/\/www.hermann.rwth-aachen.de\/studentenwohnheim\/author\/felix-3\/\" title=\"Beitr\u00e4ge von Felix Kuhn\" rel=\"author\">Felix Kuhn<\/a><\/span><\/span><span class=\"updated rich-snippet-hidden\">2016-04-25T17:07:39+02:00<\/span><div class=\"panel-heading\"><h4 class=\"panel-title toggle\"><a data-toggle=\"collapse\" class=\"collapsed\" data-parent=\"#accordian-1\" data-target=\"#collapse-1-12218\" href=\"#collapse-1-12218\"><div class=\"fusion-toggle-icon-wrapper\"><div class=\"fusion-toggle-icon-wrapper-main\"><div class=\"fusion-toggle-icon-wrapper-sub\"><i class=\"fa-fusion-box\" aria-hidden=\"true\"><\/i><\/div><\/div><\/div><div class=\"fusion-toggle-heading\">Wie weit im Voraus vergebt ihr die Zimmer?<\/div><\/a><\/h4><\/div><div id=\"collapse-1-12218\" class=\"panel-collapse collapse\"><div class=\"panel-body toggle-content post-content\"><p>Der Bewerberabend mit dir und der Etage findet meist 2-4 Wochen vor dem Mietbeginn statt. Wenige Tage nach dem Bewerberabend teilen wir dir die Entscheidung mit, ob du das Zimmer bekommst.<\/p>\n<\/div><\/div><\/div><div class=\"fusion-panel panel-default fusion-faq-post fusion-faq-post-12216 allgemeines verwaltung \"><span class=\"entry-title rich-snippet-hidden\">Muss ich mich in eurem Studentenwohnheim engagieren?<\/span><span class=\"vcard rich-snippet-hidden\"><span class=\"fn\"><a href=\"https:\/\/www.hermann.rwth-aachen.de\/studentenwohnheim\/author\/felix-3\/\" title=\"Beitr\u00e4ge von Felix Kuhn\" rel=\"author\">Felix Kuhn<\/a><\/span><\/span><span class=\"updated rich-snippet-hidden\">2016-04-30T11:43:26+02:00<\/span><div class=\"panel-heading\"><h4 class=\"panel-title toggle\"><a data-toggle=\"collapse\" class=\"collapsed\" data-parent=\"#accordian-1\" data-target=\"#collapse-1-12216\" href=\"#collapse-1-12216\"><div class=\"fusion-toggle-icon-wrapper\"><div class=\"fusion-toggle-icon-wrapper-main\"><div class=\"fusion-toggle-icon-wrapper-sub\"><i class=\"fa-fusion-box\" aria-hidden=\"true\"><\/i><\/div><\/div><\/div><div class=\"fusion-toggle-heading\">Muss ich mich in eurem Studentenwohnheim engagieren?<\/div><\/a><\/h4><\/div><div id=\"collapse-1-12216\" class=\"panel-collapse collapse\"><div class=\"panel-body toggle-content post-content\"><p>Wir sind stolz darauf durch die <a href=\"https:\/\/www.hermann.rwth-aachen.de\/studentenwohnheim\/leben\/\">Selbstverwaltung<\/a> sehr viele Freiheiten zu haben. Damit dies auch weiterhin so ist, \u00fcbernimmt jeder im Wohnheim kleinere oder gr\u00f6\u00dfere Aufgaben.<\/p>\n<\/div><\/div><\/div><div class=\"fusion-panel panel-default fusion-faq-post fusion-faq-post-12214 allgemeines zimmer \"><span class=\"entry-title rich-snippet-hidden\">Darf ich mein Zimmer untervermieten?<\/span><span class=\"vcard rich-snippet-hidden\"><span class=\"fn\"><a href=\"https:\/\/www.hermann.rwth-aachen.de\/studentenwohnheim\/author\/felix-3\/\" title=\"Beitr\u00e4ge von Felix Kuhn\" rel=\"author\">Felix Kuhn<\/a><\/span><\/span><span class=\"updated rich-snippet-hidden\">2016-08-12T14:22:18+02:00<\/span><div class=\"panel-heading\"><h4 class=\"panel-title toggle\"><a data-toggle=\"collapse\" class=\"collapsed\" data-parent=\"#accordian-1\" data-target=\"#collapse-1-12214\" href=\"#collapse-1-12214\"><div class=\"fusion-toggle-icon-wrapper\"><div class=\"fusion-toggle-icon-wrapper-main\"><div class=\"fusion-toggle-icon-wrapper-sub\"><i class=\"fa-fusion-box\" aria-hidden=\"true\"><\/i><\/div><\/div><\/div><div class=\"fusion-toggle-heading\">Darf ich mein Zimmer untervermieten?<\/div><\/a><\/h4><\/div><div id=\"collapse-1-12214\" class=\"panel-collapse collapse\"><div class=\"panel-body toggle-content post-content\"><p>Wenn du f\u00fcr ein Semester im Praktikum oder Ausland bist und danach in Aachen weiterstudieren willst, kannst du dein Zimmer mit Zustimmung deiner Etagenmitbewohner auch untervermieten. <\/p>\n<\/div><\/div><\/div><div class=\"fusion-panel panel-default fusion-faq-post fusion-faq-post-12212 bewerbung \"><span class=\"entry-title rich-snippet-hidden\">Wie lange ist meine Bewerbung g\u00fcltig?<\/span><span class=\"vcard rich-snippet-hidden\"><span class=\"fn\"><a href=\"https:\/\/www.hermann.rwth-aachen.de\/studentenwohnheim\/author\/felix-3\/\" title=\"Beitr\u00e4ge von Felix Kuhn\" rel=\"author\">Felix Kuhn<\/a><\/span><\/span><span class=\"updated rich-snippet-hidden\">2016-04-30T11:44:03+02:00<\/span><div class=\"panel-heading\"><h4 class=\"panel-title toggle\"><a data-toggle=\"collapse\" class=\"collapsed\" data-parent=\"#accordian-1\" data-target=\"#collapse-1-12212\" href=\"#collapse-1-12212\"><div class=\"fusion-toggle-icon-wrapper\"><div class=\"fusion-toggle-icon-wrapper-main\"><div class=\"fusion-toggle-icon-wrapper-sub\"><i class=\"fa-fusion-box\" aria-hidden=\"true\"><\/i><\/div><\/div><\/div><div class=\"fusion-toggle-heading\">Wie lange ist meine Bewerbung g\u00fcltig?<\/div><\/a><\/h4><\/div><div id=\"collapse-1-12212\" class=\"panel-collapse collapse\"><div class=\"panel-body toggle-content post-content\"><p>Bewerbungen, die \u00e4lter als 6 Monate sind, sortieren wir aus dem Bewerbungsordner aus. Falls du noch weiterhin an einem Zimmer interessiert bist, schicke uns bitte erneut eine <a href=\"https:\/\/www.hermann.rwth-aachen.de\/studentenwohnheim\/bewerbung\/\">Bewerbung<\/a>.<\/p>\n<\/div><\/div><\/div><div class=\"fusion-panel panel-default fusion-faq-post fusion-faq-post-12210 bewerbung \"><span class=\"entry-title rich-snippet-hidden\">Muss ich irgendetwas zum Bewerberabend mitbringen?<\/span><span class=\"vcard rich-snippet-hidden\"><span class=\"fn\"><a href=\"https:\/\/www.hermann.rwth-aachen.de\/studentenwohnheim\/author\/felix-3\/\" title=\"Beitr\u00e4ge von Felix Kuhn\" rel=\"author\">Felix Kuhn<\/a><\/span><\/span><span class=\"updated rich-snippet-hidden\">2016-04-10T16:33:02+02:00<\/span><div class=\"panel-heading\"><h4 class=\"panel-title toggle\"><a data-toggle=\"collapse\" class=\"collapsed\" data-parent=\"#accordian-1\" data-target=\"#collapse-1-12210\" href=\"#collapse-1-12210\"><div class=\"fusion-toggle-icon-wrapper\"><div class=\"fusion-toggle-icon-wrapper-main\"><div class=\"fusion-toggle-icon-wrapper-sub\"><i class=\"fa-fusion-box\" aria-hidden=\"true\"><\/i><\/div><\/div><\/div><div class=\"fusion-toggle-heading\">Muss ich irgendetwas zum Bewerberabend mitbringen?<\/div><\/a><\/h4><\/div><div id=\"collapse-1-12210\" class=\"panel-collapse collapse\"><div class=\"panel-body toggle-content post-content\"><p>Nein, du brauchst nichts mitzubringen. Sei ganz du selbst, denn dich wollen wir schlie\u00dflich kennenlernen.<\/p>\n<\/div><\/div><\/div><div class=\"fusion-panel panel-default fusion-faq-post fusion-faq-post-12208 bewerbung \"><span class=\"entry-title rich-snippet-hidden\">Ich habe noch keine Studienbescheinigung bzw. Matrikelnummer. Was mache ich nun?<\/span><span class=\"vcard rich-snippet-hidden\"><span class=\"fn\"><a href=\"https:\/\/www.hermann.rwth-aachen.de\/studentenwohnheim\/author\/felix-3\/\" title=\"Beitr\u00e4ge von Felix Kuhn\" rel=\"author\">Felix Kuhn<\/a><\/span><\/span><span class=\"updated rich-snippet-hidden\">2016-08-11T16:59:08+02:00<\/span><div class=\"panel-heading\"><h4 class=\"panel-title toggle\"><a data-toggle=\"collapse\" class=\"collapsed\" data-parent=\"#accordian-1\" data-target=\"#collapse-1-12208\" href=\"#collapse-1-12208\"><div class=\"fusion-toggle-icon-wrapper\"><div class=\"fusion-toggle-icon-wrapper-main\"><div class=\"fusion-toggle-icon-wrapper-sub\"><i class=\"fa-fusion-box\" aria-hidden=\"true\"><\/i><\/div><\/div><\/div><div class=\"fusion-toggle-heading\">Ich habe noch keine Studienbescheinigung bzw. Matrikelnummer. Was mache ich nun?<\/div><\/a><\/h4><\/div><div id=\"collapse-1-12208\" class=\"panel-collapse collapse\"><div class=\"panel-body toggle-content post-content\"><p>Das ist kein Problem. Du kannst die Studienbescheinigung nachreichen, wenn du eine <a href=\"https:\/\/www.hermann.rwth-aachen.de\/studentenwohnheim\/bewerbung\/\">Bewerbung<\/a> geschrieben hast und bei uns im <a href=\"https:\/\/www.hermann.rwth-aachen.de\/studentenwohnheim\/\">Studentenwohnheim Hermannstra\u00dfe<\/a> eingezogen bist.<\/p>\n<\/div><\/div><\/div><div class=\"fusion-panel panel-default fusion-faq-post fusion-faq-post-12206 zimmer \"><span class=\"entry-title rich-snippet-hidden\">Wie gro\u00df sind die Zimmer?<\/span><span class=\"vcard rich-snippet-hidden\"><span class=\"fn\"><a href=\"https:\/\/www.hermann.rwth-aachen.de\/studentenwohnheim\/author\/felix-3\/\" title=\"Beitr\u00e4ge von Felix Kuhn\" rel=\"author\">Felix Kuhn<\/a><\/span><\/span><span class=\"updated rich-snippet-hidden\">2016-04-30T11:46:56+02:00<\/span><div class=\"panel-heading\"><h4 class=\"panel-title toggle\"><a data-toggle=\"collapse\" class=\"collapsed\" data-parent=\"#accordian-1\" data-target=\"#collapse-1-12206\" href=\"#collapse-1-12206\"><div class=\"fusion-toggle-icon-wrapper\"><div class=\"fusion-toggle-icon-wrapper-main\"><div class=\"fusion-toggle-icon-wrapper-sub\"><i class=\"fa-fusion-box\" aria-hidden=\"true\"><\/i><\/div><\/div><\/div><div class=\"fusion-toggle-heading\">Wie gro\u00df sind die Zimmer?<\/div><\/a><\/h4><\/div><div id=\"collapse-1-12206\" class=\"panel-collapse collapse\"><div class=\"panel-body toggle-content post-content\"><p>Auf unserer Website findest du alle Informationen zu unserem <a href=\"https:\/\/www.hermann.rwth-aachen.de\/studentenwohnheim\/wohnen\/\">Studentenwohnheim<\/a> und zu den <a href=\"https:\/\/www.hermann.rwth-aachen.de\/studentenwohnheim\/wohnen\/#zimmer\">Zimmern<\/a>.<\/p>\n<\/div><\/div><\/div><div class=\"fusion-panel panel-default fusion-faq-post fusion-faq-post-12204 bewerbung verwaltung \"><span class=\"entry-title rich-snippet-hidden\">Kann ich mich bei euch auch \u00fcber das Studierendenwerk Aachen bewerben?<\/span><span class=\"vcard rich-snippet-hidden\"><span class=\"fn\"><a href=\"https:\/\/www.hermann.rwth-aachen.de\/studentenwohnheim\/author\/felix-3\/\" title=\"Beitr\u00e4ge von Felix Kuhn\" rel=\"author\">Felix Kuhn<\/a><\/span><\/span><span class=\"updated rich-snippet-hidden\">2016-04-10T12:50:10+02:00<\/span><div class=\"panel-heading\"><h4 class=\"panel-title toggle\"><a data-toggle=\"collapse\" class=\"collapsed\" data-parent=\"#accordian-1\" data-target=\"#collapse-1-12204\" href=\"#collapse-1-12204\"><div class=\"fusion-toggle-icon-wrapper\"><div class=\"fusion-toggle-icon-wrapper-main\"><div class=\"fusion-toggle-icon-wrapper-sub\"><i class=\"fa-fusion-box\" aria-hidden=\"true\"><\/i><\/div><\/div><\/div><div class=\"fusion-toggle-heading\">Kann ich mich bei euch auch \u00fcber das Studierendenwerk Aachen bewerben?<\/div><\/a><\/h4><\/div><div id=\"collapse-1-12204\" class=\"panel-collapse collapse\"><div class=\"panel-body toggle-content post-content\"><p>Nein! Wir sind ein selbstverwaltetes Studentenwohnheim und suchen daher direkt die Mitbewohner aus. Das Studierendenwerk Aachen ist nicht Tr\u00e4ger unseres Studentenwohnheimes. Der Bewerbungsprozess ist daher komplett unabh\u00e4ngig.<\/p>\n<\/div><\/div><\/div><div class=\"fusion-panel panel-default fusion-faq-post fusion-faq-post-12202 bewerbung \"><span class=\"entry-title rich-snippet-hidden\">Wie lange ist aktuell die Wartezeit auf ein Zimmer?<\/span><span class=\"vcard rich-snippet-hidden\"><span class=\"fn\"><a href=\"https:\/\/www.hermann.rwth-aachen.de\/studentenwohnheim\/author\/felix-3\/\" title=\"Beitr\u00e4ge von Felix Kuhn\" rel=\"author\">Felix Kuhn<\/a><\/span><\/span><span class=\"updated rich-snippet-hidden\">2023-11-03T18:44:14+01:00<\/span><div class=\"panel-heading\"><h4 class=\"panel-title toggle\"><a data-toggle=\"collapse\" class=\"collapsed\" data-parent=\"#accordian-1\" data-target=\"#collapse-1-12202\" href=\"#collapse-1-12202\"><div class=\"fusion-toggle-icon-wrapper\"><div class=\"fusion-toggle-icon-wrapper-main\"><div class=\"fusion-toggle-icon-wrapper-sub\"><i class=\"fa-fusion-box\" aria-hidden=\"true\"><\/i><\/div><\/div><\/div><div class=\"fusion-toggle-heading\">Wie lange ist aktuell die Wartezeit auf ein Zimmer?<\/div><\/a><\/h4><\/div><div id=\"collapse-1-12202\" class=\"panel-collapse collapse\"><div class=\"panel-body toggle-content post-content\"><div class=\"fusion-fullwidth fullwidth-box fusion-builder-row-2-8 fusion-flex-container nonhundred-percent-fullwidth non-hundred-percent-height-scrolling\" style=\"background-color: #25292b;background-position: center center;background-repeat: no-repeat;border-width: 0px 0px 0px 0px;border-color:#25292b;border-style:solid;\" ><div class=\"fusion-builder-row fusion-row fusion-flex-align-items-flex-start\" style=\"width:104% !important;max-width:104% !important;margin-left: calc(-4% \/ 2 );margin-right: calc(-4% \/ 2 );\"><div class=\"fusion-layout-column fusion_builder_column fusion-builder-column-10 fusion_builder_column_1_1 1_1 fusion-flex-column\"><div class=\"fusion-column-wrapper fusion-flex-justify-content-flex-start fusion-content-layout-column\" style=\"background-position:left top;background-repeat:no-repeat;-webkit-background-size:cover;-moz-background-size:cover;-o-background-size:cover;background-size:cover;background-color:#ffffff;padding: 0px 0px 0px 0px;\"><div class=\"fusion-text fusion-text-9\"><p><span style=\"color: rgb(0, 0, 0);\">Das ist ganz von dir abh\u00e4ngig. Wir haben keine Warteliste, sondern suchen die Mitbewohner selber aus. Eine <\/span><a href=\"https:\/\/www.hermann.rwth-aachen.de\/studentenwohnheim\/bewerbung\/\" style=\"color: rgb(255, 0, 0);\">\u00fcberzeugende Bewerbung<\/a><span style=\"color: rgb(0, 0, 0);\"> ist daher umso wichtiger. Anders als bei den Wohnheimen vom Studierendenwerk Aachen kannst du bei uns mit einer \u00fcberzeugenden Bewerbung und etwas Gl\u00fcck auch noch sehr kurzfristig ein Zimmer bekommen.<\/span><\/p>\n<p><span style=\"color: rgb(0, 0, 0);\">Zur Startseite unseres Studentenwohnheims kommst du <\/span><a href=\"https:\/\/www.hermann.rwth-aachen.de\/studentenwohnheim\/\" style=\"color: rgb(237, 11, 0);\">hier<\/a><span style=\"color: rgb(0, 0, 0);\">.<\/span><\/p>\n<\/div><\/div><style type=\"text\/css\">.fusion-body .fusion-builder-column-10{width:100% !important;margin-top : 0px;margin-bottom : 0px;}.fusion-builder-column-10 > .fusion-column-wrapper {padding-top : 0px !important;padding-right : 0px !important;margin-right : 1.92%;padding-bottom : 0px !important;padding-left : 0px !important;margin-left : 1.92%;}@media only screen and (max-width:1024px) {.fusion-body .fusion-builder-column-10{width:100% !important;}.fusion-builder-column-10 > .fusion-column-wrapper {margin-right : 1.92%;margin-left : 1.92%;}}@media only screen and (max-width:640px) {.fusion-body .fusion-builder-column-10{width:100% !important;}.fusion-builder-column-10 > .fusion-column-wrapper {margin-right : 1.92%;margin-left : 1.92%;}}<\/style><\/div><\/div><style type=\"text\/css\">.fusion-body .fusion-flex-container.fusion-builder-row-2-8{ padding-top : 0px;margin-top : 0px;padding-right : 0px;padding-bottom : 0px;margin-bottom : 0px;padding-left : 0px;}<\/style><\/div>\n<\/div><\/div><\/div><div class=\"fusion-panel panel-default fusion-faq-post fusion-faq-post-12200 bewerbung \"><span class=\"entry-title rich-snippet-hidden\">Ich bin im Ausland und kann nicht zum Bewerberabend kommen. Was nun?<\/span><span class=\"vcard rich-snippet-hidden\"><span class=\"fn\"><a href=\"https:\/\/www.hermann.rwth-aachen.de\/studentenwohnheim\/author\/felix-3\/\" title=\"Beitr\u00e4ge von Felix Kuhn\" rel=\"author\">Felix Kuhn<\/a><\/span><\/span><span class=\"updated rich-snippet-hidden\">2023-11-03T18:45:06+01:00<\/span><div class=\"panel-heading\"><h4 class=\"panel-title toggle\"><a data-toggle=\"collapse\" class=\"collapsed\" data-parent=\"#accordian-1\" data-target=\"#collapse-1-12200\" href=\"#collapse-1-12200\"><div class=\"fusion-toggle-icon-wrapper\"><div class=\"fusion-toggle-icon-wrapper-main\"><div class=\"fusion-toggle-icon-wrapper-sub\"><i class=\"fa-fusion-box\" aria-hidden=\"true\"><\/i><\/div><\/div><\/div><div class=\"fusion-toggle-heading\">Ich bin im Ausland und kann nicht zum Bewerberabend kommen. Was nun?<\/div><\/a><\/h4><\/div><div id=\"collapse-1-12200\" class=\"panel-collapse collapse\"><div class=\"panel-body toggle-content post-content\"><div class=\"fusion-fullwidth fullwidth-box fusion-builder-row-2-9 fusion-flex-container nonhundred-percent-fullwidth non-hundred-percent-height-scrolling\" style=\"background-color: #25292b;background-position: center center;background-repeat: no-repeat;border-width: 0px 0px 0px 0px;border-color:#25292b;border-style:solid;\" ><div class=\"fusion-builder-row fusion-row fusion-flex-align-items-flex-start\" style=\"width:104% !important;max-width:104% !important;margin-left: calc(-4% \/ 2 );margin-right: calc(-4% \/ 2 );\"><div class=\"fusion-layout-column fusion_builder_column fusion-builder-column-11 fusion_builder_column_1_1 1_1 fusion-flex-column\"><div class=\"fusion-column-wrapper fusion-flex-justify-content-flex-start fusion-content-layout-column\" style=\"background-position:left top;background-repeat:no-repeat;-webkit-background-size:cover;-moz-background-size:cover;-o-background-size:cover;background-size:cover;background-color:#ffffff;padding: 0px 0px 0px 0px;\"><div class=\"fusion-text fusion-text-10\"><p style=\"color: rgb(255, 255, 255);\"><span style=\"color: rgb(0, 0, 0);\">Generell m<\/span><span style=\"color: rgb(0, 0, 0);\"><span style=\"color: rgb(0, 0, 0);\">\u00f6c<\/span>hten wir dich immer pers\u00f6nlich kennenlernen. Falls du von uns eingeladen wurdest und wirklich nicht kommen kannst, k\u00f6nnen wir nach individueller Absprache auch ein Zoom Gespr\u00e4ch mit dir und der Etage machen.<\/span><\/p>\n<\/div><\/div><style type=\"text\/css\">.fusion-body .fusion-builder-column-11{width:100% !important;margin-top : 0px;margin-bottom : 0px;}.fusion-builder-column-11 > .fusion-column-wrapper {padding-top : 0px !important;padding-right : 0px !important;margin-right : 1.92%;padding-bottom : 0px !important;padding-left : 0px !important;margin-left : 1.92%;}@media only screen and (max-width:1024px) {.fusion-body .fusion-builder-column-11{width:100% !important;}.fusion-builder-column-11 > .fusion-column-wrapper {margin-right : 1.92%;margin-left : 1.92%;}}@media only screen and (max-width:640px) {.fusion-body .fusion-builder-column-11{width:100% !important;}.fusion-builder-column-11 > .fusion-column-wrapper {margin-right : 1.92%;margin-left : 1.92%;}}<\/style><\/div><\/div><style type=\"text\/css\">.fusion-body .fusion-flex-container.fusion-builder-row-2-9{ padding-top : 0px;margin-top : 0px;padding-right : 0px;padding-bottom : 0px;margin-bottom : 0px;padding-left : 0px;}<\/style><\/div>\n<\/div><\/div><\/div><div class=\"fusion-panel panel-default fusion-faq-post fusion-faq-post-12198 bewerbung \"><span class=\"entry-title rich-snippet-hidden\">Nach welchen Kriterien entscheidet ihr, wer das Zimmer bekommt?<\/span><span class=\"vcard rich-snippet-hidden\"><span class=\"fn\"><a href=\"https:\/\/www.hermann.rwth-aachen.de\/studentenwohnheim\/author\/felix-3\/\" title=\"Beitr\u00e4ge von Felix Kuhn\" rel=\"author\">Felix Kuhn<\/a><\/span><\/span><span class=\"updated rich-snippet-hidden\">2016-04-10T12:46:08+02:00<\/span><div class=\"panel-heading\"><h4 class=\"panel-title toggle\"><a data-toggle=\"collapse\" class=\"collapsed\" data-parent=\"#accordian-1\" data-target=\"#collapse-1-12198\" href=\"#collapse-1-12198\"><div class=\"fusion-toggle-icon-wrapper\"><div class=\"fusion-toggle-icon-wrapper-main\"><div class=\"fusion-toggle-icon-wrapper-sub\"><i class=\"fa-fusion-box\" aria-hidden=\"true\"><\/i><\/div><\/div><\/div><div class=\"fusion-toggle-heading\">Nach welchen Kriterien entscheidet ihr, wer das Zimmer bekommt?<\/div><\/a><\/h4><\/div><div id=\"collapse-1-12198\" class=\"panel-collapse collapse\"><div class=\"panel-body toggle-content post-content\"><p>Am wichtigsten ist, dass du uns symphatisch bist und auf die Etage passt. Des Weiteren achten wir u.a. auf ein ausgeglichenes Geschlechterverh\u00e4ltnis.<\/p>\n<\/div><\/div><\/div><div class=\"fusion-panel panel-default fusion-faq-post fusion-faq-post-12196 zimmer \"><span class=\"entry-title rich-snippet-hidden\">Gibt es im Wohnheim auch Doppelzimmer?<\/span><span class=\"vcard rich-snippet-hidden\"><span class=\"fn\"><a href=\"https:\/\/www.hermann.rwth-aachen.de\/studentenwohnheim\/author\/felix-3\/\" title=\"Beitr\u00e4ge von Felix Kuhn\" rel=\"author\">Felix Kuhn<\/a><\/span><\/span><span class=\"updated rich-snippet-hidden\">2016-04-26T09:10:35+02:00<\/span><div class=\"panel-heading\"><h4 class=\"panel-title toggle\"><a data-toggle=\"collapse\" class=\"collapsed\" data-parent=\"#accordian-1\" data-target=\"#collapse-1-12196\" href=\"#collapse-1-12196\"><div class=\"fusion-toggle-icon-wrapper\"><div class=\"fusion-toggle-icon-wrapper-main\"><div class=\"fusion-toggle-icon-wrapper-sub\"><i class=\"fa-fusion-box\" aria-hidden=\"true\"><\/i><\/div><\/div><\/div><div class=\"fusion-toggle-heading\">Gibt es im Wohnheim auch Doppelzimmer?<\/div><\/a><\/h4><\/div><div id=\"collapse-1-12196\" class=\"panel-collapse collapse\"><div class=\"panel-body toggle-content post-content\"><p>Jein! Wir haben Appartements, die f\u00fcr zwei Personen konzipiert sind und nur &#8222;als Ganzes&#8220; vermietet werden.<br \/>\nKlassische Doppelzimmer, in denen du mit einer fremden Person wohnst, haben wir nicht.<br \/>\nFalls du mit deinem Freund\/ deiner Freundin bei uns einziehen willst, f\u00fcllt bitte beide das Bewerbungsformular aus, schreibt jeder eine Bewerbung und sendet sie gemeinsam an die Bewerbungsadresse.<\/p>\n<p>Weitere Informationen zu den Appartements findest du <a href=\"https:\/\/www.hermann.rwth-aachen.de\/studentenwohnheim\/wohnen\/#zimmer\">HIER<\/a>.<\/p>\n<\/div><\/div><\/div><div class=\"fusion-panel panel-default fusion-faq-post fusion-faq-post-12194 zimmer \"><span class=\"entry-title rich-snippet-hidden\">Hat jedes Zimmer ein eigenes Badezimmer?<\/span><span class=\"vcard rich-snippet-hidden\"><span class=\"fn\"><a href=\"https:\/\/www.hermann.rwth-aachen.de\/studentenwohnheim\/author\/felix-3\/\" title=\"Beitr\u00e4ge von Felix Kuhn\" rel=\"author\">Felix Kuhn<\/a><\/span><\/span><span class=\"updated rich-snippet-hidden\">2023-11-03T18:48:26+01:00<\/span><div class=\"panel-heading\"><h4 class=\"panel-title toggle\"><a data-toggle=\"collapse\" class=\"collapsed\" data-parent=\"#accordian-1\" data-target=\"#collapse-1-12194\" href=\"#collapse-1-12194\"><div class=\"fusion-toggle-icon-wrapper\"><div class=\"fusion-toggle-icon-wrapper-main\"><div class=\"fusion-toggle-icon-wrapper-sub\"><i class=\"fa-fusion-box\" aria-hidden=\"true\"><\/i><\/div><\/div><\/div><div class=\"fusion-toggle-heading\">Hat jedes Zimmer ein eigenes Badezimmer?<\/div><\/a><\/h4><\/div><div id=\"collapse-1-12194\" class=\"panel-collapse collapse\"><div class=\"panel-body toggle-content post-content\"><div class=\"fusion-fullwidth fullwidth-box fusion-builder-row-2-10 fusion-flex-container nonhundred-percent-fullwidth non-hundred-percent-height-scrolling\" style=\"background-color: #25292b;background-position: center center;background-repeat: no-repeat;border-width: 0px 0px 0px 0px;border-color:#25292b;border-style:solid;\" ><div class=\"fusion-builder-row fusion-row fusion-flex-align-items-flex-start\" style=\"width:104% !important;max-width:104% !important;margin-left: calc(-4% \/ 2 );margin-right: calc(-4% \/ 2 );\"><div class=\"fusion-layout-column fusion_builder_column fusion-builder-column-12 fusion_builder_column_1_1 1_1 fusion-flex-column\"><div class=\"fusion-column-wrapper fusion-flex-justify-content-flex-start fusion-content-layout-column\" style=\"background-position:left top;background-repeat:no-repeat;-webkit-background-size:cover;-moz-background-size:cover;-o-background-size:cover;background-size:cover;background-color:#ffffff;padding: 0px 0px 0px 0px;\"><div class=\"fusion-text fusion-text-11\"><p><span style=\"color: rgb(0, 0, 0);\">Die Mehrzahl der<\/span> <a href=\"https:\/\/www.hermann.rwth-aachen.de\/studentenwohnheim\/wohnen\/#zimmer\">Zimmer<\/a> <span style=\"color: rgb(0, 0, 0);\">ist mit WC, Waschbecken und Dusche ausgestattet. Die Zimmer im Altbau haben alle ein eigenes Waschbecken, die drei WC&#8217;s und Duschen werden von 13 Bewohnern zusammen genutzt.<\/span><\/p>\n<\/div><\/div><style type=\"text\/css\">.fusion-body .fusion-builder-column-12{width:100% !important;margin-top : 0px;margin-bottom : 0px;}.fusion-builder-column-12 > .fusion-column-wrapper {padding-top : 0px !important;padding-right : 0px !important;margin-right : 1.92%;padding-bottom : 0px !important;padding-left : 0px !important;margin-left : 1.92%;}@media only screen and (max-width:1024px) {.fusion-body .fusion-builder-column-12{width:100% !important;}.fusion-builder-column-12 > .fusion-column-wrapper {margin-right : 1.92%;margin-left : 1.92%;}}@media only screen and (max-width:640px) {.fusion-body .fusion-builder-column-12{width:100% !important;}.fusion-builder-column-12 > .fusion-column-wrapper {margin-right : 1.92%;margin-left : 1.92%;}}<\/style><\/div><\/div><style type=\"text\/css\">.fusion-body .fusion-flex-container.fusion-builder-row-2-10{ padding-top : 0px;margin-top : 0px;padding-right : 0px;padding-bottom : 0px;margin-bottom : 0px;padding-left : 0px;}<\/style><\/div>\n<\/div><\/div><\/div><div class=\"fusion-panel panel-default fusion-faq-post fusion-faq-post-12192 bewerbung zimmer \"><span class=\"entry-title rich-snippet-hidden\">Habe ich Einfluss auf die Zimmergr\u00f6\u00dfe?<\/span><span class=\"vcard rich-snippet-hidden\"><span class=\"fn\"><a href=\"https:\/\/www.hermann.rwth-aachen.de\/studentenwohnheim\/author\/felix-3\/\" title=\"Beitr\u00e4ge von Felix Kuhn\" rel=\"author\">Felix Kuhn<\/a><\/span><\/span><span class=\"updated rich-snippet-hidden\">2023-11-03T18:49:44+01:00<\/span><div class=\"panel-heading\"><h4 class=\"panel-title toggle\"><a data-toggle=\"collapse\" class=\"collapsed\" data-parent=\"#accordian-1\" data-target=\"#collapse-1-12192\" href=\"#collapse-1-12192\"><div class=\"fusion-toggle-icon-wrapper\"><div class=\"fusion-toggle-icon-wrapper-main\"><div class=\"fusion-toggle-icon-wrapper-sub\"><i class=\"fa-fusion-box\" aria-hidden=\"true\"><\/i><\/div><\/div><\/div><div class=\"fusion-toggle-heading\">Habe ich Einfluss auf die Zimmergr\u00f6\u00dfe?<\/div><\/a><\/h4><\/div><div id=\"collapse-1-12192\" class=\"panel-collapse collapse\"><div class=\"panel-body toggle-content post-content\"><div class=\"fusion-fullwidth fullwidth-box fusion-builder-row-2-11 fusion-flex-container nonhundred-percent-fullwidth non-hundred-percent-height-scrolling\" style=\"background-color: #25292b;background-position: center center;background-repeat: no-repeat;border-width: 0px 0px 0px 0px;border-color:#25292b;border-style:solid;\" ><div class=\"fusion-builder-row fusion-row fusion-flex-align-items-flex-start\" style=\"width:104% !important;max-width:104% !important;margin-left: calc(-4% \/ 2 );margin-right: calc(-4% \/ 2 );\"><div class=\"fusion-layout-column fusion_builder_column fusion-builder-column-13 fusion_builder_column_1_1 1_1 fusion-flex-column\"><div class=\"fusion-column-wrapper fusion-flex-justify-content-flex-start fusion-content-layout-column\" style=\"background-position:left top;background-repeat:no-repeat;-webkit-background-size:cover;-moz-background-size:cover;-o-background-size:cover;background-size:cover;background-color:#ffffff;padding: 0px 0px 0px 0px;\"><div class=\"fusion-text fusion-text-12\"><p><span style=\"color: rgb(0, 0, 0);\">Du hast keinen Einfluss<\/span> <span style=\"color: rgb(0, 0, 0);\">auf die Zimmergr\u00f6\u00dfe. Bei der Bewerbung wird nur zwischen Einzelzimmer und Appartement unterschieden.<\/span><\/p>\n<\/div><\/div><style type=\"text\/css\">.fusion-body .fusion-builder-column-13{width:100% !important;margin-top : 0px;margin-bottom : 0px;}.fusion-builder-column-13 > .fusion-column-wrapper {padding-top : 0px !important;padding-right : 0px !important;margin-right : 1.92%;padding-bottom : 0px !important;padding-left : 0px !important;margin-left : 1.92%;}@media only screen and (max-width:1024px) {.fusion-body .fusion-builder-column-13{width:100% !important;}.fusion-builder-column-13 > .fusion-column-wrapper {margin-right : 1.92%;margin-left : 1.92%;}}@media only screen and (max-width:640px) {.fusion-body .fusion-builder-column-13{width:100% !important;}.fusion-builder-column-13 > .fusion-column-wrapper {margin-right : 1.92%;margin-left : 1.92%;}}<\/style><\/div><\/div><style type=\"text\/css\">.fusion-body .fusion-flex-container.fusion-builder-row-2-11{ padding-top : 0px;margin-top : 0px;padding-right : 0px;padding-bottom : 0px;margin-bottom : 0px;padding-left : 0px;}<\/style><\/div>\n<\/div><\/div><\/div><div class=\"fusion-panel panel-default fusion-faq-post fusion-faq-post-12190 zimmer \"><span class=\"entry-title rich-snippet-hidden\">Werden die Zimmer m\u00f6bliert vermietet?<\/span><span class=\"vcard rich-snippet-hidden\"><span class=\"fn\"><a href=\"https:\/\/www.hermann.rwth-aachen.de\/studentenwohnheim\/author\/felix-3\/\" title=\"Beitr\u00e4ge von Felix Kuhn\" rel=\"author\">Felix Kuhn<\/a><\/span><\/span><span class=\"updated rich-snippet-hidden\">2017-06-09T16:14:40+02:00<\/span><div class=\"panel-heading\"><h4 class=\"panel-title toggle\"><a data-toggle=\"collapse\" class=\"collapsed\" data-parent=\"#accordian-1\" data-target=\"#collapse-1-12190\" href=\"#collapse-1-12190\"><div class=\"fusion-toggle-icon-wrapper\"><div class=\"fusion-toggle-icon-wrapper-main\"><div class=\"fusion-toggle-icon-wrapper-sub\"><i class=\"fa-fusion-box\" aria-hidden=\"true\"><\/i><\/div><\/div><\/div><div class=\"fusion-toggle-heading\">Werden die Zimmer m\u00f6bliert vermietet?<\/div><\/a><\/h4><\/div><div id=\"collapse-1-12190\" class=\"panel-collapse collapse\"><div class=\"panel-body toggle-content post-content\"><p>Ja, du bekommst ein Bett (90cm x 200cm) mit einem Lattenrost, eine Matratze sowie einen Schreibtisch kostenlos zur Verf\u00fcgung gestellt. Ein Kleiderschrank ist nicht in jedem Zimmer vorhanden. Falls du eigene M\u00f6bel mitbringen solltest, kannst du alles bis auf den Kleiderschrank aus deinem Zimmer r\u00e4umen.<\/p>\n<\/div><\/div><\/div><div class=\"fusion-panel panel-default fusion-faq-post fusion-faq-post-12188 verwaltung \"><span class=\"entry-title rich-snippet-hidden\">Wer ist der Tr\u00e4ger eures Studentenwohnheimes?<\/span><span class=\"vcard rich-snippet-hidden\"><span class=\"fn\"><a href=\"https:\/\/www.hermann.rwth-aachen.de\/studentenwohnheim\/author\/felix-3\/\" title=\"Beitr\u00e4ge von Felix Kuhn\" rel=\"author\">Felix Kuhn<\/a><\/span><\/span><span class=\"updated rich-snippet-hidden\">2016-08-31T00:24:25+02:00<\/span><div class=\"panel-heading\"><h4 class=\"panel-title toggle\"><a data-toggle=\"collapse\" class=\"collapsed\" data-parent=\"#accordian-1\" data-target=\"#collapse-1-12188\" href=\"#collapse-1-12188\"><div class=\"fusion-toggle-icon-wrapper\"><div class=\"fusion-toggle-icon-wrapper-main\"><div class=\"fusion-toggle-icon-wrapper-sub\"><i class=\"fa-fusion-box\" aria-hidden=\"true\"><\/i><\/div><\/div><\/div><div class=\"fusion-toggle-heading\">Wer ist der Tr\u00e4ger eures Studentenwohnheimes?<\/div><\/a><\/h4><\/div><div id=\"collapse-1-12188\" class=\"panel-collapse collapse\"><div class=\"panel-body toggle-content post-content\"><p>Der Tr\u00e4ger des Wohnheims ist das <a href=\"http:\/\/www.khg-aachen.de\/?tag=faq\" target=\"_blank\">Studentenwerk der Katholischen Hochschulgemeinde Aachen e.V.<\/a>. <\/p>\n<\/div><\/div><\/div><div class=\"fusion-panel panel-default fusion-faq-post fusion-faq-post-12168 allgemeines bewerbung zimmer \"><span class=\"entry-title rich-snippet-hidden\">Habt ihr gerade ein freies Zimmer?<\/span><span class=\"vcard rich-snippet-hidden\"><span class=\"fn\"><a href=\"https:\/\/www.hermann.rwth-aachen.de\/studentenwohnheim\/author\/felix-3\/\" title=\"Beitr\u00e4ge von Felix Kuhn\" rel=\"author\">Felix Kuhn<\/a><\/span><\/span><span class=\"updated rich-snippet-hidden\">2023-11-03T18:50:22+01:00<\/span><div class=\"panel-heading\"><h4 class=\"panel-title toggle\"><a data-toggle=\"collapse\" class=\"collapsed\" data-parent=\"#accordian-1\" data-target=\"#collapse-1-12168\" href=\"#collapse-1-12168\"><div class=\"fusion-toggle-icon-wrapper\"><div class=\"fusion-toggle-icon-wrapper-main\"><div class=\"fusion-toggle-icon-wrapper-sub\"><i class=\"fa-fusion-box\" aria-hidden=\"true\"><\/i><\/div><\/div><\/div><div class=\"fusion-toggle-heading\">Habt ihr gerade ein freies Zimmer?<\/div><\/a><\/h4><\/div><div id=\"collapse-1-12168\" class=\"panel-collapse collapse\"><div class=\"panel-body toggle-content post-content\"><div class=\"fusion-fullwidth fullwidth-box fusion-builder-row-2-12 fusion-flex-container nonhundred-percent-fullwidth non-hundred-percent-height-scrolling\" style=\"background-color: #25292b;background-position: center center;background-repeat: no-repeat;border-width: 0px 0px 0px 0px;border-color:#25292b;border-style:solid;\" ><div class=\"fusion-builder-row fusion-row fusion-flex-align-items-flex-start\" style=\"width:104% !important;max-width:104% !important;margin-left: calc(-4% \/ 2 );margin-right: calc(-4% \/ 2 );\"><div class=\"fusion-layout-column fusion_builder_column fusion-builder-column-14 fusion_builder_column_1_1 1_1 fusion-flex-column\"><div class=\"fusion-column-wrapper fusion-flex-justify-content-flex-start fusion-content-layout-column\" style=\"background-position:left top;background-repeat:no-repeat;-webkit-background-size:cover;-moz-background-size:cover;-o-background-size:cover;background-size:cover;background-color:#ffffff;padding: 0px 0px 0px 0px;\"><div class=\"fusion-text fusion-text-13\"><p style=\"color: rgb(0, 0, 0);\">Bei uns werden regelm\u00e4\u00dfig Zimmer frei. Eine Bewerbung lohnt sich daher ganzj\u00e4hrig.<\/p>\n<\/div><\/div><style type=\"text\/css\">.fusion-body .fusion-builder-column-14{width:100% !important;margin-top : 0px;margin-bottom : 0px;}.fusion-builder-column-14 > .fusion-column-wrapper {padding-top : 0px !important;padding-right : 0px !important;margin-right : 1.92%;padding-bottom : 0px !important;padding-left : 0px !important;margin-left : 1.92%;}@media only screen and (max-width:1024px) {.fusion-body .fusion-builder-column-14{width:100% !important;}.fusion-builder-column-14 > .fusion-column-wrapper {margin-right : 1.92%;margin-left : 1.92%;}}@media only screen and (max-width:640px) {.fusion-body .fusion-builder-column-14{width:100% !important;}.fusion-builder-column-14 > .fusion-column-wrapper {margin-right : 1.92%;margin-left : 1.92%;}}<\/style><\/div><\/div><style type=\"text\/css\">.fusion-body .fusion-flex-container.fusion-builder-row-2-12{ padding-top : 0px;margin-top : 0px;padding-right : 0px;padding-bottom : 0px;margin-bottom : 0px;padding-left : 0px;}<\/style><\/div>\n<\/div><\/div><\/div><div class=\"fusion-panel panel-default fusion-faq-post fusion-faq-post-12874 allgemeines zimmer \"><span class=\"entry-title rich-snippet-hidden\">D\u00fcrfen auch Familien mit Kind in euren Appartements wohnen?<\/span><span class=\"vcard rich-snippet-hidden\"><span class=\"fn\"><a href=\"https:\/\/www.hermann.rwth-aachen.de\/studentenwohnheim\/author\/felix-3\/\" title=\"Beitr\u00e4ge von Felix Kuhn\" rel=\"author\">Felix Kuhn<\/a><\/span><\/span><span class=\"updated rich-snippet-hidden\">2016-08-16T12:27:34+02:00<\/span><div class=\"panel-heading\"><h4 class=\"panel-title toggle\"><a data-toggle=\"collapse\" class=\"collapsed\" data-parent=\"#accordian-1\" data-target=\"#collapse-1-12874\" href=\"#collapse-1-12874\"><div class=\"fusion-toggle-icon-wrapper\"><div class=\"fusion-toggle-icon-wrapper-main\"><div class=\"fusion-toggle-icon-wrapper-sub\"><i class=\"fa-fusion-box\" aria-hidden=\"true\"><\/i><\/div><\/div><\/div><div class=\"fusion-toggle-heading\">D\u00fcrfen auch Familien mit Kind in euren Appartements wohnen?<\/div><\/a><\/h4><\/div><div id=\"collapse-1-12874\" class=\"panel-collapse collapse\"><div class=\"panel-body toggle-content post-content\"><p>Das Studentenwerk der KHG bietet auch Studierenden mit Kind eine M\u00f6glichkeit in einem Wohnheim zu wohnen.<br \/>\nSpeziell f\u00fcr Familien mit Kind bietet die KHG im <a href=\"https:\/\/www.studentenwerk-khg-aachen.de\/de\/wohnen\/neupforte\/?tag=faq\">KHG Wohnheim Neupforte <\/a>Wohnraum f\u00fcr studentische Familien an.<br \/>\nDie Neupforte ist eine kleine verkehrsberuhigte Stra\u00dfe in Aachens Altstadt. Im Innenhof des Wohnheims gibt es einen gro\u00dfen Sandkasten und verschiedene Spielm\u00f6glichkeiten f\u00fcr Kinder. Auch ein Gem\u00fcsebeet wurde von den Bewohnern angelegt und jedes Jahr gemeinsam bestellt.<\/p>\n<\/div><\/div><\/div><div class=\"fusion-panel panel-default fusion-faq-post fusion-faq-post-12747 bewerbung \"><span class=\"entry-title rich-snippet-hidden\">Wo finde ich die Heimordnung und Heimsatzung?<\/span><span class=\"vcard rich-snippet-hidden\"><span class=\"fn\"><a href=\"https:\/\/www.hermann.rwth-aachen.de\/studentenwohnheim\/author\/felix-3\/\" title=\"Beitr\u00e4ge von Felix Kuhn\" rel=\"author\">Felix Kuhn<\/a><\/span><\/span><span class=\"updated rich-snippet-hidden\">2016-06-16T12:56:07+02:00<\/span><div class=\"panel-heading\"><h4 class=\"panel-title toggle\"><a data-toggle=\"collapse\" class=\"collapsed\" data-parent=\"#accordian-1\" data-target=\"#collapse-1-12747\" href=\"#collapse-1-12747\"><div class=\"fusion-toggle-icon-wrapper\"><div class=\"fusion-toggle-icon-wrapper-main\"><div class=\"fusion-toggle-icon-wrapper-sub\"><i class=\"fa-fusion-box\" aria-hidden=\"true\"><\/i><\/div><\/div><\/div><div class=\"fusion-toggle-heading\">Wo finde ich die Heimordnung und Heimsatzung?<\/div><\/a><\/h4><\/div><div id=\"collapse-1-12747\" class=\"panel-collapse collapse\"><div class=\"panel-body toggle-content post-content\"><p>Die Heimordnung und Heimsatzung bekommst du von uns ausgeh\u00e4ndigt, bevor du deinen Vertrag unterschreibst.<br \/>\nF\u00fcr die Bewerbung sind die beiden Dokumente erst einmal nicht relevant.<\/p>\n<\/div><\/div><\/div><div class=\"fusion-panel panel-default fusion-faq-post fusion-faq-post-12743 bewerbung \"><span class=\"entry-title rich-snippet-hidden\">An wen soll ich die Bewerbung adressieren?<\/span><span class=\"vcard rich-snippet-hidden\"><span class=\"fn\"><a href=\"https:\/\/www.hermann.rwth-aachen.de\/studentenwohnheim\/author\/felix-3\/\" title=\"Beitr\u00e4ge von Felix Kuhn\" rel=\"author\">Felix Kuhn<\/a><\/span><\/span><span class=\"updated rich-snippet-hidden\">2020-04-16T22:03:33+02:00<\/span><div class=\"panel-heading\"><h4 class=\"panel-title toggle\"><a data-toggle=\"collapse\" class=\"collapsed\" data-parent=\"#accordian-1\" data-target=\"#collapse-1-12743\" href=\"#collapse-1-12743\"><div class=\"fusion-toggle-icon-wrapper\"><div class=\"fusion-toggle-icon-wrapper-main\"><div class=\"fusion-toggle-icon-wrapper-sub\"><i class=\"fa-fusion-box\" aria-hidden=\"true\"><\/i><\/div><\/div><\/div><div class=\"fusion-toggle-heading\">An wen soll ich die Bewerbung adressieren?<\/div><\/a><\/h4><\/div><div id=\"collapse-1-12743\" class=\"panel-collapse collapse\"><div class=\"panel-body toggle-content post-content\"><div class=\"fusion-fullwidth fullwidth-box fusion-builder-row-2-13 nonhundred-percent-fullwidth non-hundred-percent-height-scrolling\" style=\"background-color: #ffffff;background-position: center center;background-repeat: no-repeat;padding-top:0px;padding-right:0px;padding-bottom:0px;padding-left:0px;margin-bottom: 0px;margin-top: 0px;border-width: 0px 0px 0px 0px;border-color:#25292b;border-style:solid;\" ><div class=\"fusion-builder-row fusion-row\"><div class=\"fusion-layout-column fusion_builder_column fusion-builder-column-15 fusion_builder_column_1_1 1_1 fusion-one-full fusion-column-first fusion-column-last\" style=\"margin-top:0px;margin-bottom:0px;\"><div class=\"fusion-column-wrapper fusion-flex-column-wrapper-legacy\" style=\"background-position:left top;background-repeat:no-repeat;-webkit-background-size:cover;-moz-background-size:cover;-o-background-size:cover;background-size:cover;padding: 0px 0px 0px 0px;\"><div class=\"fusion-text fusion-text-14\"><p>Wir akzeptieren Bewerbungen, die \u00fcber unser <a href=\"https:\/\/www.studentenwerk-khg-aachen.de\/de\/wohnen\/hermannstrae-\/wohnungsantrag\/\" target=\"_blank\" rel=\"noopener noreferrer\">Bewerbungsformular<\/a> abgeschickt werden. Du kannst uns in der Bewerbung nat\u00fcrlich dutzen. Wir &#8211; das sind die Bewohner der Hermannstra\u00dfe.<\/p>\n<\/div><div class=\"fusion-clearfix\"><\/div><\/div><\/div><\/div><\/div>\n<\/div><\/div><\/div><div class=\"fusion-panel panel-default fusion-faq-post fusion-faq-post-12186 bewerbung \"><span class=\"entry-title rich-snippet-hidden\">Bekomme ich eine Eingangsbest\u00e4tigung der Bewerbung?<\/span><span class=\"vcard rich-snippet-hidden\"><span class=\"fn\"><a href=\"https:\/\/www.hermann.rwth-aachen.de\/studentenwohnheim\/author\/felix-3\/\" title=\"Beitr\u00e4ge von Felix Kuhn\" rel=\"author\">Felix Kuhn<\/a><\/span><\/span><span class=\"updated rich-snippet-hidden\">2016-08-30T14:52:22+02:00<\/span><div class=\"panel-heading\"><h4 class=\"panel-title toggle\"><a data-toggle=\"collapse\" class=\"collapsed\" data-parent=\"#accordian-1\" data-target=\"#collapse-1-12186\" href=\"#collapse-1-12186\"><div class=\"fusion-toggle-icon-wrapper\"><div class=\"fusion-toggle-icon-wrapper-main\"><div class=\"fusion-toggle-icon-wrapper-sub\"><i class=\"fa-fusion-box\" aria-hidden=\"true\"><\/i><\/div><\/div><\/div><div class=\"fusion-toggle-heading\">Bekomme ich eine Eingangsbest\u00e4tigung der Bewerbung?<\/div><\/a><\/h4><\/div><div id=\"collapse-1-12186\" class=\"panel-collapse collapse\"><div class=\"panel-body toggle-content post-content\"><p>Ja! Nach der Bearbeitung erh\u00e4ltst du eine Mail von uns, dass deine Bewerbung eingegangen ist. Beachte, dass die Best\u00e4tigung ggf. erst nach 5-10 Werktagen nach dem Eingang deiner Bewerbung erfolgt.<\/p>\n<\/div><\/div><\/div><\/div><\/div><\/div><\/div><style type=\"text\/css\">.fusion-accordian #accordian-2 .panel-title a .fa-fusion-box:before{ font-size: 13px;}.fusion-accordian #accordian-2 .panel-title a .fa-fusion-box{ color: #ffffff;}.fusion-accordian #accordian-2 .panel-title a{font-size:15px;}.fusion-accordian #accordian-2 .fa-fusion-box { background-color: #333333;border-color: #333333;}.fusion-accordian #accordian-2 .panel-title a:hover,.fusion-accordian #accordian-2 .panel-title a.hover { color: #e55437;}.fusion-faq-shortcode .fusion-accordian #accordian-2 .fusion-toggle-boxed-mode:hover .panel-title a { color: #e55437;}.fusion-accordian #accordian-2 .panel-title .active .fa-fusion-box,.fusion-accordian #accordian-2 .panel-title a:hover .fa-fusion-box,.fusion-accordian #accordian-2 .panel-title a.hover .fa-fusion-box { background-color: #e55437!important;border-color: #e55437!important;}<\/style><div class=\"fusion-faq-shortcode\"><ul class=\"fusion-filters clearfix\"><li class=\"fusion-filter fusion-filter-all fusion-active\"><a data-filter=\"*\" href=\"#\">Alle<\/a><\/li><li class=\"fusion-filter fusion-hidden\"><a data-filter=\".allgemeines\" href=\"#\">Allgemeines<\/a><\/li><li class=\"fusion-filter fusion-hidden\"><a data-filter=\".bewerbung\" href=\"#\">Bewerbung<\/a><\/li><li class=\"fusion-filter fusion-hidden\"><a data-filter=\".verwaltung\" href=\"#\">Verwaltung<\/a><\/li><li class=\"fusion-filter fusion-hidden\"><a data-filter=\".zimmer\" href=\"#\">Zimmer<\/a><\/li><\/ul><div class=\"fusion-faqs-wrapper\"><div class=\"accordian fusion-accordian\"><div class=\"panel-group \" id=\"accordian-2\"><div class=\"fusion-panel panel-default fusion-faq-post fusion-faq-post-13667 allgemeines bewerbung verwaltung zimmer \"><span class=\"entry-title rich-snippet-hidden\">Was ist der HermannBot?<\/span><span class=\"vcard rich-snippet-hidden\"><span class=\"fn\"><a href=\"https:\/\/www.hermann.rwth-aachen.de\/studentenwohnheim\/author\/felix-3\/\" title=\"Beitr\u00e4ge von Felix Kuhn\" rel=\"author\">Felix Kuhn<\/a><\/span><\/span><span class=\"updated rich-snippet-hidden\">2020-06-11T10:13:01+02:00<\/span><div class=\"panel-heading\"><h4 class=\"panel-title toggle\"><a data-toggle=\"collapse\" class=\"collapsed\" data-parent=\"#accordian-2\" data-target=\"#collapse-2-13667\" href=\"#collapse-2-13667\"><div class=\"fusion-toggle-icon-wrapper\"><div class=\"fusion-toggle-icon-wrapper-main\"><div class=\"fusion-toggle-icon-wrapper-sub\"><i class=\"fa-fusion-box\" aria-hidden=\"true\"><\/i><\/div><\/div><\/div><div class=\"fusion-toggle-heading\">Was ist der HermannBot?<\/div><\/a><\/h4><\/div><div id=\"collapse-2-13667\" class=\"panel-collapse collapse\"><div class=\"panel-body toggle-content post-content\"><div class=\"fusion-fullwidth fullwidth-box fusion-builder-row-2-14 nonhundred-percent-fullwidth non-hundred-percent-height-scrolling\" style=\"background-color: #ffffff;background-position: center center;background-repeat: no-repeat;padding-top:0px;padding-right:0px;padding-bottom:0px;padding-left:0px;margin-bottom: 0px;margin-top: 0px;border-width: 0px 0px 0px 0px;border-color:#25292b;border-style:solid;\" ><div class=\"fusion-builder-row fusion-row\"><div class=\"fusion-layout-column fusion_builder_column fusion-builder-column-16 fusion_builder_column_1_1 1_1 fusion-one-full fusion-column-first fusion-column-last\" style=\"margin-top:0px;margin-bottom:20px;\"><div class=\"fusion-column-wrapper fusion-flex-column-wrapper-legacy\" style=\"background-position:left top;background-repeat:no-repeat;-webkit-background-size:cover;-moz-background-size:cover;-o-background-size:cover;background-size:cover;background-color:#ffffff;padding: 0px 0px 0px 0px;\"><div class=\"fusion-text fusion-text-15\"><p>Unser HermannBot hilft dir bei allen Fragen rund ums Wohnheim &#8211; probiere es doch gleich mal aus. Einfach auf die Sprechblase unten rechts klicken! Der HermannBot ist ein Chatbot der mit jeder Frage von dir lernt. Sollte er eine relevante Frage mal nicht beantworten k\u00f6nnen, so hat er sp\u00e4testens nach 48 Stunden eine Antwort f\u00fcr dich.<\/p>\n<\/div><div class=\"fusion-clearfix\"><\/div><\/div><\/div><\/div><\/div>\n<\/div><\/div><\/div><div class=\"fusion-panel panel-default fusion-faq-post fusion-faq-post-12970 allgemeines verwaltung \"><span class=\"entry-title rich-snippet-hidden\">Was ist das HermannWiki und der HermannShop?<\/span><span class=\"vcard rich-snippet-hidden\"><span class=\"fn\"><a href=\"https:\/\/www.hermann.rwth-aachen.de\/studentenwohnheim\/author\/felix-3\/\" title=\"Beitr\u00e4ge von Felix Kuhn\" rel=\"author\">Felix Kuhn<\/a><\/span><\/span><span class=\"updated rich-snippet-hidden\">2016-08-25T13:28:05+02:00<\/span><div class=\"panel-heading\"><h4 class=\"panel-title toggle\"><a data-toggle=\"collapse\" class=\"collapsed\" data-parent=\"#accordian-2\" data-target=\"#collapse-2-12970\" href=\"#collapse-2-12970\"><div class=\"fusion-toggle-icon-wrapper\"><div class=\"fusion-toggle-icon-wrapper-main\"><div class=\"fusion-toggle-icon-wrapper-sub\"><i class=\"fa-fusion-box\" aria-hidden=\"true\"><\/i><\/div><\/div><\/div><div class=\"fusion-toggle-heading\">Was ist das HermannWiki und der HermannShop?<\/div><\/a><\/h4><\/div><div id=\"collapse-2-12970\" class=\"panel-collapse collapse\"><div class=\"panel-body toggle-content post-content\"><p>Das <a href=\"https:\/\/www.hermann.rwth-aachen.de\/studentenwohnheim\/intern\/?tag=faq\" target=\"_blank\">HermannWiki<\/a> unterst\u00fctzt dich beim Einzug. Dort findest du alle Ansprechpartner, Regeln und Tipps f\u00fcr deinen Start bei uns in der Hermannstra\u00dfe. Frage deinen Etagensprecher nach dem Passwort.<\/p>\n<p>\u00dcber unseren <a href=\"https:\/\/erweiterungen.gooding.de\/app\/shop\/studentenwerk-der-katholischen-hochschulgemeinde-aachen-e-v-50507\/category\/beliebteste-shops\/v\/faq\" target=\"_blank\">HermannShop<\/a> kann JEDER bei allen Onlineshops ganz normal und bequem einkaufen. Wenn du den Shop \u00fcber unseren <a href=\"https:\/\/erweiterungen.gooding.de\/app\/shop\/studentenwerk-der-katholischen-hochschulgemeinde-aachen-e-v-50507\/category\/beliebteste-shops\/v\/faq\" target=\"_blank\">HermannShop<\/a> aufrufst, anschlie\u00dfend Artikel in den Warenkorb legst und kaufst, erhalten wir eine Provision, von der wir wichtige Anschaffungen t\u00e4tigen und unser Soziales Projekt unterst\u00fctzen.<\/p>\n<\/div><\/div><\/div><div class=\"fusion-panel panel-default fusion-faq-post fusion-faq-post-12547 allgemeines \"><span class=\"entry-title rich-snippet-hidden\">Mit welchen Verkehrsmittel kann ich anreisen?<\/span><span class=\"vcard rich-snippet-hidden\"><span class=\"fn\"><a href=\"https:\/\/www.hermann.rwth-aachen.de\/studentenwohnheim\/author\/felix-3\/\" title=\"Beitr\u00e4ge von Felix Kuhn\" rel=\"author\">Felix Kuhn<\/a><\/span><\/span><span class=\"updated rich-snippet-hidden\">2023-12-20T13:43:27+01:00<\/span><div class=\"panel-heading\"><h4 class=\"panel-title toggle\"><a data-toggle=\"collapse\" class=\"collapsed\" data-parent=\"#accordian-2\" data-target=\"#collapse-2-12547\" href=\"#collapse-2-12547\"><div class=\"fusion-toggle-icon-wrapper\"><div class=\"fusion-toggle-icon-wrapper-main\"><div class=\"fusion-toggle-icon-wrapper-sub\"><i class=\"fa-fusion-box\" aria-hidden=\"true\"><\/i><\/div><\/div><\/div><div class=\"fusion-toggle-heading\">Mit welchen Verkehrsmittel kann ich anreisen?<\/div><\/a><\/h4><\/div><div id=\"collapse-2-12547\" class=\"panel-collapse collapse\"><div class=\"panel-body toggle-content post-content\"><div class=\"fusion-fullwidth fullwidth-box fusion-builder-row-2-15 fusion-flex-container nonhundred-percent-fullwidth non-hundred-percent-height-scrolling\" style=\"background-color: #25292b;background-position: center center;background-repeat: no-repeat;border-width: 0px 0px 0px 0px;border-color:#25292b;border-style:solid;\" ><div class=\"fusion-builder-row fusion-row fusion-flex-align-items-flex-start\" style=\"width:104% !important;max-width:104% !important;margin-left: calc(-4% \/ 2 );margin-right: calc(-4% \/ 2 );\"><div class=\"fusion-layout-column fusion_builder_column fusion-builder-column-17 fusion_builder_column_1_1 1_1 fusion-flex-column\"><div class=\"fusion-column-wrapper fusion-flex-justify-content-flex-start fusion-content-layout-column\" style=\"background-position:left top;background-repeat:no-repeat;-webkit-background-size:cover;-moz-background-size:cover;-o-background-size:cover;background-size:cover;background-color:#ffffff;padding: 0px 0px 0px 0px;\"><div class=\"fusion-text fusion-text-16\" style=\"color:#333333;\"><p style=\"color: #000000;\">Die Anreise zu unserem Studentenwohnheim ist mit vielen Verkehrsmitteln m\u00f6glich.<\/p>\n<p><span style=\"color: #000000;\">Auto:<\/span><br \/>\n<span style=\"color: #000000;\"><br \/>\nDie Parkpl\u00e4tze in der N\u00e4he des Wohnheims sind sehr begehrt. Kurzfristiges Parken ist nur mit einem kostenpflichtigen Parkschein m\u00f6glich. Die Adresse f\u00fcr dein Navigationsger\u00e4t lautet: Hermannstra\u00dfe 15, 52062 Aachen<\/span><\/p>\n<p><span style=\"color: #000000;\">Bahn:<\/span><br \/>\n<span style=\"color: #000000;\"><br \/>\nDie n\u00e4chsten Bahnh\u00f6fe sind der <\/span><strong style=\"color: #000000;\">Westbahnhof Aachen<\/strong><span style=\"color: #000000;\"> (15 Minuten Fu\u00dfweg) sowie der <\/span><strong style=\"color: #000000;\">Hauptbahnhof Aachen<\/strong><span style=\"color: #000000;\"> (10 Minuten Busfahrt).<\/span><\/p>\n<p><span style=\"color: #000000;\">Bus:<\/span><br \/>\n<span style=\"color: #000000;\"><br \/>\nDie n\u00e4chsten Bushaltestellen sind <\/span><strong style=\"color: #000000;\">Ehrenmal (Lousberg)<\/strong><span style=\"color: #000000;\"> und <\/span><strong style=\"color: #000000;\">Driescher G\u00e4sschen<\/strong><span style=\"color: #000000;\">, die beide in 3 Gehminuten vom Wohnheim zu erreichen sind.<\/span><\/p>\n<p><span style=\"color: #000000;\">Flugzeug:<\/span><br \/>\n<span style=\"color: #000000;\"><br \/>\nAu\u00dferdem ist die Anreise <\/span><a style=\"color: #000000;\" title=\"Anreiseinformationen Aachen\" href=\"http:\/\/www.rwth-aachen.de\/go\/id\/bppk\" target=\"_blank\" rel=\"noopener\">von umliegenden Flugh\u00e4fen<\/a><span style=\"color: #000000;\"> m\u00f6glich.<\/span><\/p>\n<\/div><\/div><style type=\"text\/css\">.fusion-body .fusion-builder-column-17{width:100% !important;margin-top : 0px;margin-bottom : 0px;}.fusion-builder-column-17 > .fusion-column-wrapper {padding-top : 0px !important;padding-right : 0px !important;margin-right : 1.92%;padding-bottom : 0px !important;padding-left : 0px !important;margin-left : 1.92%;}@media only screen and (max-width:1024px) {.fusion-body .fusion-builder-column-17{width:100% !important;order : 0;}.fusion-builder-column-17 > .fusion-column-wrapper {margin-right : 1.92%;margin-left : 1.92%;}}@media only screen and (max-width:640px) {.fusion-body .fusion-builder-column-17{width:100% !important;order : 0;}.fusion-builder-column-17 > .fusion-column-wrapper {margin-right : 1.92%;margin-left : 1.92%;}}<\/style><\/div><\/div><style type=\"text\/css\">.fusion-body .fusion-flex-container.fusion-builder-row-2-15{ padding-top : 0px;margin-top : 0px;padding-right : 0px;padding-bottom : 0px;margin-bottom : 0px;padding-left : 0px;}<\/style><\/div>\n<\/div><\/div><\/div><div class=\"fusion-panel panel-default fusion-faq-post fusion-faq-post-12580 zimmer \"><span class=\"entry-title rich-snippet-hidden\">Haben die Zimmer einen Telefonanschluss?<\/span><span class=\"vcard rich-snippet-hidden\"><span class=\"fn\"><a href=\"https:\/\/www.hermann.rwth-aachen.de\/studentenwohnheim\/author\/felix-3\/\" title=\"Beitr\u00e4ge von Felix Kuhn\" rel=\"author\">Felix Kuhn<\/a><\/span><\/span><span class=\"updated rich-snippet-hidden\">2016-04-27T15:49:28+02:00<\/span><div class=\"panel-heading\"><h4 class=\"panel-title toggle\"><a data-toggle=\"collapse\" class=\"collapsed\" data-parent=\"#accordian-2\" data-target=\"#collapse-2-12580\" href=\"#collapse-2-12580\"><div class=\"fusion-toggle-icon-wrapper\"><div class=\"fusion-toggle-icon-wrapper-main\"><div class=\"fusion-toggle-icon-wrapper-sub\"><i class=\"fa-fusion-box\" aria-hidden=\"true\"><\/i><\/div><\/div><\/div><div class=\"fusion-toggle-heading\">Haben die Zimmer einen Telefonanschluss?<\/div><\/a><\/h4><\/div><div id=\"collapse-2-12580\" class=\"panel-collapse collapse\"><div class=\"panel-body toggle-content post-content\"><p>Es gibt derzeit keine Zimmer, in denen es einen Festnetzanschluss gibt.<\/p>\n<\/div><\/div><\/div><div class=\"fusion-panel panel-default fusion-faq-post fusion-faq-post-12380 allgemeines \"><span class=\"entry-title rich-snippet-hidden\">Darf mein Besuch bei mir \u00fcbernachten?<\/span><span class=\"vcard rich-snippet-hidden\"><span class=\"fn\"><a href=\"https:\/\/www.hermann.rwth-aachen.de\/studentenwohnheim\/author\/felix-3\/\" title=\"Beitr\u00e4ge von Felix Kuhn\" rel=\"author\">Felix Kuhn<\/a><\/span><\/span><span class=\"updated rich-snippet-hidden\">2016-04-14T18:12:04+02:00<\/span><div class=\"panel-heading\"><h4 class=\"panel-title toggle\"><a data-toggle=\"collapse\" class=\"collapsed\" data-parent=\"#accordian-2\" data-target=\"#collapse-2-12380\" href=\"#collapse-2-12380\"><div class=\"fusion-toggle-icon-wrapper\"><div class=\"fusion-toggle-icon-wrapper-main\"><div class=\"fusion-toggle-icon-wrapper-sub\"><i class=\"fa-fusion-box\" aria-hidden=\"true\"><\/i><\/div><\/div><\/div><div class=\"fusion-toggle-heading\">Darf mein Besuch bei mir \u00fcbernachten?<\/div><\/a><\/h4><\/div><div id=\"collapse-2-12380\" class=\"panel-collapse collapse\"><div class=\"panel-body toggle-content post-content\"><p>Ja! Solange es keine Einw\u00e4nde seitens deiner Mitbewohner gibt, ist dies kein Problem.<\/p>\n<\/div><\/div><\/div><div class=\"fusion-panel panel-default fusion-faq-post fusion-faq-post-12378 allgemeines \"><span class=\"entry-title rich-snippet-hidden\">D\u00fcrfen nur RWTH-Studenten bei euch wohnen?<\/span><span class=\"vcard rich-snippet-hidden\"><span class=\"fn\"><a href=\"https:\/\/www.hermann.rwth-aachen.de\/studentenwohnheim\/author\/felix-3\/\" title=\"Beitr\u00e4ge von Felix Kuhn\" rel=\"author\">Felix Kuhn<\/a><\/span><\/span><span class=\"updated rich-snippet-hidden\">2016-04-14T16:39:33+02:00<\/span><div class=\"panel-heading\"><h4 class=\"panel-title toggle\"><a data-toggle=\"collapse\" class=\"collapsed\" data-parent=\"#accordian-2\" data-target=\"#collapse-2-12378\" href=\"#collapse-2-12378\"><div class=\"fusion-toggle-icon-wrapper\"><div class=\"fusion-toggle-icon-wrapper-main\"><div class=\"fusion-toggle-icon-wrapper-sub\"><i class=\"fa-fusion-box\" aria-hidden=\"true\"><\/i><\/div><\/div><\/div><div class=\"fusion-toggle-heading\">D\u00fcrfen nur RWTH-Studenten bei euch wohnen?<\/div><\/a><\/h4><\/div><div id=\"collapse-2-12378\" class=\"panel-collapse collapse\"><div class=\"panel-body toggle-content post-content\"><p>Nein, bei uns d\u00fcrfen Studierende von allen Aachener Hochschulen wohnen.<\/p>\n<\/div><\/div><\/div><div class=\"fusion-panel panel-default fusion-faq-post fusion-faq-post-13540 allgemeines zimmer \"><span class=\"entry-title rich-snippet-hidden\">Darf ich in meinem Zimmer rauchen?<\/span><span class=\"vcard rich-snippet-hidden\"><span class=\"fn\"><a href=\"https:\/\/www.hermann.rwth-aachen.de\/studentenwohnheim\/author\/felix-3\/\" title=\"Beitr\u00e4ge von Felix Kuhn\" rel=\"author\">Felix Kuhn<\/a><\/span><\/span><span class=\"updated rich-snippet-hidden\">2020-04-17T15:24:28+02:00<\/span><div class=\"panel-heading\"><h4 class=\"panel-title toggle\"><a data-toggle=\"collapse\" class=\"collapsed\" data-parent=\"#accordian-2\" data-target=\"#collapse-2-13540\" href=\"#collapse-2-13540\"><div class=\"fusion-toggle-icon-wrapper\"><div class=\"fusion-toggle-icon-wrapper-main\"><div class=\"fusion-toggle-icon-wrapper-sub\"><i class=\"fa-fusion-box\" aria-hidden=\"true\"><\/i><\/div><\/div><\/div><div class=\"fusion-toggle-heading\">Darf ich in meinem Zimmer rauchen?<\/div><\/a><\/h4><\/div><div id=\"collapse-2-13540\" class=\"panel-collapse collapse\"><div class=\"panel-body toggle-content post-content\"><div class=\"fusion-fullwidth fullwidth-box fusion-builder-row-2-16 nonhundred-percent-fullwidth non-hundred-percent-height-scrolling\" style=\"background-color: #ffffff;background-position: center center;background-repeat: no-repeat;padding-top:0px;padding-right:0px;padding-bottom:0px;padding-left:0px;margin-bottom: 0px;margin-top: 0px;border-width: 0px 0px 0px 0px;border-color:#25292b;border-style:solid;\" ><div class=\"fusion-builder-row fusion-row\"><div class=\"fusion-layout-column fusion_builder_column fusion-builder-column-18 fusion_builder_column_1_1 1_1 fusion-one-full fusion-column-first fusion-column-last\" style=\"margin-top:0px;margin-bottom:0px;\"><div class=\"fusion-column-wrapper fusion-flex-column-wrapper-legacy\" style=\"background-position:left top;background-repeat:no-repeat;-webkit-background-size:cover;-moz-background-size:cover;-o-background-size:cover;background-size:cover;background-color:#ffffff;padding: 0px 0px 0px 0px;\"><div class=\"fusion-text fusion-text-17\"><p>Nein, rauchen ist in den Zimmern strengstens untersagt. Das schlie\u00dft auch das Rauchen &#8222;bei offenem Fenster&#8220; ein!<\/p>\n<\/div><div class=\"fusion-clearfix\"><\/div><\/div><\/div><\/div><\/div>\n<\/div><\/div><\/div><div class=\"fusion-panel panel-default fusion-faq-post fusion-faq-post-12376 allgemeines \"><span class=\"entry-title rich-snippet-hidden\">Gibt es bei euch Sperrzeiten?<\/span><span class=\"vcard rich-snippet-hidden\"><span class=\"fn\"><a href=\"https:\/\/www.hermann.rwth-aachen.de\/studentenwohnheim\/author\/felix-3\/\" title=\"Beitr\u00e4ge von Felix Kuhn\" rel=\"author\">Felix Kuhn<\/a><\/span><\/span><span class=\"updated rich-snippet-hidden\">2016-04-12T18:06:02+02:00<\/span><div class=\"panel-heading\"><h4 class=\"panel-title toggle\"><a data-toggle=\"collapse\" class=\"collapsed\" data-parent=\"#accordian-2\" data-target=\"#collapse-2-12376\" href=\"#collapse-2-12376\"><div class=\"fusion-toggle-icon-wrapper\"><div class=\"fusion-toggle-icon-wrapper-main\"><div class=\"fusion-toggle-icon-wrapper-sub\"><i class=\"fa-fusion-box\" aria-hidden=\"true\"><\/i><\/div><\/div><\/div><div class=\"fusion-toggle-heading\">Gibt es bei euch Sperrzeiten?<\/div><\/a><\/h4><\/div><div id=\"collapse-2-12376\" class=\"panel-collapse collapse\"><div class=\"panel-body toggle-content post-content\"><p>Nein, so etwas gibt es bei uns nicht.<\/p>\n<\/div><\/div><\/div><div class=\"fusion-panel panel-default fusion-faq-post fusion-faq-post-12374 zimmer \"><span class=\"entry-title rich-snippet-hidden\">Sind die Appartements mit einer K\u00fcche ausgestattet?<\/span><span class=\"vcard rich-snippet-hidden\"><span class=\"fn\"><a href=\"https:\/\/www.hermann.rwth-aachen.de\/studentenwohnheim\/author\/felix-3\/\" title=\"Beitr\u00e4ge von Felix Kuhn\" rel=\"author\">Felix Kuhn<\/a><\/span><\/span><span class=\"updated rich-snippet-hidden\">2016-04-25T17:03:12+02:00<\/span><div class=\"panel-heading\"><h4 class=\"panel-title toggle\"><a data-toggle=\"collapse\" class=\"collapsed\" data-parent=\"#accordian-2\" data-target=\"#collapse-2-12374\" href=\"#collapse-2-12374\"><div class=\"fusion-toggle-icon-wrapper\"><div class=\"fusion-toggle-icon-wrapper-main\"><div class=\"fusion-toggle-icon-wrapper-sub\"><i class=\"fa-fusion-box\" aria-hidden=\"true\"><\/i><\/div><\/div><\/div><div class=\"fusion-toggle-heading\">Sind die Appartements mit einer K\u00fcche ausgestattet?<\/div><\/a><\/h4><\/div><div id=\"collapse-2-12374\" class=\"panel-collapse collapse\"><div class=\"panel-body toggle-content post-content\"><p>Im Hinterlieger haben die Appartements eine gro\u00dfe und moderne Gemeinschaftsk\u00fcche. Die beiden Appartements im Neubau haben jeweils beide eine eigene K\u00fcche.<\/p>\n<\/div><\/div><\/div><div class=\"fusion-panel panel-default fusion-faq-post fusion-faq-post-12250 zimmer \"><span class=\"entry-title rich-snippet-hidden\">Sind Haustiere erlaubt?<\/span><span class=\"vcard rich-snippet-hidden\"><span class=\"fn\"><a href=\"https:\/\/www.hermann.rwth-aachen.de\/studentenwohnheim\/author\/felix-3\/\" title=\"Beitr\u00e4ge von Felix Kuhn\" rel=\"author\">Felix Kuhn<\/a><\/span><\/span><span class=\"updated rich-snippet-hidden\">2016-04-10T14:39:40+02:00<\/span><div class=\"panel-heading\"><h4 class=\"panel-title toggle\"><a data-toggle=\"collapse\" class=\"collapsed\" data-parent=\"#accordian-2\" data-target=\"#collapse-2-12250\" href=\"#collapse-2-12250\"><div class=\"fusion-toggle-icon-wrapper\"><div class=\"fusion-toggle-icon-wrapper-main\"><div class=\"fusion-toggle-icon-wrapper-sub\"><i class=\"fa-fusion-box\" aria-hidden=\"true\"><\/i><\/div><\/div><\/div><div class=\"fusion-toggle-heading\">Sind Haustiere erlaubt?<\/div><\/a><\/h4><\/div><div id=\"collapse-2-12250\" class=\"panel-collapse collapse\"><div class=\"panel-body toggle-content post-content\"><p>Nein, Haustiere sind nicht erlaubt!<\/p>\n<\/div><\/div><\/div><div class=\"fusion-panel panel-default fusion-faq-post fusion-faq-post-12244 allgemeines bewerbung \"><span class=\"entry-title rich-snippet-hidden\">Was ist der Bewerberabend?<\/span><span class=\"vcard rich-snippet-hidden\"><span class=\"fn\"><a href=\"https:\/\/www.hermann.rwth-aachen.de\/studentenwohnheim\/author\/felix-3\/\" title=\"Beitr\u00e4ge von Felix Kuhn\" rel=\"author\">Felix Kuhn<\/a><\/span><\/span><span class=\"updated rich-snippet-hidden\">2016-05-04T15:45:31+02:00<\/span><div class=\"panel-heading\"><h4 class=\"panel-title toggle\"><a data-toggle=\"collapse\" class=\"collapsed\" data-parent=\"#accordian-2\" data-target=\"#collapse-2-12244\" href=\"#collapse-2-12244\"><div class=\"fusion-toggle-icon-wrapper\"><div class=\"fusion-toggle-icon-wrapper-main\"><div class=\"fusion-toggle-icon-wrapper-sub\"><i class=\"fa-fusion-box\" aria-hidden=\"true\"><\/i><\/div><\/div><\/div><div class=\"fusion-toggle-heading\">Was ist der Bewerberabend?<\/div><\/a><\/h4><\/div><div id=\"collapse-2-12244\" class=\"panel-collapse collapse\"><div class=\"panel-body toggle-content post-content\"><p>Eine Etage veranstaltet einen Bewerberabend, wenn auf der jeweiligen Etage ein Zimmer frei geworden ist. Gemeinsam mit wenigen anderen Bewerbern m\u00f6chte dich die Etage bei einer Kleinigkeit zu essen und zu trinken kennenlernen.<br \/>\nDie Einladung erh\u00e4ltst du per Mail oder am Telefon vom jeweiligen Etagensprecher.<\/p>\n<\/div><\/div><\/div><div class=\"fusion-panel panel-default fusion-faq-post fusion-faq-post-12240 allgemeines \"><span class=\"entry-title rich-snippet-hidden\">Kann ich mein Auto an eurem Studentenwohnheim parken?<\/span><span class=\"vcard rich-snippet-hidden\"><span class=\"fn\"><a href=\"https:\/\/www.hermann.rwth-aachen.de\/studentenwohnheim\/author\/felix-3\/\" title=\"Beitr\u00e4ge von Felix Kuhn\" rel=\"author\">Felix Kuhn<\/a><\/span><\/span><span class=\"updated rich-snippet-hidden\">2023-11-03T18:09:08+01:00<\/span><div class=\"panel-heading\"><h4 class=\"panel-title toggle\"><a data-toggle=\"collapse\" class=\"collapsed\" data-parent=\"#accordian-2\" data-target=\"#collapse-2-12240\" href=\"#collapse-2-12240\"><div class=\"fusion-toggle-icon-wrapper\"><div class=\"fusion-toggle-icon-wrapper-main\"><div class=\"fusion-toggle-icon-wrapper-sub\"><i class=\"fa-fusion-box\" aria-hidden=\"true\"><\/i><\/div><\/div><\/div><div class=\"fusion-toggle-heading\">Kann ich mein Auto an eurem Studentenwohnheim parken?<\/div><\/a><\/h4><\/div><div id=\"collapse-2-12240\" class=\"panel-collapse collapse\"><div class=\"panel-body toggle-content post-content\"><div class=\"fusion-fullwidth fullwidth-box fusion-builder-row-2-17 nonhundred-percent-fullwidth non-hundred-percent-height-scrolling\" style=\"background-color: #ffffff;background-position: center center;background-repeat: no-repeat;padding-top:0px;padding-right:0px;padding-bottom:0px;padding-left:0px;margin-bottom: 0px;margin-top: 0px;border-width: 0px 0px 0px 0px;border-color:#25292b;border-style:solid;\" ><div class=\"fusion-builder-row fusion-row\"><div class=\"fusion-layout-column fusion_builder_column fusion-builder-column-19 fusion_builder_column_1_1 1_1 fusion-one-full fusion-column-first fusion-column-last\" style=\"margin-top:0px;margin-bottom:0px;\"><div class=\"fusion-column-wrapper fusion-flex-column-wrapper-legacy\" style=\"background-position:left top;background-repeat:no-repeat;-webkit-background-size:cover;-moz-background-size:cover;-o-background-size:cover;background-size:cover;padding: 0px 0px 0px 0px;\"><div class=\"fusion-text fusion-text-18\"><p>Die Parkpl\u00e4tze in Aachen sind sehr begehrt. F\u00fcr dauerhaftes Parken ben\u00f6tigst du einen Anwohnerparkausweis. Direkt vor dem Wohnheim gibt es jedoch kurzzeitige, kostenpflichtige Parkpl\u00e4tze. Auch in allen umliegenden Stra\u00dfen ist ein kostenpflichtiges Parkticket n\u00f6tig &#8211; nicht vergessen!<\/p>\n<\/div><div class=\"fusion-clearfix\"><\/div><\/div><\/div><\/div><\/div>\n<\/div><\/div><\/div><div class=\"fusion-panel panel-default fusion-faq-post fusion-faq-post-12238 zimmer \"><span class=\"entry-title rich-snippet-hidden\">Sind meine pers\u00f6nlichen Sachen im Studentenwohnheim versichert?<\/span><span class=\"vcard rich-snippet-hidden\"><span class=\"fn\"><a href=\"https:\/\/www.hermann.rwth-aachen.de\/studentenwohnheim\/author\/felix-3\/\" title=\"Beitr\u00e4ge von Felix Kuhn\" rel=\"author\">Felix Kuhn<\/a><\/span><\/span><span class=\"updated rich-snippet-hidden\">2016-04-10T13:30:01+02:00<\/span><div class=\"panel-heading\"><h4 class=\"panel-title toggle\"><a data-toggle=\"collapse\" class=\"collapsed\" data-parent=\"#accordian-2\" data-target=\"#collapse-2-12238\" href=\"#collapse-2-12238\"><div class=\"fusion-toggle-icon-wrapper\"><div class=\"fusion-toggle-icon-wrapper-main\"><div class=\"fusion-toggle-icon-wrapper-sub\"><i class=\"fa-fusion-box\" aria-hidden=\"true\"><\/i><\/div><\/div><\/div><div class=\"fusion-toggle-heading\">Sind meine pers\u00f6nlichen Sachen im Studentenwohnheim versichert?<\/div><\/a><\/h4><\/div><div id=\"collapse-2-12238\" class=\"panel-collapse collapse\"><div class=\"panel-body toggle-content post-content\"><p>F\u00fcr deine pers\u00f6nlichen Sachen im Zimmer schlie\u00dfe bitte eine eigene Versicherung ab.<\/p>\n<\/div><\/div><\/div><div class=\"fusion-panel panel-default fusion-faq-post fusion-faq-post-12236 allgemeines \"><span class=\"entry-title rich-snippet-hidden\">Wer reinigt die Gemeinschaftsr\u00e4ume?<\/span><span class=\"vcard rich-snippet-hidden\"><span class=\"fn\"><a href=\"https:\/\/www.hermann.rwth-aachen.de\/studentenwohnheim\/author\/felix-3\/\" title=\"Beitr\u00e4ge von Felix Kuhn\" rel=\"author\">Felix Kuhn<\/a><\/span><\/span><span class=\"updated rich-snippet-hidden\">2017-02-13T23:24:40+01:00<\/span><div class=\"panel-heading\"><h4 class=\"panel-title toggle\"><a data-toggle=\"collapse\" class=\"collapsed\" data-parent=\"#accordian-2\" data-target=\"#collapse-2-12236\" href=\"#collapse-2-12236\"><div class=\"fusion-toggle-icon-wrapper\"><div class=\"fusion-toggle-icon-wrapper-main\"><div class=\"fusion-toggle-icon-wrapper-sub\"><i class=\"fa-fusion-box\" aria-hidden=\"true\"><\/i><\/div><\/div><\/div><div class=\"fusion-toggle-heading\">Wer reinigt die Gemeinschaftsr\u00e4ume?<\/div><\/a><\/h4><\/div><div id=\"collapse-2-12236\" class=\"panel-collapse collapse\"><div class=\"panel-body toggle-content post-content\"><p>Die <a href=\"https:\/\/www.hermann.rwth-aachen.de\/studentenwohnheim\/wohnen\/#gemeinschaft\">Gemeinschaftsr\u00e4ume<\/a>, K\u00fcchen und alle Flure werden durch nettes Reinigungspersonal t\u00e4glich gereinigt. F\u00fcr die Sauberkeit in deinem Zimmer bist du selbst verantwortlich.<\/p>\n<\/div><\/div><\/div><div class=\"fusion-panel panel-default fusion-faq-post fusion-faq-post-12234 allgemeines \"><span class=\"entry-title rich-snippet-hidden\">Entstehen zus\u00e4tzlich zur Miete weitere Kosten?<\/span><span class=\"vcard rich-snippet-hidden\"><span class=\"fn\"><a href=\"https:\/\/www.hermann.rwth-aachen.de\/studentenwohnheim\/author\/felix-3\/\" title=\"Beitr\u00e4ge von Felix Kuhn\" rel=\"author\">Felix Kuhn<\/a><\/span><\/span><span class=\"updated rich-snippet-hidden\">2023-12-20T13:45:47+01:00<\/span><div class=\"panel-heading\"><h4 class=\"panel-title toggle\"><a data-toggle=\"collapse\" class=\"collapsed\" data-parent=\"#accordian-2\" data-target=\"#collapse-2-12234\" href=\"#collapse-2-12234\"><div class=\"fusion-toggle-icon-wrapper\"><div class=\"fusion-toggle-icon-wrapper-main\"><div class=\"fusion-toggle-icon-wrapper-sub\"><i class=\"fa-fusion-box\" aria-hidden=\"true\"><\/i><\/div><\/div><\/div><div class=\"fusion-toggle-heading\">Entstehen zus\u00e4tzlich zur Miete weitere Kosten?<\/div><\/a><\/h4><\/div><div id=\"collapse-2-12234\" class=\"panel-collapse collapse\"><div class=\"panel-body toggle-content post-content\"><div class=\"fusion-fullwidth fullwidth-box fusion-builder-row-2-18 fusion-flex-container nonhundred-percent-fullwidth non-hundred-percent-height-scrolling\" style=\"background-color: #25292b;background-position: center center;background-repeat: no-repeat;border-width: 0px 0px 0px 0px;border-color:#25292b;border-style:solid;\" ><div class=\"fusion-builder-row fusion-row fusion-flex-align-items-flex-start\" style=\"width:104% !important;max-width:104% !important;margin-left: calc(-4% \/ 2 );margin-right: calc(-4% \/ 2 );\"><div class=\"fusion-layout-column fusion_builder_column fusion-builder-column-20 fusion_builder_column_1_1 1_1 fusion-flex-column\"><div class=\"fusion-column-wrapper fusion-flex-justify-content-flex-start fusion-content-layout-column\" style=\"background-position:left top;background-repeat:no-repeat;-webkit-background-size:cover;-moz-background-size:cover;-o-background-size:cover;background-size:cover;padding: 0px 0px 0px 0px;\"><div class=\"fusion-text fusion-text-19\"><p>Bei den angegebenen Mieten handelt es sich um Warmmieten. Zus\u00e4tzlich zur Miete musst du einen etagenabh\u00e4ngigen Semesterbeitrag bezahlen.<br \/>\nNeben diesen festen Kosten gibt es eine Reihe variabler Kosten, die von deinem pers\u00f6nlichen Nutzungsverhalten abh\u00e4ngen:<\/p>\n<p>1. Wasch- und Trocknerkosten &#8211; ca. 25 Cent pro W\u00e4sche<br \/>\n2. Getr\u00e4nkekosten &#8211; Getr\u00e4nke zum Selbstkostenpreis gibt es in jedem Etagengetr\u00e4nkeschrank<br \/>\n3. Druckerkosten &#8211; eine Seite kostet ca. 1 Cent<\/p>\n<\/div><\/div><style type=\"text\/css\">.fusion-body .fusion-builder-column-20{width:100% !important;margin-top : 0px;margin-bottom : 0px;}.fusion-builder-column-20 > .fusion-column-wrapper {padding-top : 0px !important;padding-right : 0px !important;margin-right : 1.92%;padding-bottom : 0px !important;padding-left : 0px !important;margin-left : 1.92%;}@media only screen and (max-width:1024px) {.fusion-body .fusion-builder-column-20{width:100% !important;}.fusion-builder-column-20 > .fusion-column-wrapper {margin-right : 1.92%;margin-left : 1.92%;}}@media only screen and (max-width:640px) {.fusion-body .fusion-builder-column-20{width:100% !important;}.fusion-builder-column-20 > .fusion-column-wrapper {margin-right : 1.92%;margin-left : 1.92%;}}<\/style><\/div><\/div><style type=\"text\/css\">.fusion-body .fusion-flex-container.fusion-builder-row-2-18{ padding-top : 0px;margin-top : 0px;padding-right : 0px;padding-bottom : 0px;margin-bottom : 0px;padding-left : 0px;}<\/style><\/div>\n<\/div><\/div><\/div><div class=\"fusion-panel panel-default fusion-faq-post fusion-faq-post-12232 allgemeines verwaltung \"><span class=\"entry-title rich-snippet-hidden\">Kann der Mietvertrag gek\u00fcndigt werden?<\/span><span class=\"vcard rich-snippet-hidden\"><span class=\"fn\"><a href=\"https:\/\/www.hermann.rwth-aachen.de\/studentenwohnheim\/author\/felix-3\/\" title=\"Beitr\u00e4ge von Felix Kuhn\" rel=\"author\">Felix Kuhn<\/a><\/span><\/span><span class=\"updated rich-snippet-hidden\">2016-04-10T13:22:54+02:00<\/span><div class=\"panel-heading\"><h4 class=\"panel-title toggle\"><a data-toggle=\"collapse\" class=\"collapsed\" data-parent=\"#accordian-2\" data-target=\"#collapse-2-12232\" href=\"#collapse-2-12232\"><div class=\"fusion-toggle-icon-wrapper\"><div class=\"fusion-toggle-icon-wrapper-main\"><div class=\"fusion-toggle-icon-wrapper-sub\"><i class=\"fa-fusion-box\" aria-hidden=\"true\"><\/i><\/div><\/div><\/div><div class=\"fusion-toggle-heading\">Kann der Mietvertrag gek\u00fcndigt werden?<\/div><\/a><\/h4><\/div><div id=\"collapse-2-12232\" class=\"panel-collapse collapse\"><div class=\"panel-body toggle-content post-content\"><p>Du kannst mit einer K\u00fcndigungsfrist von 2 Monaten das Zimmer k\u00fcndigen. Bei Verst\u00f6\u00dfen gegen die Heimordnung oder Heimsatzung kann dir auch vom Studentenwerk der KHG gek\u00fcndigt werden.<\/p>\n<\/div><\/div><\/div><div class=\"fusion-panel panel-default fusion-faq-post fusion-faq-post-12229 bewerbung zimmer \"><span class=\"entry-title rich-snippet-hidden\">Ich m\u00f6chte mit meinem Freund\/ meiner Freundin in eurem Studentenwohnheim wohnen. Was m\u00fcssen wir tun?<\/span><span class=\"vcard rich-snippet-hidden\"><span class=\"fn\"><a href=\"https:\/\/www.hermann.rwth-aachen.de\/studentenwohnheim\/author\/felix-3\/\" title=\"Beitr\u00e4ge von Felix Kuhn\" rel=\"author\">Felix Kuhn<\/a><\/span><\/span><span class=\"updated rich-snippet-hidden\">2016-04-30T11:39:56+02:00<\/span><div class=\"panel-heading\"><h4 class=\"panel-title toggle\"><a data-toggle=\"collapse\" class=\"collapsed\" data-parent=\"#accordian-2\" data-target=\"#collapse-2-12229\" href=\"#collapse-2-12229\"><div class=\"fusion-toggle-icon-wrapper\"><div class=\"fusion-toggle-icon-wrapper-main\"><div class=\"fusion-toggle-icon-wrapper-sub\"><i class=\"fa-fusion-box\" aria-hidden=\"true\"><\/i><\/div><\/div><\/div><div class=\"fusion-toggle-heading\">Ich m\u00f6chte mit meinem Freund\/ meiner Freundin in eurem Studentenwohnheim wohnen. Was m\u00fcssen wir tun?<\/div><\/a><\/h4><\/div><div id=\"collapse-2-12229\" class=\"panel-collapse collapse\"><div class=\"panel-body toggle-content post-content\"><p>Wir haben mehrere <a href=\"https:\/\/www.hermann.rwth-aachen.de\/studentenwohnheim\/wohnen\/#zimmer\">Appartements<\/a>, die f\u00fcr euch in Frage kommen. Schreibt beide eine <a href=\"https:\/\/www.hermann.rwth-aachen.de\/studentenwohnheim\/bewerbung\/\">Bewerbung<\/a>, f\u00fcllt beide das Bewerbungsformular aus und sendet die Unterlagen gemeinsam an die Bewerbungsadresse.<\/p>\n<\/div><\/div><\/div><div class=\"fusion-panel panel-default fusion-faq-post fusion-faq-post-12224 bewerbung zimmer \"><span class=\"entry-title rich-snippet-hidden\">Kann ich mir die Zimmer anschauen?<\/span><span class=\"vcard rich-snippet-hidden\"><span class=\"fn\"><a href=\"https:\/\/www.hermann.rwth-aachen.de\/studentenwohnheim\/author\/felix-3\/\" title=\"Beitr\u00e4ge von Felix Kuhn\" rel=\"author\">Felix Kuhn<\/a><\/span><\/span><span class=\"updated rich-snippet-hidden\">2023-12-20T13:46:35+01:00<\/span><div class=\"panel-heading\"><h4 class=\"panel-title toggle\"><a data-toggle=\"collapse\" class=\"collapsed\" data-parent=\"#accordian-2\" data-target=\"#collapse-2-12224\" href=\"#collapse-2-12224\"><div class=\"fusion-toggle-icon-wrapper\"><div class=\"fusion-toggle-icon-wrapper-main\"><div class=\"fusion-toggle-icon-wrapper-sub\"><i class=\"fa-fusion-box\" aria-hidden=\"true\"><\/i><\/div><\/div><\/div><div class=\"fusion-toggle-heading\">Kann ich mir die Zimmer anschauen?<\/div><\/a><\/h4><\/div><div id=\"collapse-2-12224\" class=\"panel-collapse collapse\"><div class=\"panel-body toggle-content post-content\"><div class=\"fusion-fullwidth fullwidth-box fusion-builder-row-2-19 nonhundred-percent-fullwidth non-hundred-percent-height-scrolling\" style=\"background-color: #ffffff;background-position: center center;background-repeat: no-repeat;padding-top:0px;padding-right:0px;padding-bottom:0px;padding-left:0px;margin-bottom: 0px;margin-top: 0px;border-width: 0px 0px 0px 0px;border-color:#25292b;border-style:solid;\" ><div class=\"fusion-builder-row fusion-row\"><div class=\"fusion-layout-column fusion_builder_column fusion-builder-column-21 fusion_builder_column_1_1 1_1 fusion-one-full fusion-column-first fusion-column-last\" style=\"margin-top:0px;margin-bottom:0px;\"><div class=\"fusion-column-wrapper fusion-flex-column-wrapper-legacy\" style=\"background-position:left top;background-repeat:no-repeat;-webkit-background-size:cover;-moz-background-size:cover;-o-background-size:cover;background-size:cover;padding: 0px 0px 0px 0px;\"><div class=\"fusion-text fusion-text-20\"><p>Einen offiziellen Besichtigungstermin gibt es nicht. Beim Bewerberabend zeigen wir dir unser Studentenwohnheim und auch das <a href=\"https:\/\/www.hermann.rwth-aachen.de\/studentenwohnheim\/wohnen\/#zimmer\">Zimmer<\/a>. Wenn du dennoch schon vorher das Studentenwohnheim &#8222;live und in Farbe&#8220; kennenlernen willst, zeigt dir ein Bewohner gerne das Wohnheim. Damit auch jemand da ist, schreibe uns bitte vorher eine Anfrage \u00fcber <a href=\"https:\/\/www.instagram.com\/h15wohnheim\/?hl=de\">Instagram<\/a>\u00a0oder das <a href=\"https:\/\/www.hermann.rwth-aachen.de\/studentenwohnheim\/kontakt\/\">Kontaktformular.<\/a><\/p>\n<\/div><div class=\"fusion-clearfix\"><\/div><\/div><\/div><\/div><\/div>\n<\/div><\/div><\/div><div class=\"fusion-panel panel-default fusion-faq-post fusion-faq-post-12222 allgemeines \"><span class=\"entry-title rich-snippet-hidden\">Muss ich katholisch sein, um bei euch zu wohnen?<\/span><span class=\"vcard rich-snippet-hidden\"><span class=\"fn\"><a href=\"https:\/\/www.hermann.rwth-aachen.de\/studentenwohnheim\/author\/felix-3\/\" title=\"Beitr\u00e4ge von Felix Kuhn\" rel=\"author\">Felix Kuhn<\/a><\/span><\/span><span class=\"updated rich-snippet-hidden\">2016-04-10T16:40:49+02:00<\/span><div class=\"panel-heading\"><h4 class=\"panel-title toggle\"><a data-toggle=\"collapse\" class=\"collapsed\" data-parent=\"#accordian-2\" data-target=\"#collapse-2-12222\" href=\"#collapse-2-12222\"><div class=\"fusion-toggle-icon-wrapper\"><div class=\"fusion-toggle-icon-wrapper-main\"><div class=\"fusion-toggle-icon-wrapper-sub\"><i class=\"fa-fusion-box\" aria-hidden=\"true\"><\/i><\/div><\/div><\/div><div class=\"fusion-toggle-heading\">Muss ich katholisch sein, um bei euch zu wohnen?<\/div><\/a><\/h4><\/div><div id=\"collapse-2-12222\" class=\"panel-collapse collapse\"><div class=\"panel-body toggle-content post-content\"><p>Nein! Deine Konfession ist nicht entscheidungsrelevant.<\/p>\n<\/div><\/div><\/div><div class=\"fusion-panel panel-default fusion-faq-post fusion-faq-post-12220 allgemeines \"><span class=\"entry-title rich-snippet-hidden\">Gibt es eine Mietzeitbeschr\u00e4nkung?<\/span><span class=\"vcard rich-snippet-hidden\"><span class=\"fn\"><a href=\"https:\/\/www.hermann.rwth-aachen.de\/studentenwohnheim\/author\/felix-3\/\" title=\"Beitr\u00e4ge von Felix Kuhn\" rel=\"author\">Felix Kuhn<\/a><\/span><\/span><span class=\"updated rich-snippet-hidden\">2023-12-20T13:47:22+01:00<\/span><div class=\"panel-heading\"><h4 class=\"panel-title toggle\"><a data-toggle=\"collapse\" class=\"collapsed\" data-parent=\"#accordian-2\" data-target=\"#collapse-2-12220\" href=\"#collapse-2-12220\"><div class=\"fusion-toggle-icon-wrapper\"><div class=\"fusion-toggle-icon-wrapper-main\"><div class=\"fusion-toggle-icon-wrapper-sub\"><i class=\"fa-fusion-box\" aria-hidden=\"true\"><\/i><\/div><\/div><\/div><div class=\"fusion-toggle-heading\">Gibt es eine Mietzeitbeschr\u00e4nkung?<\/div><\/a><\/h4><\/div><div id=\"collapse-2-12220\" class=\"panel-collapse collapse\"><div class=\"panel-body toggle-content post-content\"><div class=\"fusion-fullwidth fullwidth-box fusion-builder-row-2-20 fusion-flex-container nonhundred-percent-fullwidth non-hundred-percent-height-scrolling\" style=\"background-color: #25292b;background-position: center center;background-repeat: no-repeat;border-width: 0px 0px 0px 0px;border-color:#25292b;border-style:solid;\" ><div class=\"fusion-builder-row fusion-row fusion-flex-align-items-flex-start\" style=\"width:104% !important;max-width:104% !important;margin-left: calc(-4% \/ 2 );margin-right: calc(-4% \/ 2 );\"><div class=\"fusion-layout-column fusion_builder_column fusion-builder-column-22 fusion_builder_column_1_1 1_1 fusion-flex-column\"><div class=\"fusion-column-wrapper fusion-flex-justify-content-flex-start fusion-content-layout-column\" style=\"background-position:left top;background-repeat:no-repeat;-webkit-background-size:cover;-moz-background-size:cover;-o-background-size:cover;background-size:cover;background-color:#ffffff;padding: 0px 0px 0px 0px;\"><div class=\"fusion-text fusion-text-21\" style=\"color:#333333;\"><p>Ja!<span style=\"color: #000000;\"> Bei uns kannst du f\u00fcr die geplante Regelstudienzeit deines Studiums wohnen. Falls du bereits studierst, wird dies in der Mietdauer entsprechend verrechnet.<\/span><\/p>\n<\/div><\/div><style type=\"text\/css\">.fusion-body .fusion-builder-column-22{width:100% !important;margin-top : 0px;margin-bottom : 0px;}.fusion-builder-column-22 > .fusion-column-wrapper {padding-top : 0px !important;padding-right : 0px !important;margin-right : 1.92%;padding-bottom : 0px !important;padding-left : 0px !important;margin-left : 1.92%;}@media only screen and (max-width:1024px) {.fusion-body .fusion-builder-column-22{width:100% !important;}.fusion-builder-column-22 > .fusion-column-wrapper {margin-right : 1.92%;margin-left : 1.92%;}}@media only screen and (max-width:640px) {.fusion-body .fusion-builder-column-22{width:100% !important;}.fusion-builder-column-22 > .fusion-column-wrapper {margin-right : 1.92%;margin-left : 1.92%;}}<\/style><\/div><\/div><style type=\"text\/css\">.fusion-body .fusion-flex-container.fusion-builder-row-2-20{ padding-top : 0px;margin-top : 0px;padding-right : 0px;padding-bottom : 0px;margin-bottom : 0px;padding-left : 0px;}<\/style><\/div>\n<\/div><\/div><\/div><div class=\"fusion-panel panel-default fusion-faq-post fusion-faq-post-12218 bewerbung \"><span class=\"entry-title rich-snippet-hidden\">Wie weit im Voraus vergebt ihr die Zimmer?<\/span><span class=\"vcard rich-snippet-hidden\"><span class=\"fn\"><a href=\"https:\/\/www.hermann.rwth-aachen.de\/studentenwohnheim\/author\/felix-3\/\" title=\"Beitr\u00e4ge von Felix Kuhn\" rel=\"author\">Felix Kuhn<\/a><\/span><\/span><span class=\"updated rich-snippet-hidden\">2016-04-25T17:07:39+02:00<\/span><div class=\"panel-heading\"><h4 class=\"panel-title toggle\"><a data-toggle=\"collapse\" class=\"collapsed\" data-parent=\"#accordian-2\" data-target=\"#collapse-2-12218\" href=\"#collapse-2-12218\"><div class=\"fusion-toggle-icon-wrapper\"><div class=\"fusion-toggle-icon-wrapper-main\"><div class=\"fusion-toggle-icon-wrapper-sub\"><i class=\"fa-fusion-box\" aria-hidden=\"true\"><\/i><\/div><\/div><\/div><div class=\"fusion-toggle-heading\">Wie weit im Voraus vergebt ihr die Zimmer?<\/div><\/a><\/h4><\/div><div id=\"collapse-2-12218\" class=\"panel-collapse collapse\"><div class=\"panel-body toggle-content post-content\"><p>Der Bewerberabend mit dir und der Etage findet meist 2-4 Wochen vor dem Mietbeginn statt. Wenige Tage nach dem Bewerberabend teilen wir dir die Entscheidung mit, ob du das Zimmer bekommst.<\/p>\n<\/div><\/div><\/div><div class=\"fusion-panel panel-default fusion-faq-post fusion-faq-post-12216 allgemeines verwaltung \"><span class=\"entry-title rich-snippet-hidden\">Muss ich mich in eurem Studentenwohnheim engagieren?<\/span><span class=\"vcard rich-snippet-hidden\"><span class=\"fn\"><a href=\"https:\/\/www.hermann.rwth-aachen.de\/studentenwohnheim\/author\/felix-3\/\" title=\"Beitr\u00e4ge von Felix Kuhn\" rel=\"author\">Felix Kuhn<\/a><\/span><\/span><span class=\"updated rich-snippet-hidden\">2016-04-30T11:43:26+02:00<\/span><div class=\"panel-heading\"><h4 class=\"panel-title toggle\"><a data-toggle=\"collapse\" class=\"collapsed\" data-parent=\"#accordian-2\" data-target=\"#collapse-2-12216\" href=\"#collapse-2-12216\"><div class=\"fusion-toggle-icon-wrapper\"><div class=\"fusion-toggle-icon-wrapper-main\"><div class=\"fusion-toggle-icon-wrapper-sub\"><i class=\"fa-fusion-box\" aria-hidden=\"true\"><\/i><\/div><\/div><\/div><div class=\"fusion-toggle-heading\">Muss ich mich in eurem Studentenwohnheim engagieren?<\/div><\/a><\/h4><\/div><div id=\"collapse-2-12216\" class=\"panel-collapse collapse\"><div class=\"panel-body toggle-content post-content\"><p>Wir sind stolz darauf durch die <a href=\"https:\/\/www.hermann.rwth-aachen.de\/studentenwohnheim\/leben\/\">Selbstverwaltung<\/a> sehr viele Freiheiten zu haben. Damit dies auch weiterhin so ist, \u00fcbernimmt jeder im Wohnheim kleinere oder gr\u00f6\u00dfere Aufgaben.<\/p>\n<\/div><\/div><\/div><div class=\"fusion-panel panel-default fusion-faq-post fusion-faq-post-12214 allgemeines zimmer \"><span class=\"entry-title rich-snippet-hidden\">Darf ich mein Zimmer untervermieten?<\/span><span class=\"vcard rich-snippet-hidden\"><span class=\"fn\"><a href=\"https:\/\/www.hermann.rwth-aachen.de\/studentenwohnheim\/author\/felix-3\/\" title=\"Beitr\u00e4ge von Felix Kuhn\" rel=\"author\">Felix Kuhn<\/a><\/span><\/span><span class=\"updated rich-snippet-hidden\">2016-08-12T14:22:18+02:00<\/span><div class=\"panel-heading\"><h4 class=\"panel-title toggle\"><a data-toggle=\"collapse\" class=\"collapsed\" data-parent=\"#accordian-2\" data-target=\"#collapse-2-12214\" href=\"#collapse-2-12214\"><div class=\"fusion-toggle-icon-wrapper\"><div class=\"fusion-toggle-icon-wrapper-main\"><div class=\"fusion-toggle-icon-wrapper-sub\"><i class=\"fa-fusion-box\" aria-hidden=\"true\"><\/i><\/div><\/div><\/div><div class=\"fusion-toggle-heading\">Darf ich mein Zimmer untervermieten?<\/div><\/a><\/h4><\/div><div id=\"collapse-2-12214\" class=\"panel-collapse collapse\"><div class=\"panel-body toggle-content post-content\"><p>Wenn du f\u00fcr ein Semester im Praktikum oder Ausland bist und danach in Aachen weiterstudieren willst, kannst du dein Zimmer mit Zustimmung deiner Etagenmitbewohner auch untervermieten. <\/p>\n<\/div><\/div><\/div><div class=\"fusion-panel panel-default fusion-faq-post fusion-faq-post-12212 bewerbung \"><span class=\"entry-title rich-snippet-hidden\">Wie lange ist meine Bewerbung g\u00fcltig?<\/span><span class=\"vcard rich-snippet-hidden\"><span class=\"fn\"><a href=\"https:\/\/www.hermann.rwth-aachen.de\/studentenwohnheim\/author\/felix-3\/\" title=\"Beitr\u00e4ge von Felix Kuhn\" rel=\"author\">Felix Kuhn<\/a><\/span><\/span><span class=\"updated rich-snippet-hidden\">2016-04-30T11:44:03+02:00<\/span><div class=\"panel-heading\"><h4 class=\"panel-title toggle\"><a data-toggle=\"collapse\" class=\"collapsed\" data-parent=\"#accordian-2\" data-target=\"#collapse-2-12212\" href=\"#collapse-2-12212\"><div class=\"fusion-toggle-icon-wrapper\"><div class=\"fusion-toggle-icon-wrapper-main\"><div class=\"fusion-toggle-icon-wrapper-sub\"><i class=\"fa-fusion-box\" aria-hidden=\"true\"><\/i><\/div><\/div><\/div><div class=\"fusion-toggle-heading\">Wie lange ist meine Bewerbung g\u00fcltig?<\/div><\/a><\/h4><\/div><div id=\"collapse-2-12212\" class=\"panel-collapse collapse\"><div class=\"panel-body toggle-content post-content\"><p>Bewerbungen, die \u00e4lter als 6 Monate sind, sortieren wir aus dem Bewerbungsordner aus. Falls du noch weiterhin an einem Zimmer interessiert bist, schicke uns bitte erneut eine <a href=\"https:\/\/www.hermann.rwth-aachen.de\/studentenwohnheim\/bewerbung\/\">Bewerbung<\/a>.<\/p>\n<\/div><\/div><\/div><div class=\"fusion-panel panel-default fusion-faq-post fusion-faq-post-12210 bewerbung \"><span class=\"entry-title rich-snippet-hidden\">Muss ich irgendetwas zum Bewerberabend mitbringen?<\/span><span class=\"vcard rich-snippet-hidden\"><span class=\"fn\"><a href=\"https:\/\/www.hermann.rwth-aachen.de\/studentenwohnheim\/author\/felix-3\/\" title=\"Beitr\u00e4ge von Felix Kuhn\" rel=\"author\">Felix Kuhn<\/a><\/span><\/span><span class=\"updated rich-snippet-hidden\">2016-04-10T16:33:02+02:00<\/span><div class=\"panel-heading\"><h4 class=\"panel-title toggle\"><a data-toggle=\"collapse\" class=\"collapsed\" data-parent=\"#accordian-2\" data-target=\"#collapse-2-12210\" href=\"#collapse-2-12210\"><div class=\"fusion-toggle-icon-wrapper\"><div class=\"fusion-toggle-icon-wrapper-main\"><div class=\"fusion-toggle-icon-wrapper-sub\"><i class=\"fa-fusion-box\" aria-hidden=\"true\"><\/i><\/div><\/div><\/div><div class=\"fusion-toggle-heading\">Muss ich irgendetwas zum Bewerberabend mitbringen?<\/div><\/a><\/h4><\/div><div id=\"collapse-2-12210\" class=\"panel-collapse collapse\"><div class=\"panel-body toggle-content post-content\"><p>Nein, du brauchst nichts mitzubringen. Sei ganz du selbst, denn dich wollen wir schlie\u00dflich kennenlernen.<\/p>\n<\/div><\/div><\/div><div class=\"fusion-panel panel-default fusion-faq-post fusion-faq-post-12208 bewerbung \"><span class=\"entry-title rich-snippet-hidden\">Ich habe noch keine Studienbescheinigung bzw. Matrikelnummer. Was mache ich nun?<\/span><span class=\"vcard rich-snippet-hidden\"><span class=\"fn\"><a href=\"https:\/\/www.hermann.rwth-aachen.de\/studentenwohnheim\/author\/felix-3\/\" title=\"Beitr\u00e4ge von Felix Kuhn\" rel=\"author\">Felix Kuhn<\/a><\/span><\/span><span class=\"updated rich-snippet-hidden\">2016-08-11T16:59:08+02:00<\/span><div class=\"panel-heading\"><h4 class=\"panel-title toggle\"><a data-toggle=\"collapse\" class=\"collapsed\" data-parent=\"#accordian-2\" data-target=\"#collapse-2-12208\" href=\"#collapse-2-12208\"><div class=\"fusion-toggle-icon-wrapper\"><div class=\"fusion-toggle-icon-wrapper-main\"><div class=\"fusion-toggle-icon-wrapper-sub\"><i class=\"fa-fusion-box\" aria-hidden=\"true\"><\/i><\/div><\/div><\/div><div class=\"fusion-toggle-heading\">Ich habe noch keine Studienbescheinigung bzw. Matrikelnummer. Was mache ich nun?<\/div><\/a><\/h4><\/div><div id=\"collapse-2-12208\" class=\"panel-collapse collapse\"><div class=\"panel-body toggle-content post-content\"><p>Das ist kein Problem. Du kannst die Studienbescheinigung nachreichen, wenn du eine <a href=\"https:\/\/www.hermann.rwth-aachen.de\/studentenwohnheim\/bewerbung\/\">Bewerbung<\/a> geschrieben hast und bei uns im <a href=\"https:\/\/www.hermann.rwth-aachen.de\/studentenwohnheim\/\">Studentenwohnheim Hermannstra\u00dfe<\/a> eingezogen bist.<\/p>\n<\/div><\/div><\/div><div class=\"fusion-panel panel-default fusion-faq-post fusion-faq-post-12206 zimmer \"><span class=\"entry-title rich-snippet-hidden\">Wie gro\u00df sind die Zimmer?<\/span><span class=\"vcard rich-snippet-hidden\"><span class=\"fn\"><a href=\"https:\/\/www.hermann.rwth-aachen.de\/studentenwohnheim\/author\/felix-3\/\" title=\"Beitr\u00e4ge von Felix Kuhn\" rel=\"author\">Felix Kuhn<\/a><\/span><\/span><span class=\"updated rich-snippet-hidden\">2016-04-30T11:46:56+02:00<\/span><div class=\"panel-heading\"><h4 class=\"panel-title toggle\"><a data-toggle=\"collapse\" class=\"collapsed\" data-parent=\"#accordian-2\" data-target=\"#collapse-2-12206\" href=\"#collapse-2-12206\"><div class=\"fusion-toggle-icon-wrapper\"><div class=\"fusion-toggle-icon-wrapper-main\"><div class=\"fusion-toggle-icon-wrapper-sub\"><i class=\"fa-fusion-box\" aria-hidden=\"true\"><\/i><\/div><\/div><\/div><div class=\"fusion-toggle-heading\">Wie gro\u00df sind die Zimmer?<\/div><\/a><\/h4><\/div><div id=\"collapse-2-12206\" class=\"panel-collapse collapse\"><div class=\"panel-body toggle-content post-content\"><p>Auf unserer Website findest du alle Informationen zu unserem <a href=\"https:\/\/www.hermann.rwth-aachen.de\/studentenwohnheim\/wohnen\/\">Studentenwohnheim<\/a> und zu den <a href=\"https:\/\/www.hermann.rwth-aachen.de\/studentenwohnheim\/wohnen\/#zimmer\">Zimmern<\/a>.<\/p>\n<\/div><\/div><\/div><div class=\"fusion-panel panel-default fusion-faq-post fusion-faq-post-12204 bewerbung verwaltung \"><span class=\"entry-title rich-snippet-hidden\">Kann ich mich bei euch auch \u00fcber das Studierendenwerk Aachen bewerben?<\/span><span class=\"vcard rich-snippet-hidden\"><span class=\"fn\"><a href=\"https:\/\/www.hermann.rwth-aachen.de\/studentenwohnheim\/author\/felix-3\/\" title=\"Beitr\u00e4ge von Felix Kuhn\" rel=\"author\">Felix Kuhn<\/a><\/span><\/span><span class=\"updated rich-snippet-hidden\">2016-04-10T12:50:10+02:00<\/span><div class=\"panel-heading\"><h4 class=\"panel-title toggle\"><a data-toggle=\"collapse\" class=\"collapsed\" data-parent=\"#accordian-2\" data-target=\"#collapse-2-12204\" href=\"#collapse-2-12204\"><div class=\"fusion-toggle-icon-wrapper\"><div class=\"fusion-toggle-icon-wrapper-main\"><div class=\"fusion-toggle-icon-wrapper-sub\"><i class=\"fa-fusion-box\" aria-hidden=\"true\"><\/i><\/div><\/div><\/div><div class=\"fusion-toggle-heading\">Kann ich mich bei euch auch \u00fcber das Studierendenwerk Aachen bewerben?<\/div><\/a><\/h4><\/div><div id=\"collapse-2-12204\" class=\"panel-collapse collapse\"><div class=\"panel-body toggle-content post-content\"><p>Nein! Wir sind ein selbstverwaltetes Studentenwohnheim und suchen daher direkt die Mitbewohner aus. Das Studierendenwerk Aachen ist nicht Tr\u00e4ger unseres Studentenwohnheimes. Der Bewerbungsprozess ist daher komplett unabh\u00e4ngig.<\/p>\n<\/div><\/div><\/div><div class=\"fusion-panel panel-default fusion-faq-post fusion-faq-post-12202 bewerbung \"><span class=\"entry-title rich-snippet-hidden\">Wie lange ist aktuell die Wartezeit auf ein Zimmer?<\/span><span class=\"vcard rich-snippet-hidden\"><span class=\"fn\"><a href=\"https:\/\/www.hermann.rwth-aachen.de\/studentenwohnheim\/author\/felix-3\/\" title=\"Beitr\u00e4ge von Felix Kuhn\" rel=\"author\">Felix Kuhn<\/a><\/span><\/span><span class=\"updated rich-snippet-hidden\">2023-11-03T18:44:14+01:00<\/span><div class=\"panel-heading\"><h4 class=\"panel-title toggle\"><a data-toggle=\"collapse\" class=\"collapsed\" data-parent=\"#accordian-2\" data-target=\"#collapse-2-12202\" href=\"#collapse-2-12202\"><div class=\"fusion-toggle-icon-wrapper\"><div class=\"fusion-toggle-icon-wrapper-main\"><div class=\"fusion-toggle-icon-wrapper-sub\"><i class=\"fa-fusion-box\" aria-hidden=\"true\"><\/i><\/div><\/div><\/div><div class=\"fusion-toggle-heading\">Wie lange ist aktuell die Wartezeit auf ein Zimmer?<\/div><\/a><\/h4><\/div><div id=\"collapse-2-12202\" class=\"panel-collapse collapse\"><div class=\"panel-body toggle-content post-content\"><div class=\"fusion-fullwidth fullwidth-box fusion-builder-row-2-21 fusion-flex-container nonhundred-percent-fullwidth non-hundred-percent-height-scrolling\" style=\"background-color: #25292b;background-position: center center;background-repeat: no-repeat;border-width: 0px 0px 0px 0px;border-color:#25292b;border-style:solid;\" ><div class=\"fusion-builder-row fusion-row fusion-flex-align-items-flex-start\" style=\"width:104% !important;max-width:104% !important;margin-left: calc(-4% \/ 2 );margin-right: calc(-4% \/ 2 );\"><div class=\"fusion-layout-column fusion_builder_column fusion-builder-column-23 fusion_builder_column_1_1 1_1 fusion-flex-column\"><div class=\"fusion-column-wrapper fusion-flex-justify-content-flex-start fusion-content-layout-column\" style=\"background-position:left top;background-repeat:no-repeat;-webkit-background-size:cover;-moz-background-size:cover;-o-background-size:cover;background-size:cover;background-color:#ffffff;padding: 0px 0px 0px 0px;\"><div class=\"fusion-text fusion-text-22\"><p><span style=\"color: rgb(0, 0, 0);\">Das ist ganz von dir abh\u00e4ngig. Wir haben keine Warteliste, sondern suchen die Mitbewohner selber aus. Eine <\/span><a href=\"https:\/\/www.hermann.rwth-aachen.de\/studentenwohnheim\/bewerbung\/\" style=\"color: rgb(255, 0, 0);\">\u00fcberzeugende Bewerbung<\/a><span style=\"color: rgb(0, 0, 0);\"> ist daher umso wichtiger. Anders als bei den Wohnheimen vom Studierendenwerk Aachen kannst du bei uns mit einer \u00fcberzeugenden Bewerbung und etwas Gl\u00fcck auch noch sehr kurzfristig ein Zimmer bekommen.<\/span><\/p>\n<p><span style=\"color: rgb(0, 0, 0);\">Zur Startseite unseres Studentenwohnheims kommst du <\/span><a href=\"https:\/\/www.hermann.rwth-aachen.de\/studentenwohnheim\/\" style=\"color: rgb(237, 11, 0);\">hier<\/a><span style=\"color: rgb(0, 0, 0);\">.<\/span><\/p>\n<\/div><\/div><style type=\"text\/css\">.fusion-body .fusion-builder-column-23{width:100% !important;margin-top : 0px;margin-bottom : 0px;}.fusion-builder-column-23 > .fusion-column-wrapper {padding-top : 0px !important;padding-right : 0px !important;margin-right : 1.92%;padding-bottom : 0px !important;padding-left : 0px !important;margin-left : 1.92%;}@media only screen and (max-width:1024px) {.fusion-body .fusion-builder-column-23{width:100% !important;}.fusion-builder-column-23 > .fusion-column-wrapper {margin-right : 1.92%;margin-left : 1.92%;}}@media only screen and (max-width:640px) {.fusion-body .fusion-builder-column-23{width:100% !important;}.fusion-builder-column-23 > .fusion-column-wrapper {margin-right : 1.92%;margin-left : 1.92%;}}<\/style><\/div><\/div><style type=\"text\/css\">.fusion-body .fusion-flex-container.fusion-builder-row-2-21{ padding-top : 0px;margin-top : 0px;padding-right : 0px;padding-bottom : 0px;margin-bottom : 0px;padding-left : 0px;}<\/style><\/div>\n<\/div><\/div><\/div><div class=\"fusion-panel panel-default fusion-faq-post fusion-faq-post-12200 bewerbung \"><span class=\"entry-title rich-snippet-hidden\">Ich bin im Ausland und kann nicht zum Bewerberabend kommen. Was nun?<\/span><span class=\"vcard rich-snippet-hidden\"><span class=\"fn\"><a href=\"https:\/\/www.hermann.rwth-aachen.de\/studentenwohnheim\/author\/felix-3\/\" title=\"Beitr\u00e4ge von Felix Kuhn\" rel=\"author\">Felix Kuhn<\/a><\/span><\/span><span class=\"updated rich-snippet-hidden\">2023-11-03T18:45:06+01:00<\/span><div class=\"panel-heading\"><h4 class=\"panel-title toggle\"><a data-toggle=\"collapse\" class=\"collapsed\" data-parent=\"#accordian-2\" data-target=\"#collapse-2-12200\" href=\"#collapse-2-12200\"><div class=\"fusion-toggle-icon-wrapper\"><div class=\"fusion-toggle-icon-wrapper-main\"><div class=\"fusion-toggle-icon-wrapper-sub\"><i class=\"fa-fusion-box\" aria-hidden=\"true\"><\/i><\/div><\/div><\/div><div class=\"fusion-toggle-heading\">Ich bin im Ausland und kann nicht zum Bewerberabend kommen. Was nun?<\/div><\/a><\/h4><\/div><div id=\"collapse-2-12200\" class=\"panel-collapse collapse\"><div class=\"panel-body toggle-content post-content\"><div class=\"fusion-fullwidth fullwidth-box fusion-builder-row-2-22 fusion-flex-container nonhundred-percent-fullwidth non-hundred-percent-height-scrolling\" style=\"background-color: #25292b;background-position: center center;background-repeat: no-repeat;border-width: 0px 0px 0px 0px;border-color:#25292b;border-style:solid;\" ><div class=\"fusion-builder-row fusion-row fusion-flex-align-items-flex-start\" style=\"width:104% !important;max-width:104% !important;margin-left: calc(-4% \/ 2 );margin-right: calc(-4% \/ 2 );\"><div class=\"fusion-layout-column fusion_builder_column fusion-builder-column-24 fusion_builder_column_1_1 1_1 fusion-flex-column\"><div class=\"fusion-column-wrapper fusion-flex-justify-content-flex-start fusion-content-layout-column\" style=\"background-position:left top;background-repeat:no-repeat;-webkit-background-size:cover;-moz-background-size:cover;-o-background-size:cover;background-size:cover;background-color:#ffffff;padding: 0px 0px 0px 0px;\"><div class=\"fusion-text fusion-text-23\"><p style=\"color: rgb(255, 255, 255);\"><span style=\"color: rgb(0, 0, 0);\">Generell m<\/span><span style=\"color: rgb(0, 0, 0);\"><span style=\"color: rgb(0, 0, 0);\">\u00f6c<\/span>hten wir dich immer pers\u00f6nlich kennenlernen. Falls du von uns eingeladen wurdest und wirklich nicht kommen kannst, k\u00f6nnen wir nach individueller Absprache auch ein Zoom Gespr\u00e4ch mit dir und der Etage machen.<\/span><\/p>\n<\/div><\/div><style type=\"text\/css\">.fusion-body .fusion-builder-column-24{width:100% !important;margin-top : 0px;margin-bottom : 0px;}.fusion-builder-column-24 > .fusion-column-wrapper {padding-top : 0px !important;padding-right : 0px !important;margin-right : 1.92%;padding-bottom : 0px !important;padding-left : 0px !important;margin-left : 1.92%;}@media only screen and (max-width:1024px) {.fusion-body .fusion-builder-column-24{width:100% !important;}.fusion-builder-column-24 > .fusion-column-wrapper {margin-right : 1.92%;margin-left : 1.92%;}}@media only screen and (max-width:640px) {.fusion-body .fusion-builder-column-24{width:100% !important;}.fusion-builder-column-24 > .fusion-column-wrapper {margin-right : 1.92%;margin-left : 1.92%;}}<\/style><\/div><\/div><style type=\"text\/css\">.fusion-body .fusion-flex-container.fusion-builder-row-2-22{ padding-top : 0px;margin-top : 0px;padding-right : 0px;padding-bottom : 0px;margin-bottom : 0px;padding-left : 0px;}<\/style><\/div>\n<\/div><\/div><\/div><div class=\"fusion-panel panel-default fusion-faq-post fusion-faq-post-12198 bewerbung \"><span class=\"entry-title rich-snippet-hidden\">Nach welchen Kriterien entscheidet ihr, wer das Zimmer bekommt?<\/span><span class=\"vcard rich-snippet-hidden\"><span class=\"fn\"><a href=\"https:\/\/www.hermann.rwth-aachen.de\/studentenwohnheim\/author\/felix-3\/\" title=\"Beitr\u00e4ge von Felix Kuhn\" rel=\"author\">Felix Kuhn<\/a><\/span><\/span><span class=\"updated rich-snippet-hidden\">2016-04-10T12:46:08+02:00<\/span><div class=\"panel-heading\"><h4 class=\"panel-title toggle\"><a data-toggle=\"collapse\" class=\"collapsed\" data-parent=\"#accordian-2\" data-target=\"#collapse-2-12198\" href=\"#collapse-2-12198\"><div class=\"fusion-toggle-icon-wrapper\"><div class=\"fusion-toggle-icon-wrapper-main\"><div class=\"fusion-toggle-icon-wrapper-sub\"><i class=\"fa-fusion-box\" aria-hidden=\"true\"><\/i><\/div><\/div><\/div><div class=\"fusion-toggle-heading\">Nach welchen Kriterien entscheidet ihr, wer das Zimmer bekommt?<\/div><\/a><\/h4><\/div><div id=\"collapse-2-12198\" class=\"panel-collapse collapse\"><div class=\"panel-body toggle-content post-content\"><p>Am wichtigsten ist, dass du uns symphatisch bist und auf die Etage passt. Des Weiteren achten wir u.a. auf ein ausgeglichenes Geschlechterverh\u00e4ltnis.<\/p>\n<\/div><\/div><\/div><div class=\"fusion-panel panel-default fusion-faq-post fusion-faq-post-12196 zimmer \"><span class=\"entry-title rich-snippet-hidden\">Gibt es im Wohnheim auch Doppelzimmer?<\/span><span class=\"vcard rich-snippet-hidden\"><span class=\"fn\"><a href=\"https:\/\/www.hermann.rwth-aachen.de\/studentenwohnheim\/author\/felix-3\/\" title=\"Beitr\u00e4ge von Felix Kuhn\" rel=\"author\">Felix Kuhn<\/a><\/span><\/span><span class=\"updated rich-snippet-hidden\">2016-04-26T09:10:35+02:00<\/span><div class=\"panel-heading\"><h4 class=\"panel-title toggle\"><a data-toggle=\"collapse\" class=\"collapsed\" data-parent=\"#accordian-2\" data-target=\"#collapse-2-12196\" href=\"#collapse-2-12196\"><div class=\"fusion-toggle-icon-wrapper\"><div class=\"fusion-toggle-icon-wrapper-main\"><div class=\"fusion-toggle-icon-wrapper-sub\"><i class=\"fa-fusion-box\" aria-hidden=\"true\"><\/i><\/div><\/div><\/div><div class=\"fusion-toggle-heading\">Gibt es im Wohnheim auch Doppelzimmer?<\/div><\/a><\/h4><\/div><div id=\"collapse-2-12196\" class=\"panel-collapse collapse\"><div class=\"panel-body toggle-content post-content\"><p>Jein! Wir haben Appartements, die f\u00fcr zwei Personen konzipiert sind und nur &#8222;als Ganzes&#8220; vermietet werden.<br \/>\nKlassische Doppelzimmer, in denen du mit einer fremden Person wohnst, haben wir nicht.<br \/>\nFalls du mit deinem Freund\/ deiner Freundin bei uns einziehen willst, f\u00fcllt bitte beide das Bewerbungsformular aus, schreibt jeder eine Bewerbung und sendet sie gemeinsam an die Bewerbungsadresse.<\/p>\n<p>Weitere Informationen zu den Appartements findest du <a href=\"https:\/\/www.hermann.rwth-aachen.de\/studentenwohnheim\/wohnen\/#zimmer\">HIER<\/a>.<\/p>\n<\/div><\/div><\/div><div class=\"fusion-panel panel-default fusion-faq-post fusion-faq-post-12194 zimmer \"><span class=\"entry-title rich-snippet-hidden\">Hat jedes Zimmer ein eigenes Badezimmer?<\/span><span class=\"vcard rich-snippet-hidden\"><span class=\"fn\"><a href=\"https:\/\/www.hermann.rwth-aachen.de\/studentenwohnheim\/author\/felix-3\/\" title=\"Beitr\u00e4ge von Felix Kuhn\" rel=\"author\">Felix Kuhn<\/a><\/span><\/span><span class=\"updated rich-snippet-hidden\">2023-11-03T18:48:26+01:00<\/span><div class=\"panel-heading\"><h4 class=\"panel-title toggle\"><a data-toggle=\"collapse\" class=\"collapsed\" data-parent=\"#accordian-2\" data-target=\"#collapse-2-12194\" href=\"#collapse-2-12194\"><div class=\"fusion-toggle-icon-wrapper\"><div class=\"fusion-toggle-icon-wrapper-main\"><div class=\"fusion-toggle-icon-wrapper-sub\"><i class=\"fa-fusion-box\" aria-hidden=\"true\"><\/i><\/div><\/div><\/div><div class=\"fusion-toggle-heading\">Hat jedes Zimmer ein eigenes Badezimmer?<\/div><\/a><\/h4><\/div><div id=\"collapse-2-12194\" class=\"panel-collapse collapse\"><div class=\"panel-body toggle-content post-content\"><div class=\"fusion-fullwidth fullwidth-box fusion-builder-row-2-23 fusion-flex-container nonhundred-percent-fullwidth non-hundred-percent-height-scrolling\" style=\"background-color: #25292b;background-position: center center;background-repeat: no-repeat;border-width: 0px 0px 0px 0px;border-color:#25292b;border-style:solid;\" ><div class=\"fusion-builder-row fusion-row fusion-flex-align-items-flex-start\" style=\"width:104% !important;max-width:104% !important;margin-left: calc(-4% \/ 2 );margin-right: calc(-4% \/ 2 );\"><div class=\"fusion-layout-column fusion_builder_column fusion-builder-column-25 fusion_builder_column_1_1 1_1 fusion-flex-column\"><div class=\"fusion-column-wrapper fusion-flex-justify-content-flex-start fusion-content-layout-column\" style=\"background-position:left top;background-repeat:no-repeat;-webkit-background-size:cover;-moz-background-size:cover;-o-background-size:cover;background-size:cover;background-color:#ffffff;padding: 0px 0px 0px 0px;\"><div class=\"fusion-text fusion-text-24\"><p><span style=\"color: rgb(0, 0, 0);\">Die Mehrzahl der<\/span> <a href=\"https:\/\/www.hermann.rwth-aachen.de\/studentenwohnheim\/wohnen\/#zimmer\">Zimmer<\/a> <span style=\"color: rgb(0, 0, 0);\">ist mit WC, Waschbecken und Dusche ausgestattet. Die Zimmer im Altbau haben alle ein eigenes Waschbecken, die drei WC&#8217;s und Duschen werden von 13 Bewohnern zusammen genutzt.<\/span><\/p>\n<\/div><\/div><style type=\"text\/css\">.fusion-body .fusion-builder-column-25{width:100% !important;margin-top : 0px;margin-bottom : 0px;}.fusion-builder-column-25 > .fusion-column-wrapper {padding-top : 0px !important;padding-right : 0px !important;margin-right : 1.92%;padding-bottom : 0px !important;padding-left : 0px !important;margin-left : 1.92%;}@media only screen and (max-width:1024px) {.fusion-body .fusion-builder-column-25{width:100% !important;}.fusion-builder-column-25 > .fusion-column-wrapper {margin-right : 1.92%;margin-left : 1.92%;}}@media only screen and (max-width:640px) {.fusion-body .fusion-builder-column-25{width:100% !important;}.fusion-builder-column-25 > .fusion-column-wrapper {margin-right : 1.92%;margin-left : 1.92%;}}<\/style><\/div><\/div><style type=\"text\/css\">.fusion-body .fusion-flex-container.fusion-builder-row-2-23{ padding-top : 0px;margin-top : 0px;padding-right : 0px;padding-bottom : 0px;margin-bottom : 0px;padding-left : 0px;}<\/style><\/div>\n<\/div><\/div><\/div><div class=\"fusion-panel panel-default fusion-faq-post fusion-faq-post-12192 bewerbung zimmer \"><span class=\"entry-title rich-snippet-hidden\">Habe ich Einfluss auf die Zimmergr\u00f6\u00dfe?<\/span><span class=\"vcard rich-snippet-hidden\"><span class=\"fn\"><a href=\"https:\/\/www.hermann.rwth-aachen.de\/studentenwohnheim\/author\/felix-3\/\" title=\"Beitr\u00e4ge von Felix Kuhn\" rel=\"author\">Felix Kuhn<\/a><\/span><\/span><span class=\"updated rich-snippet-hidden\">2023-11-03T18:49:44+01:00<\/span><div class=\"panel-heading\"><h4 class=\"panel-title toggle\"><a data-toggle=\"collapse\" class=\"collapsed\" data-parent=\"#accordian-2\" data-target=\"#collapse-2-12192\" href=\"#collapse-2-12192\"><div class=\"fusion-toggle-icon-wrapper\"><div class=\"fusion-toggle-icon-wrapper-main\"><div class=\"fusion-toggle-icon-wrapper-sub\"><i class=\"fa-fusion-box\" aria-hidden=\"true\"><\/i><\/div><\/div><\/div><div class=\"fusion-toggle-heading\">Habe ich Einfluss auf die Zimmergr\u00f6\u00dfe?<\/div><\/a><\/h4><\/div><div id=\"collapse-2-12192\" class=\"panel-collapse collapse\"><div class=\"panel-body toggle-content post-content\"><div class=\"fusion-fullwidth fullwidth-box fusion-builder-row-2-24 fusion-flex-container nonhundred-percent-fullwidth non-hundred-percent-height-scrolling\" style=\"background-color: #25292b;background-position: center center;background-repeat: no-repeat;border-width: 0px 0px 0px 0px;border-color:#25292b;border-style:solid;\" ><div class=\"fusion-builder-row fusion-row fusion-flex-align-items-flex-start\" style=\"width:104% !important;max-width:104% !important;margin-left: calc(-4% \/ 2 );margin-right: calc(-4% \/ 2 );\"><div class=\"fusion-layout-column fusion_builder_column fusion-builder-column-26 fusion_builder_column_1_1 1_1 fusion-flex-column\"><div class=\"fusion-column-wrapper fusion-flex-justify-content-flex-start fusion-content-layout-column\" style=\"background-position:left top;background-repeat:no-repeat;-webkit-background-size:cover;-moz-background-size:cover;-o-background-size:cover;background-size:cover;background-color:#ffffff;padding: 0px 0px 0px 0px;\"><div class=\"fusion-text fusion-text-25\"><p><span style=\"color: rgb(0, 0, 0);\">Du hast keinen Einfluss<\/span> <span style=\"color: rgb(0, 0, 0);\">auf die Zimmergr\u00f6\u00dfe. Bei der Bewerbung wird nur zwischen Einzelzimmer und Appartement unterschieden.<\/span><\/p>\n<\/div><\/div><style type=\"text\/css\">.fusion-body .fusion-builder-column-26{width:100% !important;margin-top : 0px;margin-bottom : 0px;}.fusion-builder-column-26 > .fusion-column-wrapper {padding-top : 0px !important;padding-right : 0px !important;margin-right : 1.92%;padding-bottom : 0px !important;padding-left : 0px !important;margin-left : 1.92%;}@media only screen and (max-width:1024px) {.fusion-body .fusion-builder-column-26{width:100% !important;}.fusion-builder-column-26 > .fusion-column-wrapper {margin-right : 1.92%;margin-left : 1.92%;}}@media only screen and (max-width:640px) {.fusion-body .fusion-builder-column-26{width:100% !important;}.fusion-builder-column-26 > .fusion-column-wrapper {margin-right : 1.92%;margin-left : 1.92%;}}<\/style><\/div><\/div><style type=\"text\/css\">.fusion-body .fusion-flex-container.fusion-builder-row-2-24{ padding-top : 0px;margin-top : 0px;padding-right : 0px;padding-bottom : 0px;margin-bottom : 0px;padding-left : 0px;}<\/style><\/div>\n<\/div><\/div><\/div><div class=\"fusion-panel panel-default fusion-faq-post fusion-faq-post-12190 zimmer \"><span class=\"entry-title rich-snippet-hidden\">Werden die Zimmer m\u00f6bliert vermietet?<\/span><span class=\"vcard rich-snippet-hidden\"><span class=\"fn\"><a href=\"https:\/\/www.hermann.rwth-aachen.de\/studentenwohnheim\/author\/felix-3\/\" title=\"Beitr\u00e4ge von Felix Kuhn\" rel=\"author\">Felix Kuhn<\/a><\/span><\/span><span class=\"updated rich-snippet-hidden\">2017-06-09T16:14:40+02:00<\/span><div class=\"panel-heading\"><h4 class=\"panel-title toggle\"><a data-toggle=\"collapse\" class=\"collapsed\" data-parent=\"#accordian-2\" data-target=\"#collapse-2-12190\" href=\"#collapse-2-12190\"><div class=\"fusion-toggle-icon-wrapper\"><div class=\"fusion-toggle-icon-wrapper-main\"><div class=\"fusion-toggle-icon-wrapper-sub\"><i class=\"fa-fusion-box\" aria-hidden=\"true\"><\/i><\/div><\/div><\/div><div class=\"fusion-toggle-heading\">Werden die Zimmer m\u00f6bliert vermietet?<\/div><\/a><\/h4><\/div><div id=\"collapse-2-12190\" class=\"panel-collapse collapse\"><div class=\"panel-body toggle-content post-content\"><p>Ja, du bekommst ein Bett (90cm x 200cm) mit einem Lattenrost, eine Matratze sowie einen Schreibtisch kostenlos zur Verf\u00fcgung gestellt. Ein Kleiderschrank ist nicht in jedem Zimmer vorhanden. Falls du eigene M\u00f6bel mitbringen solltest, kannst du alles bis auf den Kleiderschrank aus deinem Zimmer r\u00e4umen.<\/p>\n<\/div><\/div><\/div><div class=\"fusion-panel panel-default fusion-faq-post fusion-faq-post-12188 verwaltung \"><span class=\"entry-title rich-snippet-hidden\">Wer ist der Tr\u00e4ger eures Studentenwohnheimes?<\/span><span class=\"vcard rich-snippet-hidden\"><span class=\"fn\"><a href=\"https:\/\/www.hermann.rwth-aachen.de\/studentenwohnheim\/author\/felix-3\/\" title=\"Beitr\u00e4ge von Felix Kuhn\" rel=\"author\">Felix Kuhn<\/a><\/span><\/span><span class=\"updated rich-snippet-hidden\">2016-08-31T00:24:25+02:00<\/span><div class=\"panel-heading\"><h4 class=\"panel-title toggle\"><a data-toggle=\"collapse\" class=\"collapsed\" data-parent=\"#accordian-2\" data-target=\"#collapse-2-12188\" href=\"#collapse-2-12188\"><div class=\"fusion-toggle-icon-wrapper\"><div class=\"fusion-toggle-icon-wrapper-main\"><div class=\"fusion-toggle-icon-wrapper-sub\"><i class=\"fa-fusion-box\" aria-hidden=\"true\"><\/i><\/div><\/div><\/div><div class=\"fusion-toggle-heading\">Wer ist der Tr\u00e4ger eures Studentenwohnheimes?<\/div><\/a><\/h4><\/div><div id=\"collapse-2-12188\" class=\"panel-collapse collapse\"><div class=\"panel-body toggle-content post-content\"><p>Der Tr\u00e4ger des Wohnheims ist das <a href=\"http:\/\/www.khg-aachen.de\/?tag=faq\" target=\"_blank\">Studentenwerk der Katholischen Hochschulgemeinde Aachen e.V.<\/a>. <\/p>\n<\/div><\/div><\/div><div class=\"fusion-panel panel-default fusion-faq-post fusion-faq-post-12168 allgemeines bewerbung zimmer \"><span class=\"entry-title rich-snippet-hidden\">Habt ihr gerade ein freies Zimmer?<\/span><span class=\"vcard rich-snippet-hidden\"><span class=\"fn\"><a href=\"https:\/\/www.hermann.rwth-aachen.de\/studentenwohnheim\/author\/felix-3\/\" title=\"Beitr\u00e4ge von Felix Kuhn\" rel=\"author\">Felix Kuhn<\/a><\/span><\/span><span class=\"updated rich-snippet-hidden\">2023-11-03T18:50:22+01:00<\/span><div class=\"panel-heading\"><h4 class=\"panel-title toggle\"><a data-toggle=\"collapse\" class=\"collapsed\" data-parent=\"#accordian-2\" data-target=\"#collapse-2-12168\" href=\"#collapse-2-12168\"><div class=\"fusion-toggle-icon-wrapper\"><div class=\"fusion-toggle-icon-wrapper-main\"><div class=\"fusion-toggle-icon-wrapper-sub\"><i class=\"fa-fusion-box\" aria-hidden=\"true\"><\/i><\/div><\/div><\/div><div class=\"fusion-toggle-heading\">Habt ihr gerade ein freies Zimmer?<\/div><\/a><\/h4><\/div><div id=\"collapse-2-12168\" class=\"panel-collapse collapse\"><div class=\"panel-body toggle-content post-content\"><div class=\"fusion-fullwidth fullwidth-box fusion-builder-row-2-25 fusion-flex-container nonhundred-percent-fullwidth non-hundred-percent-height-scrolling\" style=\"background-color: #25292b;background-position: center center;background-repeat: no-repeat;border-width: 0px 0px 0px 0px;border-color:#25292b;border-style:solid;\" ><div class=\"fusion-builder-row fusion-row fusion-flex-align-items-flex-start\" style=\"width:104% !important;max-width:104% !important;margin-left: calc(-4% \/ 2 );margin-right: calc(-4% \/ 2 );\"><div class=\"fusion-layout-column fusion_builder_column fusion-builder-column-27 fusion_builder_column_1_1 1_1 fusion-flex-column\"><div class=\"fusion-column-wrapper fusion-flex-justify-content-flex-start fusion-content-layout-column\" style=\"background-position:left top;background-repeat:no-repeat;-webkit-background-size:cover;-moz-background-size:cover;-o-background-size:cover;background-size:cover;background-color:#ffffff;padding: 0px 0px 0px 0px;\"><div class=\"fusion-text fusion-text-26\"><p style=\"color: rgb(0, 0, 0);\">Bei uns werden regelm\u00e4\u00dfig Zimmer frei. Eine Bewerbung lohnt sich daher ganzj\u00e4hrig.<\/p>\n<\/div><\/div><style type=\"text\/css\">.fusion-body .fusion-builder-column-27{width:100% !important;margin-top : 0px;margin-bottom : 0px;}.fusion-builder-column-27 > .fusion-column-wrapper {padding-top : 0px !important;padding-right : 0px !important;margin-right : 1.92%;padding-bottom : 0px !important;padding-left : 0px !important;margin-left : 1.92%;}@media only screen and (max-width:1024px) {.fusion-body .fusion-builder-column-27{width:100% !important;}.fusion-builder-column-27 > .fusion-column-wrapper {margin-right : 1.92%;margin-left : 1.92%;}}@media only screen and (max-width:640px) {.fusion-body .fusion-builder-column-27{width:100% !important;}.fusion-builder-column-27 > .fusion-column-wrapper {margin-right : 1.92%;margin-left : 1.92%;}}<\/style><\/div><\/div><style type=\"text\/css\">.fusion-body .fusion-flex-container.fusion-builder-row-2-25{ padding-top : 0px;margin-top : 0px;padding-right : 0px;padding-bottom : 0px;margin-bottom : 0px;padding-left : 0px;}<\/style><\/div>\n<\/div><\/div><\/div><div class=\"fusion-panel panel-default fusion-faq-post fusion-faq-post-12874 allgemeines zimmer \"><span class=\"entry-title rich-snippet-hidden\">D\u00fcrfen auch Familien mit Kind in euren Appartements wohnen?<\/span><span class=\"vcard rich-snippet-hidden\"><span class=\"fn\"><a href=\"https:\/\/www.hermann.rwth-aachen.de\/studentenwohnheim\/author\/felix-3\/\" title=\"Beitr\u00e4ge von Felix Kuhn\" rel=\"author\">Felix Kuhn<\/a><\/span><\/span><span class=\"updated rich-snippet-hidden\">2016-08-16T12:27:34+02:00<\/span><div class=\"panel-heading\"><h4 class=\"panel-title toggle\"><a data-toggle=\"collapse\" class=\"collapsed\" data-parent=\"#accordian-2\" data-target=\"#collapse-2-12874\" href=\"#collapse-2-12874\"><div class=\"fusion-toggle-icon-wrapper\"><div class=\"fusion-toggle-icon-wrapper-main\"><div class=\"fusion-toggle-icon-wrapper-sub\"><i class=\"fa-fusion-box\" aria-hidden=\"true\"><\/i><\/div><\/div><\/div><div class=\"fusion-toggle-heading\">D\u00fcrfen auch Familien mit Kind in euren Appartements wohnen?<\/div><\/a><\/h4><\/div><div id=\"collapse-2-12874\" class=\"panel-collapse collapse\"><div class=\"panel-body toggle-content post-content\"><p>Das Studentenwerk der KHG bietet auch Studierenden mit Kind eine M\u00f6glichkeit in einem Wohnheim zu wohnen.<br \/>\nSpeziell f\u00fcr Familien mit Kind bietet die KHG im <a href=\"https:\/\/www.studentenwerk-khg-aachen.de\/de\/wohnen\/neupforte\/?tag=faq\">KHG Wohnheim Neupforte <\/a>Wohnraum f\u00fcr studentische Familien an.<br \/>\nDie Neupforte ist eine kleine verkehrsberuhigte Stra\u00dfe in Aachens Altstadt. Im Innenhof des Wohnheims gibt es einen gro\u00dfen Sandkasten und verschiedene Spielm\u00f6glichkeiten f\u00fcr Kinder. Auch ein Gem\u00fcsebeet wurde von den Bewohnern angelegt und jedes Jahr gemeinsam bestellt.<\/p>\n<\/div><\/div><\/div><div class=\"fusion-panel panel-default fusion-faq-post fusion-faq-post-12747 bewerbung \"><span class=\"entry-title rich-snippet-hidden\">Wo finde ich die Heimordnung und Heimsatzung?<\/span><span class=\"vcard rich-snippet-hidden\"><span class=\"fn\"><a href=\"https:\/\/www.hermann.rwth-aachen.de\/studentenwohnheim\/author\/felix-3\/\" title=\"Beitr\u00e4ge von Felix Kuhn\" rel=\"author\">Felix Kuhn<\/a><\/span><\/span><span class=\"updated rich-snippet-hidden\">2016-06-16T12:56:07+02:00<\/span><div class=\"panel-heading\"><h4 class=\"panel-title toggle\"><a data-toggle=\"collapse\" class=\"collapsed\" data-parent=\"#accordian-2\" data-target=\"#collapse-2-12747\" href=\"#collapse-2-12747\"><div class=\"fusion-toggle-icon-wrapper\"><div class=\"fusion-toggle-icon-wrapper-main\"><div class=\"fusion-toggle-icon-wrapper-sub\"><i class=\"fa-fusion-box\" aria-hidden=\"true\"><\/i><\/div><\/div><\/div><div class=\"fusion-toggle-heading\">Wo finde ich die Heimordnung und Heimsatzung?<\/div><\/a><\/h4><\/div><div id=\"collapse-2-12747\" class=\"panel-collapse collapse\"><div class=\"panel-body toggle-content post-content\"><p>Die Heimordnung und Heimsatzung bekommst du von uns ausgeh\u00e4ndigt, bevor du deinen Vertrag unterschreibst.<br \/>\nF\u00fcr die Bewerbung sind die beiden Dokumente erst einmal nicht relevant.<\/p>\n<\/div><\/div><\/div><div class=\"fusion-panel panel-default fusion-faq-post fusion-faq-post-12743 bewerbung \"><span class=\"entry-title rich-snippet-hidden\">An wen soll ich die Bewerbung adressieren?<\/span><span class=\"vcard rich-snippet-hidden\"><span class=\"fn\"><a href=\"https:\/\/www.hermann.rwth-aachen.de\/studentenwohnheim\/author\/felix-3\/\" title=\"Beitr\u00e4ge von Felix Kuhn\" rel=\"author\">Felix Kuhn<\/a><\/span><\/span><span class=\"updated rich-snippet-hidden\">2020-04-16T22:03:33+02:00<\/span><div class=\"panel-heading\"><h4 class=\"panel-title toggle\"><a data-toggle=\"collapse\" class=\"collapsed\" data-parent=\"#accordian-2\" data-target=\"#collapse-2-12743\" href=\"#collapse-2-12743\"><div class=\"fusion-toggle-icon-wrapper\"><div class=\"fusion-toggle-icon-wrapper-main\"><div class=\"fusion-toggle-icon-wrapper-sub\"><i class=\"fa-fusion-box\" aria-hidden=\"true\"><\/i><\/div><\/div><\/div><div class=\"fusion-toggle-heading\">An wen soll ich die Bewerbung adressieren?<\/div><\/a><\/h4><\/div><div id=\"collapse-2-12743\" class=\"panel-collapse collapse\"><div class=\"panel-body toggle-content post-content\"><div class=\"fusion-fullwidth fullwidth-box fusion-builder-row-2-26 nonhundred-percent-fullwidth non-hundred-percent-height-scrolling\" style=\"background-color: #ffffff;background-position: center center;background-repeat: no-repeat;padding-top:0px;padding-right:0px;padding-bottom:0px;padding-left:0px;margin-bottom: 0px;margin-top: 0px;border-width: 0px 0px 0px 0px;border-color:#25292b;border-style:solid;\" ><div class=\"fusion-builder-row fusion-row\"><div class=\"fusion-layout-column fusion_builder_column fusion-builder-column-28 fusion_builder_column_1_1 1_1 fusion-one-full fusion-column-first fusion-column-last\" style=\"margin-top:0px;margin-bottom:0px;\"><div class=\"fusion-column-wrapper fusion-flex-column-wrapper-legacy\" style=\"background-position:left top;background-repeat:no-repeat;-webkit-background-size:cover;-moz-background-size:cover;-o-background-size:cover;background-size:cover;padding: 0px 0px 0px 0px;\"><div class=\"fusion-text fusion-text-27\"><p>Wir akzeptieren Bewerbungen, die \u00fcber unser <a href=\"https:\/\/www.studentenwerk-khg-aachen.de\/de\/wohnen\/hermannstrae-\/wohnungsantrag\/\" target=\"_blank\" rel=\"noopener noreferrer\">Bewerbungsformular<\/a> abgeschickt werden. Du kannst uns in der Bewerbung nat\u00fcrlich dutzen. Wir &#8211; das sind die Bewohner der Hermannstra\u00dfe.<\/p>\n<\/div><div class=\"fusion-clearfix\"><\/div><\/div><\/div><\/div><\/div>\n<\/div><\/div><\/div><\/div><\/div><\/div><\/div><div class=\"fusion-clearfix\"><\/div><\/div><\/div><\/div><\/div><\/p>\n","protected":false},"excerpt":{"rendered":"","protected":false},"author":2,"featured_media":0,"parent":0,"menu_order":0,"comment_status":"closed","ping_status":"closed","template":"","meta":{"footnotes":""},"_links":{"self":[{"href":"https:\/\/www.hermann.rwth-aachen.de\/studentenwohnheim\/wp-json\/wp\/v2\/pages\/13294"}],"collection":[{"href":"https:\/\/www.hermann.rwth-aachen.de\/studentenwohnheim\/wp-json\/wp\/v2\/pages"}],"about":[{"href":"https:\/\/www.hermann.rwth-aachen.de\/studentenwohnheim\/wp-json\/wp\/v2\/types\/page"}],"author":[{"embeddable":true,"href":"https:\/\/www.hermann.rwth-aachen.de\/studentenwohnheim\/wp-json\/wp\/v2\/users\/2"}],"replies":[{"embeddable":true,"href":"https:\/\/www.hermann.rwth-aachen.de\/studentenwohnheim\/wp-json\/wp\/v2\/comments?post=13294"}],"version-history":[{"count":18,"href":"https:\/\/www.hermann.rwth-aachen.de\/studentenwohnheim\/wp-json\/wp\/v2\/pages\/13294\/revisions"}],"predecessor-version":[{"id":13878,"href":"https:\/\/www.hermann.rwth-aachen.de\/studentenwohnheim\/wp-json\/wp\/v2\/pages\/13294\/revisions\/13878"}],"wp:attachment":[{"href":"https:\/\/www.hermann.rwth-aachen.de\/studentenwohnheim\/wp-json\/wp\/v2\/media?parent=13294"}],"curies":[{"name":"wp","href":"https:\/\/api.w.org\/{rel}","templated":true}]}}